{"id":456,"date":"2021-06-15T10:15:20","date_gmt":"2021-06-15T10:15:20","guid":{"rendered":"https:\/\/fromjoyasso.org\/?page_id=456"},"modified":"2026-04-15T17:07:49","modified_gmt":"2026-04-15T16:07:49","slug":"evenements","status":"publish","type":"page","link":"https:\/\/fromjoyasso.org\/en\/evenements\/","title":{"rendered":"\u00c9V\u00c8NEMENTS"},"content":{"rendered":"<p>[et_pb_section fb_built=\u00a0\u00bb1&Prime; _builder_version=\u00a0\u00bb4.16&Prime; _module_preset=\u00a0\u00bbdefault\u00a0\u00bb background_color=\u00a0\u00bb#1766A8&Prime; min_height=\u00a0\u00bb116px\u00a0\u00bb global_colors_info=\u00a0\u00bb{}\u00a0\u00bb][et_pb_row column_structure=\u00a0\u00bb1_4,1_4,1_4,1_4&Prime; _builder_version=\u00a0\u00bb4.16&Prime; _module_preset=\u00a0\u00bbdefault\u00a0\u00bb width=\u00a0\u00bb100%\u00a0\u00bb max_width=\u00a0\u00bb1312px\u00a0\u00bb module_alignment=\u00a0\u00bbcenter\u00a0\u00bb custom_margin=\u00a0\u00bb||||false|false\u00a0\u00bb custom_padding=\u00a0\u00bb|20px||20px|false|false\u00a0\u00bb border_width_all=\u00a0\u00bb1px\u00a0\u00bb border_color_all=\u00a0\u00bb#1766A8&Prime; global_colors_info=\u00a0\u00bb{}\u00a0\u00bb][et_pb_column type=\u00a0\u00bb1_4&Prime; _builder_version=\u00a0\u00bb4.16&Prime; _module_preset=\u00a0\u00bbdefault\u00a0\u00bb global_colors_info=\u00a0\u00bb{}\u00a0\u00bb][et_pb_text module_id=\u00a0\u00bbmonancre1&Prime; _builder_version=\u00a0\u00bb4.21.2&Prime; _module_preset=\u00a0\u00bbdefault\u00a0\u00bb text_font=\u00a0\u00bbMontserrat|800||on|||||\u00a0\u00bb text_text_color=\u00a0\u00bb#1766A8&Prime; text_font_size=\u00a0\u00bb25px\u00a0\u00bb text_orientation=\u00a0\u00bbcenter\u00a0\u00bb text_text_shadow_style=\u00a0\u00bbpreset1&Prime; global_colors_info=\u00a0\u00bb{}\u00a0\u00bb]<\/p>\n<p style=\"text-align: center;\"><span style=\"color: #ffffff;\"><a href=\"#formations\" style=\"color: #ffffff;\">Les Formations<\/a><\/span><\/p>\n<p>[\/et_pb_text][\/et_pb_column][et_pb_column type=\u00a0\u00bb1_4&Prime; _builder_version=\u00a0\u00bb4.16&Prime; _module_preset=\u00a0\u00bbdefault\u00a0\u00bb global_colors_info=\u00a0\u00bb{}\u00a0\u00bb][et_pb_text module_id=\u00a0\u00bbmonancre1&Prime; _builder_version=\u00a0\u00bb4.21.2&Prime; _module_preset=\u00a0\u00bbdefault\u00a0\u00bb text_font=\u00a0\u00bbMontserrat|800||on|||||\u00a0\u00bb text_text_color=\u00a0\u00bb#1766A8&Prime; text_font_size=\u00a0\u00bb25px\u00a0\u00bb text_text_shadow_style=\u00a0\u00bbpreset1&Prime; global_colors_info=\u00a0\u00bb{}\u00a0\u00bb]<\/p>\n<p style=\"text-align: center;\"><span style=\"color: #ffffff;\"><a href=\"#pratique\" style=\"color: #ffffff;\">Les Rendez-vous de Pratique<\/a><\/span><\/p>\n<p>[\/et_pb_text][\/et_pb_column][et_pb_column type=\u00a0\u00bb1_4&Prime; _builder_version=\u00a0\u00bb4.16&Prime; _module_preset=\u00a0\u00bbdefault\u00a0\u00bb global_colors_info=\u00a0\u00bb{}\u00a0\u00bb][et_pb_text module_id=\u00a0\u00bbmonancre1&Prime; _builder_version=\u00a0\u00bb4.16&Prime; _module_preset=\u00a0\u00bbdefault\u00a0\u00bb text_font=\u00a0\u00bbMontserrat|800||on|||||\u00a0\u00bb text_text_color=\u00a0\u00bb#1766A8&Prime; text_font_size=\u00a0\u00bb25px\u00a0\u00bb text_text_shadow_style=\u00a0\u00bbpreset1&Prime; global_colors_info=\u00a0\u00bb{}\u00a0\u00bb]<\/p>\n<p style=\"text-align: center;\"><span style=\"color: #ffffff;\"><a href=\"#monancre3\" style=\"color: #ffffff;\">Les R\u00e9unions de\u00a0B\u00e9n\u00e9voles<\/a><\/span><\/p>\n<p>[\/et_pb_text][\/et_pb_column][et_pb_column type=\u00a0\u00bb1_4&Prime; _builder_version=\u00a0\u00bb4.16&Prime; _module_preset=\u00a0\u00bbdefault\u00a0\u00bb global_colors_info=\u00a0\u00bb{}\u00a0\u00bb][et_pb_text module_id=\u00a0\u00bbmonancre1&Prime; _builder_version=\u00a0\u00bb4.16&Prime; _module_preset=\u00a0\u00bbdefault\u00a0\u00bb text_font=\u00a0\u00bbMontserrat|800||on|||||\u00a0\u00bb text_text_color=\u00a0\u00bb#1766A8&Prime; text_font_size=\u00a0\u00bb25px\u00a0\u00bb text_text_shadow_style=\u00a0\u00bbpreset1&Prime; global_colors_info=\u00a0\u00bb{}\u00a0\u00bb]<\/p>\n<p style=\"text-align: center;\"><span style=\"color: #ffffff;\"><a href=\"#monancre4\" style=\"color: #ffffff;\">Les Retraites<\/a><\/span><\/p>\n<p>[\/et_pb_text][\/et_pb_column][\/et_pb_row][\/et_pb_section][et_pb_section fb_built=\u00a0\u00bb1&Prime; _builder_version=\u00a0\u00bb4.16&Prime; _module_preset=\u00a0\u00bbdefault\u00a0\u00bb background_enable_color=\u00a0\u00bboff\u00a0\u00bb global_colors_info=\u00a0\u00bb{}\u00a0\u00bb][et_pb_row _builder_version=\u00a0\u00bb4.16&Prime; _module_preset=\u00a0\u00bbdefault\u00a0\u00bb min_height=\u00a0\u00bb209.6px\u00a0\u00bb custom_padding=\u00a0\u00bb||0px|||\u00a0\u00bb global_colors_info=\u00a0\u00bb{}\u00a0\u00bb][et_pb_column type=\u00a0\u00bb4_4&Prime; _builder_version=\u00a0\u00bb4.16&Prime; _module_preset=\u00a0\u00bbdefault\u00a0\u00bb global_colors_info=\u00a0\u00bb{}\u00a0\u00bb][et_pb_divider show_divider=\u00a0\u00bboff\u00a0\u00bb _builder_version=\u00a0\u00bb4.16&Prime; _module_preset=\u00a0\u00bbdefault\u00a0\u00bb min_height=\u00a0\u00bb4px\u00a0\u00bb custom_margin=\u00a0\u00bb20px||20px||false|false\u00a0\u00bb global_colors_info=\u00a0\u00bb{}\u00a0\u00bb][\/et_pb_divider][et_pb_text module_id=\u00a0\u00bbformations\u00a0\u00bb _builder_version=\u00a0\u00bb4.21.2&Prime; _module_preset=\u00a0\u00bbdefault\u00a0\u00bb text_font=\u00a0\u00bb|800|||||||\u00a0\u00bb text_text_color=\u00a0\u00bb#e09900&Prime; text_font_size=\u00a0\u00bb50px\u00a0\u00bb text_orientation=\u00a0\u00bbcenter\u00a0\u00bb text_font_size_tablet=\u00a0\u00bb\u00a0\u00bb text_font_size_phone=\u00a0\u00bb40px\u00a0\u00bb text_font_size_last_edited=\u00a0\u00bbon|phone\u00a0\u00bb text_line_height_tablet=\u00a0\u00bb\u00a0\u00bb text_line_height_phone=\u00a0\u00bb1em\u00a0\u00bb text_line_height_last_edited=\u00a0\u00bbon|phone\u00a0\u00bb global_colors_info=\u00a0\u00bb{}\u00a0\u00bb]<\/p>\n<p>FORMATIONS<\/p>\n<p>[\/et_pb_text][et_pb_divider color=\u00a0\u00bb#1766A8&Prime; _builder_version=\u00a0\u00bb4.21.2&Prime; _module_preset=\u00a0\u00bbdefault\u00a0\u00bb global_colors_info=\u00a0\u00bb{}\u00a0\u00bb][\/et_pb_divider][mecdivi_MECShortcodes shortcode_id=\u00a0\u00bb459&Prime; disabled_on=\u00a0\u00bboff|off|off\u00a0\u00bb _builder_version=\u00a0\u00bb4.21.2&Prime; _module_preset=\u00a0\u00bbdefault\u00a0\u00bb global_colors_info=\u00a0\u00bb{}\u00a0\u00bb][\/mecdivi_MECShortcodes][et_pb_button button_url=\u00a0\u00bbhttps:\/\/fromjoy.fr\/evenements\/\u00a0\u00bb url_new_window=\u00a0\u00bbon\u00a0\u00bb button_text=\u00a0\u00bbToutes les prochaines dates en pr\u00e9sentiel avec Joy\u00a0\u00bb button_alignment=\u00a0\u00bbcenter\u00a0\u00bb _builder_version=\u00a0\u00bb4.21.2&Prime; _module_preset=\u00a0\u00bbdefault\u00a0\u00bb custom_button=\u00a0\u00bbon\u00a0\u00bb button_text_size=\u00a0\u00bb31px\u00a0\u00bb button_text_color=\u00a0\u00bb#FBD67A\u00a0\u00bb global_colors_info=\u00a0\u00bb{}\u00a0\u00bb][\/et_pb_button][\/et_pb_column][\/et_pb_row][et_pb_row _builder_version=\u00a0\u00bb4.16&Prime; _module_preset=\u00a0\u00bbdefault\u00a0\u00bb min_height=\u00a0\u00bb330.6px\u00a0\u00bb custom_margin=\u00a0\u00bb|auto|-125px|auto||\u00a0\u00bb custom_padding=\u00a0\u00bb||4px|||\u00a0\u00bb global_colors_info=\u00a0\u00bb{}\u00a0\u00bb][et_pb_column type=\u00a0\u00bb4_4&Prime; _builder_version=\u00a0\u00bb4.16&Prime; _module_preset=\u00a0\u00bbdefault\u00a0\u00bb global_colors_info=\u00a0\u00bb{}\u00a0\u00bb][et_pb_divider show_divider=\u00a0\u00bboff\u00a0\u00bb module_id=\u00a0\u00bbmonancre3&Prime; _builder_version=\u00a0\u00bb4.16&Prime; _module_preset=\u00a0\u00bbdefault\u00a0\u00bb custom_margin=\u00a0\u00bb20px||20px||false|false\u00a0\u00bb global_colors_info=\u00a0\u00bb{}\u00a0\u00bb][\/et_pb_divider][et_pb_text module_id=\u00a0\u00bbformations\u00a0\u00bb _builder_version=\u00a0\u00bb4.21.2&Prime; _module_preset=\u00a0\u00bbdefault\u00a0\u00bb text_font=\u00a0\u00bb|800|||||||\u00a0\u00bb text_text_color=\u00a0\u00bb#e09900&Prime; text_font_size=\u00a0\u00bb50px\u00a0\u00bb text_orientation=\u00a0\u00bbcenter\u00a0\u00bb text_font_size_tablet=\u00a0\u00bb\u00a0\u00bb text_font_size_phone=\u00a0\u00bb40px\u00a0\u00bb text_font_size_last_edited=\u00a0\u00bbon|phone\u00a0\u00bb text_line_height_tablet=\u00a0\u00bb\u00a0\u00bb text_line_height_phone=\u00a0\u00bb1em\u00a0\u00bb text_line_height_last_edited=\u00a0\u00bbon|phone\u00a0\u00bb global_colors_info=\u00a0\u00bb{}\u00a0\u00bb]<\/p>\n<p>En ligne<\/p>\n<p>[\/et_pb_text][et_pb_divider color=\u00a0\u00bb#1766A8&Prime; _builder_version=\u00a0\u00bb4.21.2&Prime; _module_preset=\u00a0\u00bbdefault\u00a0\u00bb global_colors_info=\u00a0\u00bb{}\u00a0\u00bb][\/et_pb_divider][et_pb_button button_url=\u00a0\u00bbhttps:\/\/communicationanimale.podia.com\/reveille-ton-pouvoir-communication-animale25&Prime; url_new_window=\u00a0\u00bbon\u00a0\u00bb button_text=\u00a0\u00bbR\u00e9veille ton pouvoir &#8211; Initiation \u00e0 la C.A. 100% en ligne\u00a0\u00bb button_alignment=\u00a0\u00bbcenter\u00a0\u00bb _builder_version=\u00a0\u00bb4.21.2&Prime; _module_preset=\u00a0\u00bbdefault\u00a0\u00bb custom_button=\u00a0\u00bbon\u00a0\u00bb button_text_size=\u00a0\u00bb21px\u00a0\u00bb button_text_color=\u00a0\u00bb#1766A8&Prime; button_bg_color=\u00a0\u00bb#FBD67A\u00a0\u00bb button_border_width=\u00a0\u00bb1px\u00a0\u00bb button_border_color=\u00a0\u00bb#1766A8&Prime; global_colors_info=\u00a0\u00bb{}\u00a0\u00bb][\/et_pb_button][et_pb_divider show_divider=\u00a0\u00bboff\u00a0\u00bb module_id=\u00a0\u00bbpratique\u00a0\u00bb _builder_version=\u00a0\u00bb4.21.2&Prime; _module_preset=\u00a0\u00bbdefault\u00a0\u00bb custom_margin=\u00a0\u00bb20px||20px||false|false\u00a0\u00bb global_colors_info=\u00a0\u00bb{}\u00a0\u00bb][\/et_pb_divider][et_pb_text _builder_version=\u00a0\u00bb4.21.2&Prime; _module_preset=\u00a0\u00bbdefault\u00a0\u00bb text_font=\u00a0\u00bb|800||on|||||\u00a0\u00bb text_text_color=\u00a0\u00bb#e09900&Prime; text_font_size=\u00a0\u00bb50px\u00a0\u00bb text_orientation=\u00a0\u00bbcenter\u00a0\u00bb text_font_size_tablet=\u00a0\u00bb\u00a0\u00bb text_font_size_phone=\u00a0\u00bb40px\u00a0\u00bb text_font_size_last_edited=\u00a0\u00bbon|phone\u00a0\u00bb text_line_height_tablet=\u00a0\u00bb\u00a0\u00bb text_line_height_phone=\u00a0\u00bb1em\u00a0\u00bb text_line_height_last_edited=\u00a0\u00bbon|phone\u00a0\u00bb global_colors_info=\u00a0\u00bb{}\u00a0\u00bb]<\/p>\n<p>Rendez-vous <strong>de<\/strong> PRATIQUE<\/p>\n<p>[\/et_pb_text][et_pb_divider color=\u00a0\u00bb#1766A8&Prime; _builder_version=\u00a0\u00bb4.21.2&Prime; _module_preset=\u00a0\u00bbdefault\u00a0\u00bb global_colors_info=\u00a0\u00bb{}\u00a0\u00bb][\/et_pb_divider][mecdivi_MECShortcodes shortcode_id=\u00a0\u00bb460&Prime; disabled_on=\u00a0\u00bboff|off|off\u00a0\u00bb _builder_version=\u00a0\u00bb4.21.2&Prime; _module_preset=\u00a0\u00bbdefault\u00a0\u00bb global_colors_info=\u00a0\u00bb{}\u00a0\u00bb][\/mecdivi_MECShortcodes][et_pb_text _builder_version=\u00a0\u00bb4.21.2&Prime; _module_preset=\u00a0\u00bbdefault\u00a0\u00bb text_font=\u00a0\u00bbMontserrat|700|||||||\u00a0\u00bb text_text_color=\u00a0\u00bb#1766A8&Prime; text_font_size=\u00a0\u00bb50px\u00a0\u00bb global_colors_info=\u00a0\u00bb{}\u00a0\u00bb]<\/p>\n<p style=\"text-align: center;\">EN LIGNE<\/p>\n<p>[\/et_pb_text][et_pb_text _builder_version=\u00a0\u00bb4.21.2&Prime; _module_preset=\u00a0\u00bbdefault\u00a0\u00bb text_text_color=\u00a0\u00bb#FBD67A\u00a0\u00bb global_colors_info=\u00a0\u00bb{}\u00a0\u00bb]<\/p>\n<h4 style=\"text-align: center;\">Abonnement de 6 mois<\/h4>\n<p>[\/et_pb_text][\/et_pb_column][\/et_pb_row][et_pb_row column_structure=\u00a0\u00bb1_2,1_2&Prime; _builder_version=\u00a0\u00bb4.21.2&Prime; _module_preset=\u00a0\u00bbdefault\u00a0\u00bb min_height=\u00a0\u00bb64.8px\u00a0\u00bb custom_margin=\u00a0\u00bb110px|auto||auto||\u00a0\u00bb global_colors_info=\u00a0\u00bb{}\u00a0\u00bb][et_pb_column type=\u00a0\u00bb1_2&Prime; _builder_version=\u00a0\u00bb4.21.2&Prime; _module_preset=\u00a0\u00bbdefault\u00a0\u00bb global_colors_info=\u00a0\u00bb{}\u00a0\u00bb][et_pb_text _builder_version=\u00a0\u00bb4.21.2&Prime; _module_preset=\u00a0\u00bbdefault\u00a0\u00bb global_colors_info=\u00a0\u00bb{}\u00a0\u00bb]<iframe id=\"haWidget\" allowtransparency=\"true\" src=\"https:\/\/www.helloasso.com\/associations\/from-joy-to-animals-nature-earth\/adhesions\/pratique-1-an\/widget-vignette\" style=\"width: 350px; height: 550px; border: none;\"><\/iframe>[\/et_pb_text][\/et_pb_column][et_pb_column type=\u00a0\u00bb1_2&Prime; _builder_version=\u00a0\u00bb4.21.2&Prime; _module_preset=\u00a0\u00bbdefault\u00a0\u00bb global_colors_info=\u00a0\u00bb{}\u00a0\u00bb][et_pb_text _builder_version=\u00a0\u00bb4.21.2&Prime; _module_preset=\u00a0\u00bbdefault\u00a0\u00bb global_colors_info=\u00a0\u00bb{}\u00a0\u00bb]<iframe id=\"haWidget\" allowtransparency=\"true\" src=\"https:\/\/www.helloasso.com\/associations\/from-joy-to-animals-nature-earth\/adhesions\/six-mois-de-formules-d-evolution-en-communication-animale\/widget-vignette\"  style=\"width: 350px; height: 550px; border: none;\"><\/iframe>[\/et_pb_text][\/et_pb_column][\/et_pb_row][et_pb_row _builder_version=\u00a0\u00bb4.16&Prime; _module_preset=\u00a0\u00bbdefault\u00a0\u00bb min_height=\u00a0\u00bb818.6px\u00a0\u00bb custom_padding=\u00a0\u00bb||0px|||\u00a0\u00bb global_colors_info=\u00a0\u00bb{}\u00a0\u00bb][et_pb_column type=\u00a0\u00bb4_4&Prime; _builder_version=\u00a0\u00bb4.16&Prime; _module_preset=\u00a0\u00bbdefault\u00a0\u00bb global_colors_info=\u00a0\u00bb{}\u00a0\u00bb][et_pb_divider show_divider=\u00a0\u00bboff\u00a0\u00bb module_id=\u00a0\u00bbpratique\u00a0\u00bb _builder_version=\u00a0\u00bb4.21.2&Prime; _module_preset=\u00a0\u00bbdefault\u00a0\u00bb custom_margin=\u00a0\u00bb20px||20px||false|false\u00a0\u00bb global_colors_info=\u00a0\u00bb{}\u00a0\u00bb][\/et_pb_divider][et_pb_text disabled_on=\u00a0\u00bbon|on|on\u00a0\u00bb _builder_version=\u00a0\u00bb4.21.2&Prime; _module_preset=\u00a0\u00bbdefault\u00a0\u00bb text_font=\u00a0\u00bbMontserrat|800||on|||||\u00a0\u00bb text_text_color=\u00a0\u00bb#1766A8&Prime; text_font_size=\u00a0\u00bb25px\u00a0\u00bb background_color=\u00a0\u00bb#1766A8&Prime; custom_margin=\u00a0\u00bb|220px||220px|false|false\u00a0\u00bb custom_margin_tablet=\u00a0\u00bb\u00a0\u00bb custom_margin_phone=\u00a0\u00bb|0px||0px|false|false\u00a0\u00bb custom_margin_last_edited=\u00a0\u00bbon|phone\u00a0\u00bb custom_padding=\u00a0\u00bb20px||20px||false|false\u00a0\u00bb text_text_shadow_style=\u00a0\u00bbpreset1&Prime; disabled=\u00a0\u00bbon\u00a0\u00bb global_colors_info=\u00a0\u00bb{}\u00a0\u00bb]<\/p>\n<p style=\"text-align: center;\"><a href=\"https:\/\/fromjoy.fr\/evenements\/\"><span style=\"color: #ffffff;\">Soir\u00e9e de pratique sur le site de Joy<\/span><\/a><\/p>\n<p>[\/et_pb_text][et_pb_divider show_divider=\u00a0\u00bboff\u00a0\u00bb module_id=\u00a0\u00bbmonancre4&Prime; _builder_version=\u00a0\u00bb4.16&Prime; _module_preset=\u00a0\u00bbdefault\u00a0\u00bb custom_margin=\u00a0\u00bb20px||20px||false|false\u00a0\u00bb global_colors_info=\u00a0\u00bb{}\u00a0\u00bb][\/et_pb_divider][et_pb_text _builder_version=\u00a0\u00bb4.21.2&Prime; _module_preset=\u00a0\u00bbdefault\u00a0\u00bb text_font=\u00a0\u00bb|800||on|||||\u00a0\u00bb text_text_color=\u00a0\u00bb#e09900&Prime; text_font_size=\u00a0\u00bb50px\u00a0\u00bb text_orientation=\u00a0\u00bbcenter\u00a0\u00bb text_font_size_tablet=\u00a0\u00bb\u00a0\u00bb text_font_size_phone=\u00a0\u00bb40px\u00a0\u00bb text_font_size_last_edited=\u00a0\u00bbon|phone\u00a0\u00bb text_line_height_tablet=\u00a0\u00bb\u00a0\u00bb text_line_height_phone=\u00a0\u00bb1em\u00a0\u00bb text_line_height_last_edited=\u00a0\u00bbon|phone\u00a0\u00bb global_colors_info=\u00a0\u00bb{}\u00a0\u00bb]<\/p>\n<p>RETRAITES<\/p>\n<p>[\/et_pb_text][et_pb_divider color=\u00a0\u00bb#1766A8&Prime; _builder_version=\u00a0\u00bb4.21.2&Prime; _module_preset=\u00a0\u00bbdefault\u00a0\u00bb global_colors_info=\u00a0\u00bb{}\u00a0\u00bb][\/et_pb_divider][mecdivi_MECShortcodes shortcode_id=\u00a0\u00bb502&Prime; _builder_version=\u00a0\u00bb4.16&Prime; _module_preset=\u00a0\u00bbdefault\u00a0\u00bb global_colors_info=\u00a0\u00bb{}\u00a0\u00bb][\/mecdivi_MECShortcodes][et_pb_text _builder_version=\u00a0\u00bb4.21.2&Prime; _module_preset=\u00a0\u00bbdefault\u00a0\u00bb global_colors_info=\u00a0\u00bb{}\u00a0\u00bb]<\/p>\n<p><strong><span style=\"text-decoration: underline;\"><code>Annulation et Remboursement :<\/code><\/span><\/strong><\/p>\n<p><code>Les acomptes vers\u00e9s ne sont pas remboursables.\u00a0Ils peuvent \u00eatre repouss\u00e9 sur un prochain \u00e9v\u00e8nement si l'annulation se fait \u00e0 plus de 3 semaines du stage.\u00a0En cas d'annulation \u00e0 deux semaines du stage, aucun remboursement n'est possible et la totalit\u00e9 du stage vous sera demand\u00e9.\u00a0<\/code><\/p>\n<p>[\/et_pb_text][\/et_pb_column][\/et_pb_row][\/et_pb_section]<\/p>","protected":false},"excerpt":{"rendered":"<p>Les FormationsLes Rendez-vous de PratiqueLes R\u00e9unions de\u00a0B\u00e9n\u00e9volesLes RetraitesFORMATIONS<div class=\"et_pb_module mecdivi_MECShortcodes mecdivi_MECShortcodes_0\">\n\t\t\t\t\n\t\t\t\t\n\t\t\t\t\n\t\t\t\t\n\t\t\t\t\n\t\t\t\t\n\t\t\t\t<div class=\"et_pb_module_inner\">\n\t\t\t\t\t<div class=\"mec-wrap mec-skin-list-container\" id=\"mec_skin_459\">\r\n    \r\n    \r\n            <div class=\"mec-skin-list-events-container\" id=\"mec_skin_events_459\">\r\n        <div class=\"mec-wrap colorskin-custom\">\r\n\t<div class=\"mec-event-list-standard\">\r\n\t\t\r\n            \r\n                    <script type=\"application\/ld+json\">\r\n        {\r\n            \"@context\": \"http:\/\/schema.org\",\r\n            \"@type\": \"Event\",\r\n            \"eventStatus\": \"https:\/\/schema.org\/EventScheduled\",\r\n            \"startDate\": \"2026-05-16\",\r\n            \"endDate\": \"2023-02-19\",\r\n            \"eventAttendanceMode\": \"https:\/\/schema.org\/OfflineEventAttendanceMode\",\r\n            \"location\":\r\n            {\r\n                \"@type\": \"Place\",\r\n                                \"name\": \"Bastide des lumi\u00e8res\",\r\n                \"image\": \"\",\r\n                \"address\": \"Roquefort-les-pins\"\r\n                            },\r\n            \"organizer\":\r\n            {\r\n                \"@type\": \"Person\",\r\n                \"name\": \"\",\r\n                \"url\": \"\"\r\n            },\r\n            \"offers\":\r\n            {\r\n                \"url\": \"https:\/\/www.helloasso.com\/associations\/from-joy-to-animals-nature-earth\/evenements\/constellations-familiales-1?_ga=2.153803902.779779567.1670492885-1398543910.1669897751\",\r\n                \"price\": \"\",\r\n                \"priceCurrency\": \"EUR\",\r\n                \"availability\": \"https:\/\/schema.org\/InStock\",\r\n                \"validFrom\": \"2026-05-16T00:00\"\r\n            },\r\n            \"performer\": \"\",\r\n            \"description\": \"&lt;p&gt;La Constellation familiale ou syst\u00e9mique est une th\u00e9rapie \u00ab dites familiale \u00bb mettant en lumi\u00e8re les blocages pr\u00e9sents li\u00e9 \u00e0 des sch\u00e9mas ou des m\u00e9moires que l&rsquo;ont portent et qui appartiennent \u00e0 a\u00een\u00e9s. Cette m\u00e9thode de th\u00e9rapie transgf\u00e9n\u00e9rationnelle est bas\u00e9 sur la mise \u00e0 jour de l&rsquo;inconscient familial \u00e0 travers des jeux de r\u00f4les et de psychodrames qui permettent de lib\u00e9rer et r\u00e9soudre les conflits sur le plan conscient et inconscient.&lt;\/p&gt; &lt;p&gt;Les personnes souhaitant participer en tant que CONSTELLANTS doivent me contacter au pr\u00e9alable. Les personnes ayant d\u00e9j\u00e0 participer \u00e0 des constellations seront prioritaires \ud83d\ude09&lt;\/p&gt; \",\r\n            \"image\": \"https:\/\/fromjoyasso.org\/wp-content\/uploads\/2022\/12\/Couverture-FB-BANNIERE-STAGE-Initiation-2.png\",\r\n            \"name\": \"Constellations Familiales\",\r\n            \"url\": \"https:\/\/www.helloasso.com\/associations\/from-joy-to-animals-nature-earth\/evenements\/constellations-familiales-1?_ga=2.153803902.779779567.1670492885-1398543910.1669897751\"\r\n        }\r\n        <\/script>\r\n                    <article class=\"mec-past-event mec-event-article  mec-clear  mec-divider-toggle mec-toggle-202605-459\" itemscope>\r\n                                                        <div class=\"mec-topsec\">\r\n                        <div class=\"col-md-3 mec-event-image-wrap mec-col-table-c\">\r\n                            <div class=\"mec-event-image\"><a   data-event-id=\"2733\" href=\"https:\/\/www.helloasso.com\/associations\/from-joy-to-animals-nature-earth\/evenements\/constellations-familiales-1?_ga=2.153803902.779779567.1670492885-1398543910.1669897751\" target=\"_self\" rel=\"noopener\"><img width=\"300\" height=\"300\" src=\"https:\/\/fromjoyasso.org\/wp-content\/uploads\/2022\/12\/Couverture-FB-BANNIERE-STAGE-Initiation-2-300x300.png\" class=\"attachment-thumblist size-thumblist wp-post-image\" alt=\"\" data-mec-postid=\"2733\" decoding=\"async\" loading=\"lazy\" \/><\/a><\/div>\r\n                        <\/div>\r\n                        <div class=\"col-md-6 mec-col-table-c mec-event-content-wrap\">\r\n                            <div class=\"mec-event-content\">\r\n                                                                <h3 class=\"mec-event-title\"><a class=\"mec-color-hover\"  data-event-id=\"2733\" href=\"https:\/\/www.helloasso.com\/associations\/from-joy-to-animals-nature-earth\/evenements\/constellations-familiales-1?_ga=2.153803902.779779567.1670492885-1398543910.1669897751\" target=\"_self\" rel=\"noopener\">Constellations Familiales<\/a><span class=\"event-color\" style=\"background: #\"><\/span><\/h3>\r\n                                <div class=\"mec-event-description\">La Constellation familiale ou syst\u00e9mique est une th\u00e9rapie \"dites familiale\" <span>...<\/span><\/div>\r\n                            <\/div>\r\n                        <\/div>\r\n                        <div class=\"col-md-3 mec-col-table-c mec-event-meta-wrap\">\r\n                            <div class=\"mec-event-meta mec-color-before\">\r\n                                <div class=\"mec-date-details\">\r\n                                                                            <span class=\"mec-event-d\"><span class=\"mec-start-date-label\" itemprop=\"startDate\">16 May 2026<\/span><\/span>\r\n                                                                    <\/div>\r\n                                                                <div class=\"mec-time-details\"><span class=\"mec-start-time\">09:00<\/span> - <span class=\"mec-end-time\">18:00<\/span><\/div>                                                                                                <div class=\"mec-venue-details\">\r\n                                    <span>Bastide des lumi\u00e8res<\/span><address class=\"mec-event-address\"><span>Roquefort-les-pins<\/span><\/address>\r\n                                <\/div>\r\n                                                                                                                                                                                            <\/div>\r\n                        <\/div>\r\n                    <\/div>\r\n                    <div class=\"mec-event-footer\">\r\n                                                <ul class=\"mec-event-sharing-wrap\">\r\n                            <li class=\"mec-event-share\">\r\n                                <a href=\"#\" class=\"mec-event-share-icon\">\r\n                                    <i class=\"mec-sl-share\" title=\"social share\"><\/i>\r\n                                <\/a>\r\n                            <\/li>\r\n                            <li>\r\n                                <ul class=\"mec-event-sharing\">\r\n                                    <li class=\"mec-event-social-icon\"><a class=\"facebook\" href=\"https:\/\/www.facebook.com\/sharer\/sharer.php?u=https%3A%2F%2Fwww.helloasso.com%2Fassociations%2Ffrom-joy-to-animals-nature-earth%2Fevenements%2Fconstellations-familiales-1%3F_ga%3D2.153803902.779779567.1670492885-1398543910.1669897751\" onclick=\"javascript:window.open(this.href, '', 'menubar=no,toolbar=no,resizable=yes,scrollbars=yes,height=500,width=600'); return false;\" title=\"Share on Facebook\"><i class=\"mec-fa-facebook\"><\/i><\/a><\/li><li class=\"mec-event-social-icon\"><a class=\"telegram\" href=\"https:\/\/telegram.me\/share\/url?url=https%3A%2F%2Fwww.helloasso.com%2Fassociations%2Ffrom-joy-to-animals-nature-earth%2Fevenements%2Fconstellations-familiales-1%3F_ga%3D2.153803902.779779567.1670492885-1398543910.1669897751&text=Constellations Familiales\" title=\"Share on Telegram\">\r\n        <svg aria-hidden=\"true\" focusable=\"false\" data-prefix=\"fab\" data-icon=\"telegram\" class=\"svg-inline--fa fa-telegram fa-w-16\" role=\"img\" xmlns=\"http:\/\/www.w3.org\/2000\/svg\" viewbox=\"0 0 496 512\"><path fill=\"currentColor\" d=\"M248 8C111 8 0 119 0 256s111 248 248 248 248-111 248-248S385 8 248 8zm121.8 169.9l-40.7 191.8c-3 13.6-11.1 16.9-22.4 10.5l-62-45.7-29.9 28.8c-3.3 3.3-6.1 6.1-12.5 6.1l4.4-63.1 114.9-103.8c5-4.4-1.1-6.9-7.7-2.5l-142 89.4-61.2-19.1c-13.3-4.2-13.6-13.3 2.8-19.7l239.1-92.2c11.1-4 20.8 2.7 17.2 19.5z\"><\/path><\/svg>\r\n        <\/a><\/li><li class=\"mec-event-social-icon\"><a class=\"email\" href=\"mailto:?subject=Constellations Familiales&body=https%3A%2F%2Fwww.helloasso.com%2Fassociations%2Ffrom-joy-to-animals-nature-earth%2Fevenements%2Fconstellations-familiales-1%3F_ga%3D2.153803902.779779567.1670492885-1398543910.1669897751\" title=\"Email\"><i class=\"mec-fa-envelope\"><\/i><\/a><\/li>                                <\/ul>\r\n                            <\/li>\r\n                        <\/ul>\r\n                                                                                                <a class=\"mec-booking-button\"  data-event-id=\"2733\" href=\"https:\/\/www.helloasso.com\/associations\/from-joy-to-animals-nature-earth\/evenements\/constellations-familiales-1?_ga=2.153803902.779779567.1670492885-1398543910.1669897751\" target=\"_self\" rel=\"noopener\">View Detail<\/a>                    <\/div>\r\n                            <\/article>\r\n                    <script type=\"application\/ld+json\">\r\n        {\r\n            \"@context\": \"http:\/\/schema.org\",\r\n            \"@type\": \"Event\",\r\n            \"eventStatus\": \"https:\/\/schema.org\/EventScheduled\",\r\n            \"startDate\": \"2026-05-16\",\r\n            \"endDate\": \"2021-10-24\",\r\n            \"eventAttendanceMode\": \"https:\/\/schema.org\/OfflineEventAttendanceMode\",\r\n            \"location\":\r\n            {\r\n                \"@type\": \"Place\",\r\n                                \"name\": \"Mougins\",\r\n                \"image\": \"\",\r\n                \"address\": \"Mougins\"\r\n                            },\r\n            \"organizer\":\r\n            {\r\n                \"@type\": \"Person\",\r\n                \"name\": \"Joy\",\r\n                \"url\": \"\"\r\n            },\r\n            \"offers\":\r\n            {\r\n                \"url\": \"https:\/\/www.helloasso.com\/associations\/from-joy-to-animals-nature-earth\/evenements\/23-24-octobre-stage-d-initiation-a-la-communication-animale\",\r\n                \"price\": \"250.00\u20ac\",\r\n                \"priceCurrency\": \"EUR\",\r\n                \"availability\": \"https:\/\/schema.org\/InStock\",\r\n                \"validFrom\": \"2026-05-16T00:00\"\r\n            },\r\n            \"performer\": \"\",\r\n            \"description\": \"&lt;h2&gt;Comment se d\u00e9roule un stage de Communication Animale ?&lt;\/h2&gt; &lt;div class=&quot;figure&quot;&gt;&lt;a href=&quot;https:\/\/www.helloasso.com\/associations\/from-joy-to-animals-nature-earth\/evenements\/23-24-octobre-stage-d-initiation-a-la-communication-animale&quot;&gt;JE M&rsquo;INCRIS&lt;\/a&gt;&lt;\/p&gt; &lt;p&gt;&lt;span style=&quot;text-decoration: underline;&quot;&gt;&lt;i&gt;Le Samedi :&lt;\/i&gt;&lt;\/span&gt;&lt;\/p&gt; &lt;p&gt;Nous commencerons par une partie th\u00e9orique afin que vous compreniez \u00ab Comment \u00bb fonctionne la Communication Animale.&lt;\/p&gt; &lt;ul&gt; &lt;li&gt;&lt;i&gt;Qu\u2019est ce que la Communication Animale ?&lt;\/i&gt;&lt;\/li&gt; &lt;li&gt;&lt;i&gt;Qu\u2019est ce que la  t\u00e9l\u00e9pathie ? L\u2019empathie ?&lt;\/i&gt;&lt;\/li&gt; &lt;li&gt;&lt;i&gt;Comment ca marche ? Comment entrer en communication avec l\u2019animal ?&lt;\/i&gt;&lt;\/li&gt; &lt;li&gt;&lt;i&gt;Comment envoyer et recevoir des informations.&lt;\/i&gt;&lt;\/li&gt; &lt;li&gt;&lt;i&gt;Quel \u00ab r\u00f4le \u00bb peut avoir un animal dans notre vie ? (ses diff\u00e9rentes missions, maladies, fuges, etc.)&lt;\/i&gt;&lt;\/li&gt; &lt;\/ul&gt; &lt;p&gt;En d\u00e9but d\u2019apr\u00e8s-midi, nous poursuivrons avec des &lt;strong&gt;exercices pratiques&lt;\/strong&gt; de relaxation et m\u00e9ditation :&lt;\/p&gt; &lt;ul&gt; &lt;li&gt;&lt;i&gt;Faire le vide dans notre esprit&lt;\/i&gt;&lt;\/li&gt; &lt;li&gt;&lt;i&gt;Recevoir et \u00e9mettre des informations \u00e0 travers nos 6 sens&lt;\/i&gt;&lt;\/li&gt; &lt;li&gt;&lt;i&gt;D\u00e9couvrir &lt;strong&gt;Votre&lt;\/strong&gt; mode de fonctionnement&lt;\/i&gt;&lt;\/li&gt; &lt;\/ul&gt; &lt;p&gt;Pour finir, en fin de journ\u00e9e, vous serez fin pr\u00eat \u00e0 Communiquer&lt;\/p&gt; &lt;p&gt;&lt;span style=&quot;text-decoration: underline;&quot;&gt;&lt;i&gt;Le Dimanche :&lt;\/i&gt;&lt;\/span&gt;&lt;\/p&gt; &lt;p&gt;Ce sera une &lt;strong&gt;journ\u00e9e d\u00e9di\u00e9e \u00e0 la pratique&lt;\/strong&gt; &lt;strong&gt;et l\u2019approfondissement&lt;\/strong&gt; de la technique pendant laquelle vous allez pouvoir exp\u00e9rimenter la connexion profonde avec un animal. Connaitre parfaitement votre fonctionnement et la mani\u00e8re dont vous recevez et transmettez les informations.&lt;\/p&gt; &lt;p&gt;&lt;strong&gt;&lt;i&gt;Vous repartirez ainsi \u00e0 la fin du week-end avec toutes les clefs pour continuer \u00e0 communiquer seul chez vous &lt;\/i&gt;&lt;\/strong&gt;&lt;\/p&gt; &lt;h2&gt;A Qui s\u2019adresse un stage de Communication Animale ?&lt;\/h2&gt; &lt;p&gt;&lt;strong&gt;A tout le monde, sans exception !&lt;\/strong&gt; Nous avons tous au fond de nous cette capacit\u00e9 \u00e0 entrer en communication avec d\u2019autres \u00eatres vivants. Nous le faisions tous enfants pour communiquer avec notre Maman, avant d\u2019avoir la parole. En quelques heures, vous allez sentir cette transformation qui vous ram\u00e8nera \u00e0 votre enfant int\u00e9rieur et vous permettra d\u2019&lt;strong&gt;\u00eatre \u00e0 l\u2019\u00e9coute de votre intuition profonde&lt;\/strong&gt;.&lt;\/p&gt; &lt;h2&gt;Faut-il des pr\u00e9-requis ?&lt;\/h2&gt; &lt;p&gt;&lt;strong&gt;Aucun pr\u00e9-requis n\u2019est n\u00e9cessaire&lt;\/strong&gt;. Il suffit d\u2019y croire au fond de votre c\u0153ur.&lt;\/p&gt; &lt;p&gt;Vous pouvez pratiquer la m\u00e9ditation avant le stage, cela peut \u00eatre un Plus. Mais ce n\u2019est en aucun cas obligatoire.&lt;br \/&gt; La pratique de la m\u00e9ditation vous permet de faire taire le mental et ainsi d\u2019\u00eatre plus \u00e0 l\u2019\u00e9coute des messages que vont vous envoyer les animaux.&lt;\/p&gt; &lt;p&gt;&lt;strong&gt;Tarif&lt;\/strong&gt; : 250\u20ac&lt;a href=&quot;https:\/\/www.helloasso.com\/associations\/from-joy-to-animals-nature-earth\/evenements\/23-24-octobre-stage-d-initiation-a-la-communication-animale&quot;&gt;&lt;img loading=&quot;lazy&quot; decoding=&quot;async&quot; class=&quot;aligncenter wp-image-1859 size-full&quot; src=&quot;https:\/\/fromjoyasso.org\/wp-content\/uploads\/2021\/07\/Je-minscris-2.png&quot; alt=&quot;&quot; width=&quot;200&quot; height=&quot;100&quot; \/&gt;&lt;\/a&gt;&lt;\/div&gt; &lt;p&gt;Annulation et Remboursement :&lt;\/p&gt; &lt;p&gt;Les acomptes vers\u00e9s ne sont pas remboursables.&lt;br \/&gt; Ils peuvent \u00eatre repouss\u00e9 sur un prochain \u00e9v\u00e8nement si l&rsquo;annulation se fait \u00e0 plus de 3 semaines du stage.&lt;br \/&gt; En cas d&rsquo;annulation \u00e0 deux semaines du stage, aucun remboursement n&rsquo;est possible et la totalit\u00e9 du stage vous sera demand\u00e9.&lt;\/p&gt; \",\r\n            \"image\": \"https:\/\/fromjoyasso.org\/wp-content\/uploads\/2021\/07\/AFRIKA-26-scaled.jpg\",\r\n            \"name\": \"Initiation \u00e0 la Communication Animale COMPLET\",\r\n            \"url\": \"https:\/\/www.helloasso.com\/associations\/from-joy-to-animals-nature-earth\/evenements\/23-24-octobre-stage-d-initiation-a-la-communication-animale\"\r\n        }\r\n        <\/script>\r\n                    <article class=\"mec-past-event mec-event-article  mec-clear  mec-divider-toggle mec-toggle-202605-459\" itemscope>\r\n                                                        <div class=\"mec-topsec\">\r\n                        <div class=\"col-md-3 mec-event-image-wrap mec-col-table-c\">\r\n                            <div class=\"mec-event-image\"><a   data-event-id=\"2155\" href=\"https:\/\/www.helloasso.com\/associations\/from-joy-to-animals-nature-earth\/evenements\/23-24-octobre-stage-d-initiation-a-la-communication-animale\" target=\"_self\" rel=\"noopener\"><img width=\"300\" height=\"300\" src=\"https:\/\/fromjoyasso.org\/wp-content\/uploads\/2021\/07\/AFRIKA-26-300x300.jpg\" class=\"attachment-thumblist size-thumblist wp-post-image\" alt=\"\" data-mec-postid=\"2155\" decoding=\"async\" loading=\"lazy\" \/><\/a><\/div>\r\n                        <\/div>\r\n                        <div class=\"col-md-6 mec-col-table-c mec-event-content-wrap\">\r\n                            <div class=\"mec-event-content\">\r\n                                                                <h3 class=\"mec-event-title\"><a class=\"mec-color-hover\"  data-event-id=\"2155\" href=\"https:\/\/www.helloasso.com\/associations\/from-joy-to-animals-nature-earth\/evenements\/23-24-octobre-stage-d-initiation-a-la-communication-animale\" target=\"_self\" rel=\"noopener\">Initiation \u00e0 la Communication Animale COMPLET<\/a><span class=\"event-color\" style=\"background: #e14d43\"><\/span><\/h3>\r\n                                <div class=\"mec-event-description\">Deux jours pour se reconnecter \u00e0 notre intuition, nos ressentis, notre instinct et ainsi entendre les animaux ! Ils ont tant \u00e0 nous apprendre.  <span>...<\/span><\/div>\r\n                            <\/div>\r\n                        <\/div>\r\n                        <div class=\"col-md-3 mec-col-table-c mec-event-meta-wrap\">\r\n                            <div class=\"mec-event-meta mec-color-before\">\r\n                                <div class=\"mec-date-details\">\r\n                                                                            <span class=\"mec-event-d\"><span class=\"mec-start-date-label\" itemprop=\"startDate\">16 May 2026<\/span><\/span>\r\n                                                                    <\/div>\r\n                                                                <div class=\"mec-time-details\"><span class=\"mec-start-time\">09:30<\/span> - <span class=\"mec-end-time\">18:30<\/span><\/div>                                                                                                <div class=\"mec-venue-details\">\r\n                                    <span>Mougins<\/span><address class=\"mec-event-address\"><span>Mougins<\/span><\/address>\r\n                                <\/div>\r\n                                                                                                                                                                                            <\/div>\r\n                        <\/div>\r\n                    <\/div>\r\n                    <div class=\"mec-event-footer\">\r\n                                                <ul class=\"mec-event-sharing-wrap\">\r\n                            <li class=\"mec-event-share\">\r\n                                <a href=\"#\" class=\"mec-event-share-icon\">\r\n                                    <i class=\"mec-sl-share\" title=\"social share\"><\/i>\r\n                                <\/a>\r\n                            <\/li>\r\n                            <li>\r\n                                <ul class=\"mec-event-sharing\">\r\n                                    <li class=\"mec-event-social-icon\"><a class=\"facebook\" href=\"https:\/\/www.facebook.com\/sharer\/sharer.php?u=https%3A%2F%2Fwww.helloasso.com%2Fassociations%2Ffrom-joy-to-animals-nature-earth%2Fevenements%2F23-24-octobre-stage-d-initiation-a-la-communication-animale\" onclick=\"javascript:window.open(this.href, '', 'menubar=no,toolbar=no,resizable=yes,scrollbars=yes,height=500,width=600'); return false;\" title=\"Share on Facebook\"><i class=\"mec-fa-facebook\"><\/i><\/a><\/li><li class=\"mec-event-social-icon\"><a class=\"telegram\" href=\"https:\/\/telegram.me\/share\/url?url=https%3A%2F%2Fwww.helloasso.com%2Fassociations%2Ffrom-joy-to-animals-nature-earth%2Fevenements%2F23-24-octobre-stage-d-initiation-a-la-communication-animale&text=Initiation \u00e0 la Communication Animale COMPLET\" title=\"Share on Telegram\">\r\n        <svg aria-hidden=\"true\" focusable=\"false\" data-prefix=\"fab\" data-icon=\"telegram\" class=\"svg-inline--fa fa-telegram fa-w-16\" role=\"img\" xmlns=\"http:\/\/www.w3.org\/2000\/svg\" viewbox=\"0 0 496 512\"><path fill=\"currentColor\" d=\"M248 8C111 8 0 119 0 256s111 248 248 248 248-111 248-248S385 8 248 8zm121.8 169.9l-40.7 191.8c-3 13.6-11.1 16.9-22.4 10.5l-62-45.7-29.9 28.8c-3.3 3.3-6.1 6.1-12.5 6.1l4.4-63.1 114.9-103.8c5-4.4-1.1-6.9-7.7-2.5l-142 89.4-61.2-19.1c-13.3-4.2-13.6-13.3 2.8-19.7l239.1-92.2c11.1-4 20.8 2.7 17.2 19.5z\"><\/path><\/svg>\r\n        <\/a><\/li><li class=\"mec-event-social-icon\"><a class=\"email\" href=\"mailto:?subject=Initiation \u00e0 la Communication Animale COMPLET&body=https%3A%2F%2Fwww.helloasso.com%2Fassociations%2Ffrom-joy-to-animals-nature-earth%2Fevenements%2F23-24-octobre-stage-d-initiation-a-la-communication-animale\" title=\"Email\"><i class=\"mec-fa-envelope\"><\/i><\/a><\/li>                                <\/ul>\r\n                            <\/li>\r\n                        <\/ul>\r\n                                                                                                <a class=\"mec-booking-button\"  data-event-id=\"2155\" href=\"https:\/\/www.helloasso.com\/associations\/from-joy-to-animals-nature-earth\/evenements\/23-24-octobre-stage-d-initiation-a-la-communication-animale\" target=\"_self\" rel=\"noopener\">View Detail<\/a>                    <\/div>\r\n                            <\/article>\r\n                    <script type=\"application\/ld+json\">\r\n        {\r\n            \"@context\": \"http:\/\/schema.org\",\r\n            \"@type\": \"Event\",\r\n            \"eventStatus\": \"https:\/\/schema.org\/EventScheduled\",\r\n            \"startDate\": \"2026-05-16\",\r\n            \"endDate\": \"2023-04-30\",\r\n            \"eventAttendanceMode\": \"https:\/\/schema.org\/OfflineEventAttendanceMode\",\r\n            \"location\":\r\n            {\r\n                \"@type\": \"Place\",\r\n                                \"name\": \"Bastide des lumi\u00e8res\",\r\n                \"image\": \"\",\r\n                \"address\": \"Roquefort-les-pins\"\r\n                            },\r\n            \"organizer\":\r\n            {\r\n                \"@type\": \"Person\",\r\n                \"name\": \"Joy\",\r\n                \"url\": \"\"\r\n            },\r\n            \"offers\":\r\n            {\r\n                \"url\": \"https:\/\/www.helloasso.com\/associations\/from-joy-to-animals-nature-earth\/evenements\/reveillez-le-guerisseur-en-vous-1?_ga=2.41882658.1618352095.1676971522-1355333273.1676971522\",\r\n                \"price\": \"200.00\u20ac\",\r\n                \"priceCurrency\": \"EUR\",\r\n                \"availability\": \"https:\/\/schema.org\/InStock\",\r\n                \"validFrom\": \"2026-05-16T00:00\"\r\n            },\r\n            \"performer\": \"\",\r\n            \"description\": \"&lt;p&gt;&lt;strong&gt;Bonjour \u00e0 tous,&lt;\/strong&gt;&lt;\/p&gt; &lt;p&gt;&lt;strong&gt;Je vous propose un week-end pour vous reconnecter \u00e0 vos potentiels \u00e9nerg\u00e9tiques&#8230; r\u00e9-apprendre \u00e0 soigner avec les mains pour soulager les maux physiques, \u00e9motionnels, et plein d&rsquo;autres choses encore&#8230;&lt;\/strong&gt;&lt;\/p&gt; &lt;p&gt;&lt;strong&gt;Apprendre \u00e0 distinguer les diff\u00e9rents corps \u00e9nerg\u00e9tiques, les chakras principaux : les r\u00e9\u00e9quilibrer, les harmoniser et transformer les corps \u00e9nerg\u00e9tiques.&lt;\/strong&gt;&lt;\/p&gt; &lt;p&gt;&lt;strong&gt;D\u00e9velopper son intuition et sentir les messages derri\u00e8res les blocages.&lt;\/strong&gt;&lt;\/p&gt; &lt;p&gt;&lt;strong&gt;Pour en savoir plus sur les soins :&lt;u&gt;https:\/\/fromjoy.fr\/soins-energetiques\/&lt;\/u&gt;&lt;\/strong&gt;&lt;\/p&gt; &lt;p&gt;&lt;strong&gt;Afin d&rsquo;\u00eatre disponible pour chacun de vous, le stage se d\u00e9roulera en petit groupe&#8230; les places sont limit\u00e9es.&lt;\/strong&gt;&lt;\/p&gt; &lt;p&gt;&lt;strong&gt;Pour plus d&rsquo;information ou pour les inscriptions, vous pouvez me contacter : joyf.contact@gmail.com \/ 07 63 71 67 13.&lt;\/strong&gt;&lt;\/p&gt; &lt;p&gt;&lt;strong&gt;Tarif : 280e le week-end.&lt;\/strong&gt;&lt;\/p&gt; &lt;p&gt;&lt;strong&gt;Lieu : Roquefort les pins &lt;\/strong&gt;&lt;\/p&gt; &lt;p&gt;&nbsp;&lt;\/p&gt; &lt;p&gt;&lt;iframe id=&quot;haWidget&quot; style=&quot;width: 100%; height: 70px; border: none;&quot; src=&quot;https:\/\/www.helloasso.com\/associations\/from-joy-to-animals-nature-earth\/evenements\/reveillez-le-guerisseur-en-vous-1\/widget-bouton&quot;&gt;&lt;\/iframe&gt;&lt;\/p&gt; \",\r\n            \"image\": \"https:\/\/fromjoyasso.org\/wp-content\/uploads\/2021\/09\/Soigner-avec-ses-mains-aout-2.png\",\r\n            \"name\": \"R\u00e9veillez le Gu\u00e9risseur en vous &#8211; Stage de SOINS ENERGETIQUES\",\r\n            \"url\": \"https:\/\/www.helloasso.com\/associations\/from-joy-to-animals-nature-earth\/evenements\/reveillez-le-guerisseur-en-vous-1?_ga=2.41882658.1618352095.1676971522-1355333273.1676971522\"\r\n        }\r\n        <\/script>\r\n                    <article class=\"mec-past-event mec-event-article  mec-clear  mec-divider-toggle mec-toggle-202605-459\" itemscope>\r\n                                                        <div class=\"mec-topsec\">\r\n                        <div class=\"col-md-3 mec-event-image-wrap mec-col-table-c\">\r\n                            <div class=\"mec-event-image\"><a   data-event-id=\"2297\" href=\"https:\/\/www.helloasso.com\/associations\/from-joy-to-animals-nature-earth\/evenements\/reveillez-le-guerisseur-en-vous-1?_ga=2.41882658.1618352095.1676971522-1355333273.1676971522\" target=\"_self\" rel=\"noopener\"><img width=\"300\" height=\"300\" src=\"https:\/\/fromjoyasso.org\/wp-content\/uploads\/2021\/09\/Soigner-avec-ses-mains-aout-2-300x300.png\" class=\"attachment-thumblist size-thumblist wp-post-image\" alt=\"R\u00e9veillez le gu\u00e9risseur en vous\" data-mec-postid=\"2297\" decoding=\"async\" loading=\"lazy\" \/><\/a><\/div>\r\n                        <\/div>\r\n                        <div class=\"col-md-6 mec-col-table-c mec-event-content-wrap\">\r\n                            <div class=\"mec-event-content\">\r\n                                                                <h3 class=\"mec-event-title\"><a class=\"mec-color-hover\"  data-event-id=\"2297\" href=\"https:\/\/www.helloasso.com\/associations\/from-joy-to-animals-nature-earth\/evenements\/reveillez-le-guerisseur-en-vous-1?_ga=2.41882658.1618352095.1676971522-1355333273.1676971522\" target=\"_self\" rel=\"noopener\">R\u00e9veillez le Gu\u00e9risseur en vous &#8211; Stage de SOINS ENERGETIQUES<\/a><span class=\"event-color\" style=\"background: #00a0d2\"><\/span><\/h3>\r\n                                <div class=\"mec-event-description\">Je vous propose un week-end pour vous reconnecter \u00e0 vos potentiels \u00e9nerg\u00e9tiques... r\u00e9-apprendre \u00e0 soigner avec les mains pour soulager les maux physiques, \u00e9motionnels, et plein d'autres choses encore... <span>...<\/span><\/div>\r\n                            <\/div>\r\n                        <\/div>\r\n                        <div class=\"col-md-3 mec-col-table-c mec-event-meta-wrap\">\r\n                            <div class=\"mec-event-meta mec-color-before\">\r\n                                <div class=\"mec-date-details\">\r\n                                                                            <span class=\"mec-event-d\"><span class=\"mec-start-date-label\" itemprop=\"startDate\">16 May 2026<\/span><\/span>\r\n                                                                    <\/div>\r\n                                                                <div class=\"mec-time-details\"><span class=\"mec-start-time\">09:30<\/span> - <span class=\"mec-end-time\">17:00<\/span><\/div>                                                                                                <div class=\"mec-venue-details\">\r\n                                    <span>Bastide des lumi\u00e8res<\/span><address class=\"mec-event-address\"><span>Roquefort-les-pins<\/span><\/address>\r\n                                <\/div>\r\n                                                                                                                                                                                            <\/div>\r\n                        <\/div>\r\n                    <\/div>\r\n                    <div class=\"mec-event-footer\">\r\n                                                <ul class=\"mec-event-sharing-wrap\">\r\n                            <li class=\"mec-event-share\">\r\n                                <a href=\"#\" class=\"mec-event-share-icon\">\r\n                                    <i class=\"mec-sl-share\" title=\"social share\"><\/i>\r\n                                <\/a>\r\n                            <\/li>\r\n                            <li>\r\n                                <ul class=\"mec-event-sharing\">\r\n                                    <li class=\"mec-event-social-icon\"><a class=\"facebook\" href=\"https:\/\/www.facebook.com\/sharer\/sharer.php?u=https%3A%2F%2Fwww.helloasso.com%2Fassociations%2Ffrom-joy-to-animals-nature-earth%2Fevenements%2Freveillez-le-guerisseur-en-vous-1%3F_ga%3D2.41882658.1618352095.1676971522-1355333273.1676971522\" onclick=\"javascript:window.open(this.href, '', 'menubar=no,toolbar=no,resizable=yes,scrollbars=yes,height=500,width=600'); return false;\" title=\"Share on Facebook\"><i class=\"mec-fa-facebook\"><\/i><\/a><\/li><li class=\"mec-event-social-icon\"><a class=\"telegram\" href=\"https:\/\/telegram.me\/share\/url?url=https%3A%2F%2Fwww.helloasso.com%2Fassociations%2Ffrom-joy-to-animals-nature-earth%2Fevenements%2Freveillez-le-guerisseur-en-vous-1%3F_ga%3D2.41882658.1618352095.1676971522-1355333273.1676971522&text=R\u00e9veillez le Gu\u00e9risseur en vous &#8211; Stage de SOINS ENERGETIQUES\" title=\"Share on Telegram\">\r\n        <svg aria-hidden=\"true\" focusable=\"false\" data-prefix=\"fab\" data-icon=\"telegram\" class=\"svg-inline--fa fa-telegram fa-w-16\" role=\"img\" xmlns=\"http:\/\/www.w3.org\/2000\/svg\" viewbox=\"0 0 496 512\"><path fill=\"currentColor\" d=\"M248 8C111 8 0 119 0 256s111 248 248 248 248-111 248-248S385 8 248 8zm121.8 169.9l-40.7 191.8c-3 13.6-11.1 16.9-22.4 10.5l-62-45.7-29.9 28.8c-3.3 3.3-6.1 6.1-12.5 6.1l4.4-63.1 114.9-103.8c5-4.4-1.1-6.9-7.7-2.5l-142 89.4-61.2-19.1c-13.3-4.2-13.6-13.3 2.8-19.7l239.1-92.2c11.1-4 20.8 2.7 17.2 19.5z\"><\/path><\/svg>\r\n        <\/a><\/li><li class=\"mec-event-social-icon\"><a class=\"email\" href=\"mailto:?subject=R\u00e9veillez le Gu\u00e9risseur en vous - Stage de SOINS ENERGETIQUES&body=https%3A%2F%2Fwww.helloasso.com%2Fassociations%2Ffrom-joy-to-animals-nature-earth%2Fevenements%2Freveillez-le-guerisseur-en-vous-1%3F_ga%3D2.41882658.1618352095.1676971522-1355333273.1676971522\" title=\"Email\"><i class=\"mec-fa-envelope\"><\/i><\/a><\/li>                                <\/ul>\r\n                            <\/li>\r\n                        <\/ul>\r\n                                                                                                <a class=\"mec-booking-button\"  data-event-id=\"2297\" href=\"https:\/\/www.helloasso.com\/associations\/from-joy-to-animals-nature-earth\/evenements\/reveillez-le-guerisseur-en-vous-1?_ga=2.41882658.1618352095.1676971522-1355333273.1676971522\" target=\"_self\" rel=\"noopener\">View Detail<\/a>                    <\/div>\r\n                            <\/article>\r\n                    <script type=\"application\/ld+json\">\r\n        {\r\n            \"@context\": \"http:\/\/schema.org\",\r\n            \"@type\": \"Event\",\r\n            \"eventStatus\": \"https:\/\/schema.org\/EventScheduled\",\r\n            \"startDate\": \"2026-05-16\",\r\n            \"endDate\": \"2026-05-17\",\r\n            \"eventAttendanceMode\": \"https:\/\/schema.org\/OfflineEventAttendanceMode\",\r\n            \"location\":\r\n            {\r\n                \"@type\": \"Place\",\r\n                                \"name\": \"La bastide des Lumi\u00e8res\",\r\n                \"image\": \"\",\r\n                \"address\": \"\"\r\n                            },\r\n            \"organizer\":\r\n            {\r\n                \"@type\": \"Person\",\r\n                \"name\": \"\",\r\n                \"url\": \"\"\r\n            },\r\n            \"offers\":\r\n            {\r\n                \"url\": \"https:\/\/fromjoy.fr\/evenements\/#stage\",\r\n                \"price\": \"\",\r\n                \"priceCurrency\": \"EUR\",\r\n                \"availability\": \"https:\/\/schema.org\/InStock\",\r\n                \"validFrom\": \"2026-05-16T00:00\"\r\n            },\r\n            \"performer\": \"\",\r\n            \"description\": \"\",\r\n            \"image\": \"https:\/\/fromjoyasso.org\/wp-content\/uploads\/2025\/08\/7.jpg\",\r\n            \"name\": \"REVELATION &#8211; UNE INITIATION A LA COMMUNICATION ANIMALE\",\r\n            \"url\": \"https:\/\/fromjoy.fr\/evenements\/#stage\"\r\n        }\r\n        <\/script>\r\n                    <article class=\"mec-event-article  mec-clear  mec-divider-toggle mec-toggle-202605-459\" itemscope>\r\n                                                        <div class=\"mec-topsec\">\r\n                        <div class=\"col-md-3 mec-event-image-wrap mec-col-table-c\">\r\n                            <div class=\"mec-event-image\"><a   data-event-id=\"3339\" href=\"https:\/\/fromjoy.fr\/evenements\/#stage\" target=\"_self\" rel=\"noopener\"><img width=\"300\" height=\"300\" src=\"https:\/\/fromjoyasso.org\/wp-content\/uploads\/2025\/08\/7-300x300.jpg\" class=\"attachment-thumblist size-thumblist wp-post-image\" alt=\"\" data-mec-postid=\"3339\" decoding=\"async\" loading=\"lazy\" \/><\/a><\/div>\r\n                        <\/div>\r\n                        <div class=\"col-md-6 mec-col-table-c mec-event-content-wrap\">\r\n                            <div class=\"mec-event-content\">\r\n                                                                <h3 class=\"mec-event-title\"><a class=\"mec-color-hover\"  data-event-id=\"3339\" href=\"https:\/\/fromjoy.fr\/evenements\/#stage\" target=\"_self\" rel=\"noopener\">REVELATION &#8211; UNE INITIATION A LA COMMUNICATION ANIMALE<\/a><span class=\"event-color\" style=\"background: #\"><\/span><\/h3>\r\n                                <div class=\"mec-event-description\"><\/div>\r\n                            <\/div>\r\n                        <\/div>\r\n                        <div class=\"col-md-3 mec-col-table-c mec-event-meta-wrap\">\r\n                            <div class=\"mec-event-meta mec-color-before\">\r\n                                <div class=\"mec-date-details\">\r\n                                                                            <span class=\"mec-event-d\"><span class=\"mec-start-date-label\" itemprop=\"startDate\">16 - 17 May 2026<\/span><\/span>\r\n                                                                    <\/div>\r\n                                                                <div class=\"mec-time-details\"><span class=\"mec-start-time\">09:30<\/span> - <span class=\"mec-end-time\">18:00<\/span><\/div>                                                                                                <div class=\"mec-venue-details\">\r\n                                    <span>La bastide des Lumi\u00e8res<\/span><address class=\"mec-event-address\"><span><\/span><\/address>\r\n                                <\/div>\r\n                                                                                                                                                                                            <\/div>\r\n                        <\/div>\r\n                    <\/div>\r\n                    <div class=\"mec-event-footer\">\r\n                                                <ul class=\"mec-event-sharing-wrap\">\r\n                            <li class=\"mec-event-share\">\r\n                                <a href=\"#\" class=\"mec-event-share-icon\">\r\n                                    <i class=\"mec-sl-share\" title=\"social share\"><\/i>\r\n                                <\/a>\r\n                            <\/li>\r\n                            <li>\r\n                                <ul class=\"mec-event-sharing\">\r\n                                    <li class=\"mec-event-social-icon\"><a class=\"facebook\" href=\"https:\/\/www.facebook.com\/sharer\/sharer.php?u=https%3A%2F%2Ffromjoy.fr%2Fevenements%2F%23stage\" onclick=\"javascript:window.open(this.href, '', 'menubar=no,toolbar=no,resizable=yes,scrollbars=yes,height=500,width=600'); return false;\" title=\"Share on Facebook\"><i class=\"mec-fa-facebook\"><\/i><\/a><\/li><li class=\"mec-event-social-icon\"><a class=\"telegram\" href=\"https:\/\/telegram.me\/share\/url?url=https%3A%2F%2Ffromjoy.fr%2Fevenements%2F%23stage&text=REVELATION &#8211; UNE INITIATION A LA COMMUNICATION ANIMALE\" title=\"Share on Telegram\">\r\n        <svg aria-hidden=\"true\" focusable=\"false\" data-prefix=\"fab\" data-icon=\"telegram\" class=\"svg-inline--fa fa-telegram fa-w-16\" role=\"img\" xmlns=\"http:\/\/www.w3.org\/2000\/svg\" viewbox=\"0 0 496 512\"><path fill=\"currentColor\" d=\"M248 8C111 8 0 119 0 256s111 248 248 248 248-111 248-248S385 8 248 8zm121.8 169.9l-40.7 191.8c-3 13.6-11.1 16.9-22.4 10.5l-62-45.7-29.9 28.8c-3.3 3.3-6.1 6.1-12.5 6.1l4.4-63.1 114.9-103.8c5-4.4-1.1-6.9-7.7-2.5l-142 89.4-61.2-19.1c-13.3-4.2-13.6-13.3 2.8-19.7l239.1-92.2c11.1-4 20.8 2.7 17.2 19.5z\"><\/path><\/svg>\r\n        <\/a><\/li><li class=\"mec-event-social-icon\"><a class=\"email\" href=\"mailto:?subject=REVELATION - UNE INITIATION A LA COMMUNICATION ANIMALE&body=https%3A%2F%2Ffromjoy.fr%2Fevenements%2F%23stage\" title=\"Email\"><i class=\"mec-fa-envelope\"><\/i><\/a><\/li>                                <\/ul>\r\n                            <\/li>\r\n                        <\/ul>\r\n                                                                                                <a class=\"mec-booking-button\"  data-event-id=\"3339\" href=\"https:\/\/fromjoy.fr\/evenements\/#stage\" target=\"_self\" rel=\"noopener\">View Detail<\/a>                    <\/div>\r\n                            <\/article>\r\n                    <script type=\"application\/ld+json\">\r\n        {\r\n            \"@context\": \"http:\/\/schema.org\",\r\n            \"@type\": \"Event\",\r\n            \"eventStatus\": \"https:\/\/schema.org\/EventScheduled\",\r\n            \"startDate\": \"2026-05-16\",\r\n            \"endDate\": \"2026-06-07\",\r\n            \"eventAttendanceMode\": \"https:\/\/schema.org\/OfflineEventAttendanceMode\",\r\n            \"location\":\r\n            {\r\n                \"@type\": \"Place\",\r\n                                \"name\": \"\",\r\n                \"image\": \"\",\r\n                \"address\": \"\"\r\n                            },\r\n            \"organizer\":\r\n            {\r\n                \"@type\": \"Person\",\r\n                \"name\": \"\",\r\n                \"url\": \"\"\r\n            },\r\n            \"offers\":\r\n            {\r\n                \"url\": \"https:\/\/fromjoy.fr\/evenements\/#stage\",\r\n                \"price\": \"\",\r\n                \"priceCurrency\": \"EUR\",\r\n                \"availability\": \"https:\/\/schema.org\/InStock\",\r\n                \"validFrom\": \"2026-05-16T00:00\"\r\n            },\r\n            \"performer\": \"\",\r\n            \"description\": \"\",\r\n            \"image\": \"https:\/\/fromjoyasso.org\/wp-content\/uploads\/2025\/10\/RETRAITE-ITALIE_DIANA-GANDRA_CAM24552-scaled.jpg\",\r\n            \"name\": \"DIALOGUE ANIMAL &#8211; STAGE AVANCE DE COMMUNICATION ANIMALE\",\r\n            \"url\": \"https:\/\/fromjoy.fr\/evenements\/#stage\"\r\n        }\r\n        <\/script>\r\n                    <article class=\"mec-event-article  mec-clear  mec-divider-toggle mec-toggle-202605-459\" itemscope>\r\n                                                        <div class=\"mec-topsec\">\r\n                        <div class=\"col-md-3 mec-event-image-wrap mec-col-table-c\">\r\n                            <div class=\"mec-event-image\"><a   data-event-id=\"3340\" href=\"https:\/\/fromjoy.fr\/evenements\/#stage\" target=\"_self\" rel=\"noopener\"><img width=\"300\" height=\"300\" src=\"https:\/\/fromjoyasso.org\/wp-content\/uploads\/2025\/10\/RETRAITE-ITALIE_DIANA-GANDRA_CAM24552-300x300.jpg\" class=\"attachment-thumblist size-thumblist wp-post-image\" alt=\"\" data-mec-postid=\"3340\" decoding=\"async\" loading=\"lazy\" \/><\/a><\/div>\r\n                        <\/div>\r\n                        <div class=\"col-md-6 mec-col-table-c mec-event-content-wrap\">\r\n                            <div class=\"mec-event-content\">\r\n                                                                <h3 class=\"mec-event-title\"><a class=\"mec-color-hover\"  data-event-id=\"3340\" href=\"https:\/\/fromjoy.fr\/evenements\/#stage\" target=\"_self\" rel=\"noopener\">DIALOGUE ANIMAL &#8211; STAGE AVANCE DE COMMUNICATION ANIMALE<\/a><span class=\"event-color\" style=\"background: #\"><\/span><\/h3>\r\n                                <div class=\"mec-event-description\"><\/div>\r\n                            <\/div>\r\n                        <\/div>\r\n                        <div class=\"col-md-3 mec-col-table-c mec-event-meta-wrap\">\r\n                            <div class=\"mec-event-meta mec-color-before\">\r\n                                <div class=\"mec-date-details\">\r\n                                                                            <span class=\"mec-event-d\"><span class=\"mec-start-date-label\" itemprop=\"startDate\">16 May 2026<\/span><span class=\"mec-end-date-label\" itemprop=\"endDate\"> - 07 Jun 2026<\/span><\/span>\r\n                                                                    <\/div>\r\n                                                                <div class=\"mec-time-details\"><span class=\"mec-start-time\">09:30<\/span> - <span class=\"mec-end-time\">18:00<\/span><\/div>                                                                                                                                                                                                                            <\/div>\r\n                        <\/div>\r\n                    <\/div>\r\n                    <div class=\"mec-event-footer\">\r\n                                                <ul class=\"mec-event-sharing-wrap\">\r\n                            <li class=\"mec-event-share\">\r\n                                <a href=\"#\" class=\"mec-event-share-icon\">\r\n                                    <i class=\"mec-sl-share\" title=\"social share\"><\/i>\r\n                                <\/a>\r\n                            <\/li>\r\n                            <li>\r\n                                <ul class=\"mec-event-sharing\">\r\n                                    <li class=\"mec-event-social-icon\"><a class=\"facebook\" href=\"https:\/\/www.facebook.com\/sharer\/sharer.php?u=https%3A%2F%2Ffromjoy.fr%2Fevenements%2F%23stage\" onclick=\"javascript:window.open(this.href, '', 'menubar=no,toolbar=no,resizable=yes,scrollbars=yes,height=500,width=600'); return false;\" title=\"Share on Facebook\"><i class=\"mec-fa-facebook\"><\/i><\/a><\/li><li class=\"mec-event-social-icon\"><a class=\"telegram\" href=\"https:\/\/telegram.me\/share\/url?url=https%3A%2F%2Ffromjoy.fr%2Fevenements%2F%23stage&text=DIALOGUE ANIMAL &#8211; STAGE AVANCE DE COMMUNICATION ANIMALE\" title=\"Share on Telegram\">\r\n        <svg aria-hidden=\"true\" focusable=\"false\" data-prefix=\"fab\" data-icon=\"telegram\" class=\"svg-inline--fa fa-telegram fa-w-16\" role=\"img\" xmlns=\"http:\/\/www.w3.org\/2000\/svg\" viewbox=\"0 0 496 512\"><path fill=\"currentColor\" d=\"M248 8C111 8 0 119 0 256s111 248 248 248 248-111 248-248S385 8 248 8zm121.8 169.9l-40.7 191.8c-3 13.6-11.1 16.9-22.4 10.5l-62-45.7-29.9 28.8c-3.3 3.3-6.1 6.1-12.5 6.1l4.4-63.1 114.9-103.8c5-4.4-1.1-6.9-7.7-2.5l-142 89.4-61.2-19.1c-13.3-4.2-13.6-13.3 2.8-19.7l239.1-92.2c11.1-4 20.8 2.7 17.2 19.5z\"><\/path><\/svg>\r\n        <\/a><\/li><li class=\"mec-event-social-icon\"><a class=\"email\" href=\"mailto:?subject=DIALOGUE ANIMAL - STAGE AVANCE DE COMMUNICATION ANIMALE&body=https%3A%2F%2Ffromjoy.fr%2Fevenements%2F%23stage\" title=\"Email\"><i class=\"mec-fa-envelope\"><\/i><\/a><\/li>                                <\/ul>\r\n                            <\/li>\r\n                        <\/ul>\r\n                                                                                                <a class=\"mec-booking-button\"  data-event-id=\"3340\" href=\"https:\/\/fromjoy.fr\/evenements\/#stage\" target=\"_self\" rel=\"noopener\">View Detail<\/a>                    <\/div>\r\n                            <\/article>\r\n            \t\t\t<\/div>\r\n<\/div>\r\n\r\n    <\/div>\r\n    <div class=\"mec-skin-list-no-events-container mec-util-hidden\" id=\"mec_skin_no_events_459\">\r\n        No event found!    <\/div>\r\n        \r\n        <div class=\"mec-load-more-wrap\"><div class=\"mec-load-more-button\">Load More<\/div><\/div>\r\n        \r\n<\/div>\n\t\t\t\t<\/div>\n\t\t\t<\/div>En ligneRendez-vous de PRATIQUE<div class=\"et_pb_module mecdivi_MECShortcodes mecdivi_MECShortcodes_1\">\n\t\t\t\t\n\t\t\t\t\n\t\t\t\t\n\t\t\t\t\n\t\t\t\t\n\t\t\t\t\n\t\t\t\t<div class=\"et_pb_module_inner\">\n\t\t\t\t\t<div class=\"mec-wrap mec-skin-list-container\" id=\"mec_skin_460\">\r\n    \r\n    \r\n            <div class=\"mec-skin-list-events-container\" id=\"mec_skin_events_460\">\r\n        <div class=\"mec-wrap colorskin-custom\">\r\n\t<div class=\"mec-event-list-standard\">\r\n\t\t\r\n            \r\n                    <script type=\"application\/ld+json\">\r\n        {\r\n            \"@context\": \"http:\/\/schema.org\",\r\n            \"@type\": \"Event\",\r\n            \"eventStatus\": \"https:\/\/schema.org\/EventScheduled\",\r\n            \"startDate\": \"2026-05-16\",\r\n            \"endDate\": \"2021-07-25\",\r\n            \"eventAttendanceMode\": \"https:\/\/schema.org\/OfflineEventAttendanceMode\",\r\n            \"location\":\r\n            {\r\n                \"@type\": \"Place\",\r\n                                \"name\": \"Port d'Antibes\",\r\n                \"image\": \"\",\r\n                \"address\": \"ANtibes\"\r\n                            },\r\n            \"organizer\":\r\n            {\r\n                \"@type\": \"Person\",\r\n                \"name\": \"Joy\",\r\n                \"url\": \"\"\r\n            },\r\n            \"offers\":\r\n            {\r\n                \"url\": \"https:\/\/www.helloasso.com\/associations\/from-joy-to-animals-nature-earth\/evenements\/juillet\",\r\n                \"price\": \"100.00\u20ac\",\r\n                \"priceCurrency\": \"EUR\",\r\n                \"availability\": \"https:\/\/schema.org\/InStock\",\r\n                \"validFrom\": \"2026-05-16T00:00\"\r\n            },\r\n            \"performer\": \"\",\r\n            \"description\": \"\",\r\n            \"image\": \"https:\/\/fromjoyasso.org\/wp-content\/uploads\/2021\/06\/dolphin-402288_640.jpg\",\r\n            \"name\": \"Journ\u00e9e de Pratique avec les DAUPHINS\",\r\n            \"url\": \"https:\/\/www.helloasso.com\/associations\/from-joy-to-animals-nature-earth\/evenements\/juillet\"\r\n        }\r\n        <\/script>\r\n                    <article class=\"mec-past-event mec-event-article  mec-clear  mec-divider-toggle mec-toggle-202605-460\" itemscope>\r\n                                                        <div class=\"mec-topsec\">\r\n                        <div class=\"col-md-3 mec-event-image-wrap mec-col-table-c\">\r\n                            <div class=\"mec-event-image\"><a   data-event-id=\"564\" href=\"https:\/\/www.helloasso.com\/associations\/from-joy-to-animals-nature-earth\/evenements\/juillet\" target=\"_self\" rel=\"noopener\"><img width=\"300\" height=\"212\" src=\"https:\/\/fromjoyasso.org\/wp-content\/uploads\/2021\/06\/dolphin-402288_640.jpg\" class=\"attachment-thumblist size-thumblist wp-post-image\" alt=\"Dauphins\" data-mec-postid=\"564\" decoding=\"async\" loading=\"lazy\" \/><\/a><\/div>\r\n                        <\/div>\r\n                        <div class=\"col-md-6 mec-col-table-c mec-event-content-wrap\">\r\n                            <div class=\"mec-event-content\">\r\n                                                                <h3 class=\"mec-event-title\"><a class=\"mec-color-hover\"  data-event-id=\"564\" href=\"https:\/\/www.helloasso.com\/associations\/from-joy-to-animals-nature-earth\/evenements\/juillet\" target=\"_self\" rel=\"noopener\">Journ\u00e9e de Pratique avec les DAUPHINS<\/a><span class=\"event-color\" style=\"background: #a3b745\"><\/span><\/h3>\r\n                                <div class=\"mec-event-description\"><\/div>\r\n                            <\/div>\r\n                        <\/div>\r\n                        <div class=\"col-md-3 mec-col-table-c mec-event-meta-wrap\">\r\n                            <div class=\"mec-event-meta mec-color-before\">\r\n                                <div class=\"mec-date-details\">\r\n                                                                            <span class=\"mec-event-d\"><span class=\"mec-start-date-label\" itemprop=\"startDate\">16 May<\/span><\/span>\r\n                                                                    <\/div>\r\n                                                                <div class=\"mec-time-details\"><span class=\"mec-start-time\">08:00<\/span> - <span class=\"mec-end-time\">18:00<\/span><\/div>                                                                                                <div class=\"mec-venue-details\">\r\n                                    <span>Port d'Antibes<\/span><address class=\"mec-event-address\"><span>ANtibes<\/span><\/address>\r\n                                <\/div>\r\n                                                                                                                                                                                            <\/div>\r\n                        <\/div>\r\n                    <\/div>\r\n                    <div class=\"mec-event-footer\">\r\n                                                <ul class=\"mec-event-sharing-wrap\">\r\n                            <li class=\"mec-event-share\">\r\n                                <a href=\"#\" class=\"mec-event-share-icon\">\r\n                                    <i class=\"mec-sl-share\" title=\"social share\"><\/i>\r\n                                <\/a>\r\n                            <\/li>\r\n                            <li>\r\n                                <ul class=\"mec-event-sharing\">\r\n                                    <li class=\"mec-event-social-icon\"><a class=\"facebook\" href=\"https:\/\/www.facebook.com\/sharer\/sharer.php?u=https%3A%2F%2Fwww.helloasso.com%2Fassociations%2Ffrom-joy-to-animals-nature-earth%2Fevenements%2Fjuillet\" onclick=\"javascript:window.open(this.href, '', 'menubar=no,toolbar=no,resizable=yes,scrollbars=yes,height=500,width=600'); return false;\" title=\"Share on Facebook\"><i class=\"mec-fa-facebook\"><\/i><\/a><\/li><li class=\"mec-event-social-icon\"><a class=\"telegram\" href=\"https:\/\/telegram.me\/share\/url?url=https%3A%2F%2Fwww.helloasso.com%2Fassociations%2Ffrom-joy-to-animals-nature-earth%2Fevenements%2Fjuillet&text=Journ\u00e9e de Pratique avec les DAUPHINS\" title=\"Share on Telegram\">\r\n        <svg aria-hidden=\"true\" focusable=\"false\" data-prefix=\"fab\" data-icon=\"telegram\" class=\"svg-inline--fa fa-telegram fa-w-16\" role=\"img\" xmlns=\"http:\/\/www.w3.org\/2000\/svg\" viewbox=\"0 0 496 512\"><path fill=\"currentColor\" d=\"M248 8C111 8 0 119 0 256s111 248 248 248 248-111 248-248S385 8 248 8zm121.8 169.9l-40.7 191.8c-3 13.6-11.1 16.9-22.4 10.5l-62-45.7-29.9 28.8c-3.3 3.3-6.1 6.1-12.5 6.1l4.4-63.1 114.9-103.8c5-4.4-1.1-6.9-7.7-2.5l-142 89.4-61.2-19.1c-13.3-4.2-13.6-13.3 2.8-19.7l239.1-92.2c11.1-4 20.8 2.7 17.2 19.5z\"><\/path><\/svg>\r\n        <\/a><\/li><li class=\"mec-event-social-icon\"><a class=\"email\" href=\"mailto:?subject=Journ\u00e9e de Pratique avec les DAUPHINS&body=https%3A%2F%2Fwww.helloasso.com%2Fassociations%2Ffrom-joy-to-animals-nature-earth%2Fevenements%2Fjuillet\" title=\"Email\"><i class=\"mec-fa-envelope\"><\/i><\/a><\/li>                                <\/ul>\r\n                            <\/li>\r\n                        <\/ul>\r\n                                                                                                <a class=\"mec-booking-button\"  data-event-id=\"564\" href=\"https:\/\/www.helloasso.com\/associations\/from-joy-to-animals-nature-earth\/evenements\/juillet\" target=\"_self\" rel=\"noopener\">View Detail<\/a>                    <\/div>\r\n                            <\/article>\r\n                    <script type=\"application\/ld+json\">\r\n        {\r\n            \"@context\": \"http:\/\/schema.org\",\r\n            \"@type\": \"Event\",\r\n            \"eventStatus\": \"https:\/\/schema.org\/EventScheduled\",\r\n            \"startDate\": \"2026-05-16\",\r\n            \"endDate\": \"2021-08-22\",\r\n            \"eventAttendanceMode\": \"https:\/\/schema.org\/OfflineEventAttendanceMode\",\r\n            \"location\":\r\n            {\r\n                \"@type\": \"Place\",\r\n                                \"name\": \"Mougins\",\r\n                \"image\": \"\",\r\n                \"address\": \"Mougins\"\r\n                            },\r\n            \"organizer\":\r\n            {\r\n                \"@type\": \"Person\",\r\n                \"name\": \"Joy\",\r\n                \"url\": \"\"\r\n            },\r\n            \"offers\":\r\n            {\r\n                \"url\": \"https:\/\/fb.me\/e\/1Cuk4UYVI\",\r\n                \"price\": \"60.00\u20ac\",\r\n                \"priceCurrency\": \"EUR\",\r\n                \"availability\": \"https:\/\/schema.org\/InStock\",\r\n                \"validFrom\": \"2026-05-16T00:00\"\r\n            },\r\n            \"performer\": \"\",\r\n            \"description\": \"&lt;div class=&quot;kvgmc6g5 cxmmr5t8 oygrvhab hcukyx3x c1et5uql&quot;&gt;Bonjour \u00e0 toutes et \u00e0 tous,&lt;\/div&gt; &lt;div&gt;&lt;\/div&gt; &lt;div class=&quot;o9v6fnle cxmmr5t8 oygrvhab hcukyx3x c1et5uql&quot;&gt;JOURN\u00c9E RESERV\u00c9E AUX PERSONNES AYANT SUIVI UNE FORMATION DE COMMUNICATION ANIMALE.&lt;\/div&gt; &lt;div&gt;&lt;\/div&gt; &lt;div class=&quot;o9v6fnle cxmmr5t8 oygrvhab hcukyx3x c1et5uql&quot;&gt;Joy vous propose :&lt;br \/&gt; Une belle journ\u00e9e de pratique \u00e0 Mougins.&lt;\/div&gt; &lt;div class=&quot;o9v6fnle cxmmr5t8 oygrvhab hcukyx3x c1et5uql&quot;&gt;Vous recevrez un mail avec la localisation exacte pour pouvoir vous y rendre.&lt;br \/&gt; Une journ\u00e9e pendant laquelle nous pratiquerons tous ensemble supervis\u00e9 par Joy &lt;span class=&quot;pq6dq46d tbxw36s4 knj5qynh kvgmc6g5 ditlmg2l oygrvhab nvdbi5me sf5mxxl7 gl3lb2sf hhz5lgdu&quot;&gt;&lt;img loading=&quot;lazy&quot; decoding=&quot;async&quot; src=&quot;https:\/\/static.xx.fbcdn.net\/images\/emoji.php\/v9\/tf6\/2\/16\/1f609.png&quot; alt=&quot;\ud83d\ude09&quot; width=&quot;16&quot; height=&quot;16&quot; \/&gt;&lt;\/span&gt;&lt;\/div&gt; &lt;div&gt;&lt;\/div&gt; &lt;div class=&quot;o9v6fnle cxmmr5t8 oygrvhab hcukyx3x c1et5uql&quot;&gt;&lt;strong&gt;R\u00e9servation par email (joyf.contact@gmail.com) ou bien par SMS au 0763716713&lt;\/strong&gt; avec un paiement sur place directement.&lt;\/div&gt; &lt;div&gt;&lt;\/div&gt; &lt;div class=&quot;o9v6fnle cxmmr5t8 oygrvhab hcukyx3x c1et5uql&quot;&gt;&lt;strong&gt;L\u026a\u1d07\u1d1c&lt;\/strong&gt; : Mougins (06) &lt;span class=&quot;pq6dq46d tbxw36s4 knj5qynh kvgmc6g5 ditlmg2l oygrvhab nvdbi5me sf5mxxl7 gl3lb2sf hhz5lgdu&quot;&gt;&lt;img loading=&quot;lazy&quot; decoding=&quot;async&quot; src=&quot;https:\/\/static.xx.fbcdn.net\/images\/emoji.php\/v9\/teb\/2\/16\/1f642.png&quot; alt=&quot;\ud83d\ude42&quot; width=&quot;16&quot; height=&quot;16&quot; \/&gt;&lt;\/span&gt;&lt;br \/&gt; &lt;strong&gt;T\u1d00\u0280\u026a\ua730&lt;\/strong&gt; :&lt;br \/&gt; 60 \u20ac pour les non-membres&lt;br \/&gt; -5 % pour les membres Poussins&lt;br \/&gt; -10 % pour les membres Cygnes&lt;\/div&gt; &lt;div class=&quot;o9v6fnle cxmmr5t8 oygrvhab hcukyx3x c1et5uql&quot;&gt;Paiement par ch\u00e8que ou virement\/paylib avant la journ\u00e9e&lt;br \/&gt; 5 personnes minimum &lt;span class=&quot;pq6dq46d tbxw36s4 knj5qynh kvgmc6g5 ditlmg2l oygrvhab nvdbi5me sf5mxxl7 gl3lb2sf hhz5lgdu&quot;&gt;&lt;img loading=&quot;lazy&quot; decoding=&quot;async&quot; src=&quot;https:\/\/static.xx.fbcdn.net\/images\/emoji.php\/v9\/tf6\/2\/16\/1f609.png&quot; alt=&quot;\ud83d\ude09&quot; width=&quot;16&quot; height=&quot;16&quot; \/&gt;&lt;\/span&gt;&lt;\/div&gt; &lt;div&gt;&lt;\/div&gt; &lt;div class=&quot;o9v6fnle cxmmr5t8 oygrvhab hcukyx3x c1et5uql&quot;&gt;A tr\u00e8s bient\u00f4t,&lt;\/div&gt; \",\r\n            \"image\": \"https:\/\/fromjoyasso.org\/wp-content\/uploads\/2021\/07\/Doudou.Naori_.FJANE_.fromjoy.jpg\",\r\n            \"name\": \"Journ\u00e9e de pratique\",\r\n            \"url\": \"https:\/\/fb.me\/e\/1Cuk4UYVI\"\r\n        }\r\n        <\/script>\r\n                    <article class=\"mec-past-event mec-event-article  mec-clear  mec-divider-toggle mec-toggle-202605-460\" itemscope>\r\n                                                        <div class=\"mec-topsec\">\r\n                        <div class=\"col-md-3 mec-event-image-wrap mec-col-table-c\">\r\n                            <div class=\"mec-event-image\"><a   data-event-id=\"2254\" href=\"https:\/\/fb.me\/e\/1Cuk4UYVI\" target=\"_self\" rel=\"noopener\"><img width=\"300\" height=\"300\" src=\"https:\/\/fromjoyasso.org\/wp-content\/uploads\/2021\/07\/Doudou.Naori_.FJANE_.fromjoy-300x300.jpg\" class=\"attachment-thumblist size-thumblist wp-post-image\" alt=\"\" data-mec-postid=\"2254\" decoding=\"async\" loading=\"lazy\" \/><\/a><\/div>\r\n                        <\/div>\r\n                        <div class=\"col-md-6 mec-col-table-c mec-event-content-wrap\">\r\n                            <div class=\"mec-event-content\">\r\n                                                                <h3 class=\"mec-event-title\"><a class=\"mec-color-hover\"  data-event-id=\"2254\" href=\"https:\/\/fb.me\/e\/1Cuk4UYVI\" target=\"_self\" rel=\"noopener\">Journ\u00e9e de pratique<\/a><span class=\"event-color\" style=\"background: #1766a8\"><\/span><\/h3>\r\n                                <div class=\"mec-event-description\">Bonjour \u00e0 toutes et \u00e0 tous,\r\n\r\nJOURN\u00c9E RESERV\u00c9E AUX PERSONNES AYANT <span>...<\/span><\/div>\r\n                            <\/div>\r\n                        <\/div>\r\n                        <div class=\"col-md-3 mec-col-table-c mec-event-meta-wrap\">\r\n                            <div class=\"mec-event-meta mec-color-before\">\r\n                                <div class=\"mec-date-details\">\r\n                                                                            <span class=\"mec-event-d\"><span class=\"mec-start-date-label\" itemprop=\"startDate\">16 May<\/span><\/span>\r\n                                                                    <\/div>\r\n                                                                <div class=\"mec-time-details\"><span class=\"mec-start-time\">10:00<\/span> - <span class=\"mec-end-time\">18:00<\/span><\/div>                                                                                                <div class=\"mec-venue-details\">\r\n                                    <span>Mougins<\/span><address class=\"mec-event-address\"><span>Mougins<\/span><\/address>\r\n                                <\/div>\r\n                                                                                                                                                                                            <\/div>\r\n                        <\/div>\r\n                    <\/div>\r\n                    <div class=\"mec-event-footer\">\r\n                                                <ul class=\"mec-event-sharing-wrap\">\r\n                            <li class=\"mec-event-share\">\r\n                                <a href=\"#\" class=\"mec-event-share-icon\">\r\n                                    <i class=\"mec-sl-share\" title=\"social share\"><\/i>\r\n                                <\/a>\r\n                            <\/li>\r\n                            <li>\r\n                                <ul class=\"mec-event-sharing\">\r\n                                    <li class=\"mec-event-social-icon\"><a class=\"facebook\" href=\"https:\/\/www.facebook.com\/sharer\/sharer.php?u=https%3A%2F%2Ffb.me%2Fe%2F1Cuk4UYVI\" onclick=\"javascript:window.open(this.href, '', 'menubar=no,toolbar=no,resizable=yes,scrollbars=yes,height=500,width=600'); return false;\" title=\"Share on Facebook\"><i class=\"mec-fa-facebook\"><\/i><\/a><\/li><li class=\"mec-event-social-icon\"><a class=\"telegram\" href=\"https:\/\/telegram.me\/share\/url?url=https%3A%2F%2Ffb.me%2Fe%2F1Cuk4UYVI&text=Journ\u00e9e de pratique\" title=\"Share on Telegram\">\r\n        <svg aria-hidden=\"true\" focusable=\"false\" data-prefix=\"fab\" data-icon=\"telegram\" class=\"svg-inline--fa fa-telegram fa-w-16\" role=\"img\" xmlns=\"http:\/\/www.w3.org\/2000\/svg\" viewbox=\"0 0 496 512\"><path fill=\"currentColor\" d=\"M248 8C111 8 0 119 0 256s111 248 248 248 248-111 248-248S385 8 248 8zm121.8 169.9l-40.7 191.8c-3 13.6-11.1 16.9-22.4 10.5l-62-45.7-29.9 28.8c-3.3 3.3-6.1 6.1-12.5 6.1l4.4-63.1 114.9-103.8c5-4.4-1.1-6.9-7.7-2.5l-142 89.4-61.2-19.1c-13.3-4.2-13.6-13.3 2.8-19.7l239.1-92.2c11.1-4 20.8 2.7 17.2 19.5z\"><\/path><\/svg>\r\n        <\/a><\/li><li class=\"mec-event-social-icon\"><a class=\"email\" href=\"mailto:?subject=Journ\u00e9e de pratique&body=https%3A%2F%2Ffb.me%2Fe%2F1Cuk4UYVI\" title=\"Email\"><i class=\"mec-fa-envelope\"><\/i><\/a><\/li>                                <\/ul>\r\n                            <\/li>\r\n                        <\/ul>\r\n                                                                                                <a class=\"mec-booking-button\"  data-event-id=\"2254\" href=\"https:\/\/fb.me\/e\/1Cuk4UYVI\" target=\"_self\" rel=\"noopener\">View Detail<\/a>                    <\/div>\r\n                            <\/article>\r\n                    <script type=\"application\/ld+json\">\r\n        {\r\n            \"@context\": \"http:\/\/schema.org\",\r\n            \"@type\": \"Event\",\r\n            \"eventStatus\": \"https:\/\/schema.org\/EventScheduled\",\r\n            \"startDate\": \"2026-05-16\",\r\n            \"endDate\": \"2026-05-30\",\r\n            \"eventAttendanceMode\": \"https:\/\/schema.org\/OfflineEventAttendanceMode\",\r\n            \"location\":\r\n            {\r\n                \"@type\": \"Place\",\r\n                                \"name\": \"St Vallier (06)\",\r\n                \"image\": \"\",\r\n                \"address\": \"St Vallier (06)\"\r\n                            },\r\n            \"organizer\":\r\n            {\r\n                \"@type\": \"Person\",\r\n                \"name\": \"Joy\",\r\n                \"url\": \"\"\r\n            },\r\n            \"offers\":\r\n            {\r\n                \"url\": \"https:\/\/www.helloasso.com\/associations\/from-joy-to-animals-nature-earth\/evenements\/journee-de-pratique-avec-les-chevaux\",\r\n                \"price\": \"65.00\u20ac\",\r\n                \"priceCurrency\": \"EUR\",\r\n                \"availability\": \"https:\/\/schema.org\/InStock\",\r\n                \"validFrom\": \"2026-05-16T00:00\"\r\n            },\r\n            \"performer\": \"\",\r\n            \"description\": \"&lt;p&gt;Une journ\u00e9e pour pratiquer tous ensemble : s&rsquo;am\u00e9liorer, approfondir sa technique de communication et sa relation \u00e0 son animal ! ;)Une journ\u00e9e pour pratiquer tous ensemble : s&rsquo;am\u00e9liorer, approfondir sa technique de communication et sa relation \u00e0 son animal !&lt;\/p&gt; \",\r\n            \"image\": \"https:\/\/fromjoyasso.org\/wp-content\/uploads\/2021\/08\/Sans-titre-6.png\",\r\n            \"name\": \"Journ\u00e9e de Pratique avec les chevaux \u00e0 St Vallier (06)\",\r\n            \"url\": \"https:\/\/www.helloasso.com\/associations\/from-joy-to-animals-nature-earth\/evenements\/journee-de-pratique-avec-les-chevaux\"\r\n        }\r\n        <\/script>\r\n                    <article class=\"mec-event-article  mec-clear  mec-divider-toggle mec-toggle-202605-460\" itemscope>\r\n                                                        <div class=\"mec-topsec\">\r\n                        <div class=\"col-md-3 mec-event-image-wrap mec-col-table-c\">\r\n                            <div class=\"mec-event-image\"><a   data-event-id=\"2287\" href=\"https:\/\/www.helloasso.com\/associations\/from-joy-to-animals-nature-earth\/evenements\/journee-de-pratique-avec-les-chevaux\" target=\"_self\" rel=\"noopener\"><img width=\"300\" height=\"300\" src=\"https:\/\/fromjoyasso.org\/wp-content\/uploads\/2021\/08\/Sans-titre-6-300x300.png\" class=\"attachment-thumblist size-thumblist wp-post-image\" alt=\"Journ\u00e9e de Pratique\" data-mec-postid=\"2287\" decoding=\"async\" loading=\"lazy\" \/><\/a><\/div>\r\n                        <\/div>\r\n                        <div class=\"col-md-6 mec-col-table-c mec-event-content-wrap\">\r\n                            <div class=\"mec-event-content\">\r\n                                                                <h3 class=\"mec-event-title\"><a class=\"mec-color-hover\"  data-event-id=\"2287\" href=\"https:\/\/www.helloasso.com\/associations\/from-joy-to-animals-nature-earth\/evenements\/journee-de-pratique-avec-les-chevaux\" target=\"_self\" rel=\"noopener\">Journ\u00e9e de Pratique avec les chevaux \u00e0 St Vallier (06)<\/a><span class=\"event-color\" style=\"background: #\"><\/span><\/h3>\r\n                                <div class=\"mec-event-description\">Une journ\u00e9e pour pratiquer tous ensemble : s'am\u00e9liorer, approfondir sa technique de communication et sa relation \u00e0 son animal ! ;) <span>...<\/span><\/div>\r\n                            <\/div>\r\n                        <\/div>\r\n                        <div class=\"col-md-3 mec-col-table-c mec-event-meta-wrap\">\r\n                            <div class=\"mec-event-meta mec-color-before\">\r\n                                <div class=\"mec-date-details\">\r\n                                                                            <span class=\"mec-event-d\"><span class=\"mec-start-date-label\" itemprop=\"startDate\">16 - 30 May<\/span><\/span>\r\n                                                                    <\/div>\r\n                                                                <div class=\"mec-time-details\"><span class=\"mec-start-time\">11:00<\/span> - <span class=\"mec-end-time\">18:00<\/span><\/div>                                                                                                <div class=\"mec-venue-details\">\r\n                                    <span>St Vallier (06)<\/span><address class=\"mec-event-address\"><span>St Vallier (06)<\/span><\/address>\r\n                                <\/div>\r\n                                                                                                                                                                                            <\/div>\r\n                        <\/div>\r\n                    <\/div>\r\n                    <div class=\"mec-event-footer\">\r\n                                                <ul class=\"mec-event-sharing-wrap\">\r\n                            <li class=\"mec-event-share\">\r\n                                <a href=\"#\" class=\"mec-event-share-icon\">\r\n                                    <i class=\"mec-sl-share\" title=\"social share\"><\/i>\r\n                                <\/a>\r\n                            <\/li>\r\n                            <li>\r\n                                <ul class=\"mec-event-sharing\">\r\n                                    <li class=\"mec-event-social-icon\"><a class=\"facebook\" href=\"https:\/\/www.facebook.com\/sharer\/sharer.php?u=https%3A%2F%2Fwww.helloasso.com%2Fassociations%2Ffrom-joy-to-animals-nature-earth%2Fevenements%2Fjournee-de-pratique-avec-les-chevaux\" onclick=\"javascript:window.open(this.href, '', 'menubar=no,toolbar=no,resizable=yes,scrollbars=yes,height=500,width=600'); return false;\" title=\"Share on Facebook\"><i class=\"mec-fa-facebook\"><\/i><\/a><\/li><li class=\"mec-event-social-icon\"><a class=\"telegram\" href=\"https:\/\/telegram.me\/share\/url?url=https%3A%2F%2Fwww.helloasso.com%2Fassociations%2Ffrom-joy-to-animals-nature-earth%2Fevenements%2Fjournee-de-pratique-avec-les-chevaux&text=Journ\u00e9e de Pratique avec les chevaux \u00e0 St Vallier (06)\" title=\"Share on Telegram\">\r\n        <svg aria-hidden=\"true\" focusable=\"false\" data-prefix=\"fab\" data-icon=\"telegram\" class=\"svg-inline--fa fa-telegram fa-w-16\" role=\"img\" xmlns=\"http:\/\/www.w3.org\/2000\/svg\" viewbox=\"0 0 496 512\"><path fill=\"currentColor\" d=\"M248 8C111 8 0 119 0 256s111 248 248 248 248-111 248-248S385 8 248 8zm121.8 169.9l-40.7 191.8c-3 13.6-11.1 16.9-22.4 10.5l-62-45.7-29.9 28.8c-3.3 3.3-6.1 6.1-12.5 6.1l4.4-63.1 114.9-103.8c5-4.4-1.1-6.9-7.7-2.5l-142 89.4-61.2-19.1c-13.3-4.2-13.6-13.3 2.8-19.7l239.1-92.2c11.1-4 20.8 2.7 17.2 19.5z\"><\/path><\/svg>\r\n        <\/a><\/li><li class=\"mec-event-social-icon\"><a class=\"email\" href=\"mailto:?subject=Journ\u00e9e de Pratique avec les chevaux \u00e0 St Vallier (06)&body=https%3A%2F%2Fwww.helloasso.com%2Fassociations%2Ffrom-joy-to-animals-nature-earth%2Fevenements%2Fjournee-de-pratique-avec-les-chevaux\" title=\"Email\"><i class=\"mec-fa-envelope\"><\/i><\/a><\/li>                                <\/ul>\r\n                            <\/li>\r\n                        <\/ul>\r\n                                                                                                <a class=\"mec-booking-button\"  data-event-id=\"2287\" href=\"https:\/\/www.helloasso.com\/associations\/from-joy-to-animals-nature-earth\/evenements\/journee-de-pratique-avec-les-chevaux\" target=\"_self\" rel=\"noopener\">View Detail<\/a>                    <\/div>\r\n                            <\/article>\r\n            \t\t\t<\/div>\r\n<\/div>\r\n\r\n    <\/div>\r\n    <div class=\"mec-skin-list-no-events-container mec-util-hidden\" id=\"mec_skin_no_events_460\">\r\n        No event found!    <\/div>\r\n        \r\n        <div class=\"mec-load-more-wrap\"><div class=\"mec-load-more-button\">Load More<\/div><\/div>\r\n        \r\n<\/div>\n\t\t\t\t<\/div>\n\t\t\t<\/div>EN LIGNEAbonnement de 6 moisSoir\u00e9e de pratique sur le site de JoyRETRAITES<div class=\"et_pb_module mecdivi_MECShortcodes mecdivi_MECShortcodes_2\">\n\t\t\t\t\n\t\t\t\t\n\t\t\t\t\n\t\t\t\t\n\t\t\t\t\n\t\t\t\t\n\t\t\t\t<div class=\"et_pb_module_inner\">\n\t\t\t\t\t<div class=\"mec-wrap mec-skin-list-container\" id=\"mec_skin_502\">\r\n    \r\n    \r\n            <div class=\"mec-skin-list-events-container\" id=\"mec_skin_events_502\">\r\n        <div class=\"mec-wrap colorskin-custom\">\r\n\t<div class=\"mec-event-list-standard\">\r\n\t\t\r\n            \r\n                    <script type=\"application\/ld+json\">\r\n        {\r\n            \"@context\": \"http:\/\/schema.org\",\r\n            \"@type\": \"Event\",\r\n            \"eventStatus\": \"https:\/\/schema.org\/EventScheduled\",\r\n            \"startDate\": \"2026-05-16\",\r\n            \"endDate\": \"2021-09-19\",\r\n            \"eventAttendanceMode\": \"https:\/\/schema.org\/OfflineEventAttendanceMode\",\r\n            \"location\":\r\n            {\r\n                \"@type\": \"Place\",\r\n                                \"name\": \"Le Val\",\r\n                \"image\": \"https:\/\/fromjoyasso.org\/wp-content\/uploads\/2021\/06\/193876210_2826830257567653_4069271134455718448_n.jpg\",\r\n                \"address\": \"83\"\r\n                            },\r\n            \"organizer\":\r\n            {\r\n                \"@type\": \"Person\",\r\n                \"name\": \"Fiona\",\r\n                \"url\": \"https:\/\/haumyoga.fr\"\r\n            },\r\n            \"offers\":\r\n            {\r\n                \"url\": \"https:\/\/fromjoyasso.org\/en\/events\/retraite-yoga-et-reconnexion-a-soi\/\",\r\n                \"price\": \"790.00\u20ac\",\r\n                \"priceCurrency\": \"EUR\",\r\n                \"availability\": \"https:\/\/schema.org\/InStock\",\r\n                \"validFrom\": \"2026-05-16T00:00\"\r\n            },\r\n            \"performer\": \"\",\r\n            \"description\": \"&lt;p&gt;Dans cette p\u00e9riode de renouveau et de transition \u00e9nerg\u00e9tique, nous ressentons le besoin de \ud835\udc2b\ud835\udc1e\ud835\udc2c\ud835\udc2d\ud835\udc1e\ud835\udc2b \ud835\udc1c\ud835\udc28\ud835\udc27\ud835\udc27\ud835\udc1e\ud835\udc1c\ud835\udc2d\ud835\udc1e\u0301 \ud835\udc1a\u0300 \ud835\udc27\ud835\udc28\ud835\udc2e\ud835\udc2c-\ud835\udc26\ud835\udc1e\u0302\ud835\udc26\ud835\udc1e\ud835\udc2c \ud835\udc29\ud835\udc28\ud835\udc2e\ud835\udc2b \ud835\udc1e\u0301\ud835\udc2f\ud835\udc28\ud835\udc25\ud835\udc2e\ud835\udc1e\ud835\udc2b.&lt;br \/&gt; Avons-nous tous les outils pour bien le faire?&lt;\/p&gt; &lt;p&gt;Il faut parfois se couper du monde ext\u00e9rieur pour se retrouver, c\u2019est pour cela que nous vous proposons \ud835\udfd3 \ud835\udc23\ud835\udc28\ud835\udc2e\ud835\udc2b\ud835\udc2c \ud835\udc1d\ud835\udc1e \ud835\udc2b\ud835\udc1e\ud835\udc2d\ud835\udc2b\ud835\udc1a\ud835\udc22\ud835\udc2d\ud835\udc1e \ud835\udc1e\ud835\udc27 \ud835\udc22\ud835\udc26\ud835\udc26\ud835\udc1e\ud835\udc2b\ud835\udc2c\ud835\udc22\ud835\udc28\ud835\udc27 \ud835\udc1c\ud835\udc28\ud835\udc26\ud835\udc29\ud835\udc25\ud835\udc1e\ud835\udc2d\ud835\udc1e \ud835\udc1d\ud835\udc1a\ud835\udc27\ud835\udc2c \ud835\udc2e\ud835\udc27\ud835\udc1e \ud835\udc2f\ud835\udc22\ud835\udc25\ud835\udc25\ud835\udc1a \ud835\udc1a\ud835\udc2e \ud835\udc1c\ud835\udc28\ud835\udc1e\ud835\udc2e\ud835\udc2b \ud835\udc1d\u2019\ud835\udc2e\ud835\udc27\ud835\udc1e \ud835\udc1f\ud835\udc28\ud835\udc2b\ud835\udc1e\u0302\ud835\udc2d \ud835\udc0f\ud835\udc2b\ud835\udc28\ud835\udc2f\ud835\udc1e\ud835\udc27\ud835\udc1c\u0327\ud835\udc1a\ud835\udc25\ud835\udc1e. Faites une pause pour vous \u00e9couter, pour vous r\u00e9aligner et retrouver votre paix int\u00e9rieure.&lt;br \/&gt; A travers les Chakras\/centres \u00e9nerg\u00e9tiques, nous vous proposons un chemin fait de plusieurs \u00e9tapes au cours duquel vous d\u00e9velopperez votre s\u00e9curit\u00e9 int\u00e9rieure, votre cr\u00e9ativit\u00e9, votre calme \u00e9motionnel, votre ouverture du coeur, votre communication bienveillante, l\u2019intuition et votre connexion au tout.&lt;br \/&gt; Que vous soyez familiers avec l\u2019\u00e9nerg\u00e9tique ou non, vous vous sentirez \u00e0 l\u2019aise et \ud835\udc2f\ud835\udc28\ud835\udc2e\ud835\udc2c \ud835\udc2c\ud835\udc1e\ud835\udc2b\ud835\udc1e\ud835\udc33 \ud835\udc20\ud835\udc2e\ud835\udc22\ud835\udc1d\ud835\udc1e\ud835\udc2c \ud835\udc29\ud835\udc1a\ud835\udc2c \ud835\udc1a\u0300 \ud835\udc29\ud835\udc1a\ud835\udc2c, aucun pr\u00e9-requis n\u2019est n\u00e9cessaire.&lt;\/p&gt; &lt;h4&gt;&lt;strong&gt;A\u1d1c \u1d18\u0280\u1d0f\u0262\u0280\u1d00\u1d0d\u1d0d\u1d07 :&lt;\/strong&gt;&lt;\/h4&gt; &lt;p&gt;\u2714\ufe0f Entretien individuel afin de poser une intention&lt;\/p&gt; &lt;p&gt;\u2714\ufe0f2 seances de yoga par jour tous niveaux (Hatha, Vinyasa, Yin)&lt;\/p&gt; &lt;p&gt;\u2714\ufe0fApprentissage des Kriyas (nettoyages ayurvediques)&lt;\/p&gt; &lt;p&gt;\u2714\ufe0fCercles de paroles&lt;\/p&gt; &lt;p&gt;\u2714\ufe0fS\u00e9ances de meditation et de respiration (Prayanama)&lt;\/p&gt; &lt;p&gt;\u2714\ufe0fAteliers th\u00e9rapeutiques quotidiens autour du chakra du jour (focus sur un ou deux chakras par jour)&lt;\/p&gt; &lt;p&gt;\u2714\ufe0fSoir\u00e9es \u00e0 theme : musique, chant, Danse Estatic, film et partages&lt;\/p&gt; &lt;p&gt;\u2714\ufe0fCuisine bio, \u00e9thique et locale&lt;\/p&gt; &lt;p&gt;\u2714\ufe0fTemps libres : bain de foret et de silence, introspection, \u00e9changes avec les intervenantes, lecture, \u00e9criture, piscine, p\u00e9tanque\u2026.&lt;\/p&gt; &lt;p&gt;\u2714\ufe0f5 nuits dans une villa en pension compl\u00e8te&lt;\/p&gt; &lt;h4&gt;L\u1d07s \u026a\u0274\u1d1b\u1d07\u0280\u1d20\u1d07\u0274\u1d00\u0274\u1d1b\u1d07s :&lt;\/h4&gt; &lt;p&gt;\ud835\udc09\ud835\udc28\ud835\udc32 \ud835\udc05\ud835\udc2b\ud835\udc28\ud835\udc26\ud835\udc1e\ud835\udc27\ud835\udc2d\ud835\udc1a\ud835\udc25, th\u00e9rapeute \u00e9nerg\u00e9tique et communicatrice animale vous guidera pendant cette retraite. Apr\u00e8s de nombreux voyages autour du globe, o\u00f9 elle a re\u00e7u beaucoup d&rsquo;enseignements des animaux sauvages et humains, Joy s&rsquo;est install\u00e9e sur la c\u00f4te d&rsquo;azur.&lt;br \/&gt; \u00ab \ud835\udc3f\ud835\udc4e \ud835\udc5b\ud835\udc4e\ud835\udc61\ud835\udc62\ud835\udc5f\ud835\udc52 \ud835\udc52\ud835\udc61 \ud835\udc59\ud835\udc52\ud835\udc60 \ud835\udc4e\ud835\udc5b\ud835\udc56\ud835\udc5a\ud835\udc4e\ud835\udc62\ud835\udc65 \ud835\udc60\ud835\udc5c\ud835\udc5b\ud835\udc61 \ud835\udc5b\ud835\udc5c\ud835\udc60 \ud835\udc5d\ud835\udc59\ud835\udc62\ud835\udc60 \ud835\udc54\ud835\udc5f\ud835\udc4e\ud835\udc5b\ud835\udc51\ud835\udc60 \ud835\udc54\ud835\udc62\ud835\udc56\ud835\udc51\ud835\udc52\ud835\udc60, \ud835\udc5a\ud835\udc5c\ud835\udc5b \ud835\udc5e\ud835\udc62\ud835\udc5c\ud835\udc61\ud835\udc56\ud835\udc51\ud835\udc56\ud835\udc52\ud835\udc5b \ud835\udc52\ud835\udc60\ud835\udc61 \ud835\udc51\ud835\udc52 \ud835\udc63\ud835\udc5c\ud835\udc62\ud835\udc60 \ud835\udc61\ud835\udc5f\ud835\udc4e\ud835\udc51\ud835\udc62\ud835\udc56\ud835\udc5f\ud835\udc52 \ud835\udc59\ud835\udc52\ud835\udc62\ud835\udc5f\ud835\udc60 \ud835\udc5a\ud835\udc52\ud835\udc60\ud835\udc60\ud835\udc4e\ud835\udc54\ud835\udc52\ud835\udc60. \ud835\udc43\ud835\udc52\ud835\udc5b\ud835\udc51\ud835\udc4e\ud835\udc5b\ud835\udc61 \ud835\udc50\ud835\udc52\ud835\udc61\ud835\udc61\ud835\udc52 \ud835\udc60\ud835\udc52\ud835\udc5a\ud835\udc4e\ud835\udc56\ud835\udc5b\ud835\udc52 \ud835\udc51\ud835\udc52 \ud835\udc5f\ud835\udc52\ud835\udc50\ud835\udc5c\ud835\udc5b\ud835\udc5b\ud835\udc52\ud835\udc65\ud835\udc56\ud835\udc5c\ud835\udc5b \ud835\udc57\ud835\udc52 \ud835\udc5a\ud835\udc52 \ud835\udc53\ud835\udc52\ud835\udc5f\ud835\udc4e\ud835\udc56 \ud835\udc62\ud835\udc5b\ud835\udc52 \ud835\udc57\ud835\udc5c\ud835\udc56\ud835\udc52 \ud835\udc51\ud835\udc52 \ud835\udc63\ud835\udc5c\ud835\udc62\ud835\udc60 \ud835\udc4e\ud835\udc50\ud835\udc50\ud835\udc5c\ud835\udc5a\ud835\udc5d\ud835\udc4e\ud835\udc54\ud835\udc5b\ud835\udc52\ud835\udc5f \ud835\udc5d\ud835\udc5c\ud835\udc62\ud835\udc5f \ud835\udc5e\ud835\udc62\ud835\udc52 \ud835\udc63\ud835\udc5c\ud835\udc62\ud835\udc60 \ud835\udc5d\ud835\udc62\ud835\udc56\ud835\udc60\ud835\udc60\ud835\udc56\ud835\udc52\ud835\udc67 \ud835\udc63\ud835\udc5c\ud835\udc62\ud835\udc60-\ud835\udc5a\ud835\udc52\u0302\ud835\udc5a\ud835\udc52 \ud835\udc59\ud835\udc52\ud835\udc60 \ud835\udc51\ud835\udc52\u0301\ud835\udc50\ud835\udc5f\ud835\udc66\ud835\udc5d\ud835\udc61\ud835\udc52\ud835\udc5f. \u00bb&lt;br \/&gt; &lt;a href=&quot;http:\/\/www.fromjoy.fr\/&quot;&gt;www.fromjoy.fr&lt;\/a&gt;&lt;\/p&gt; &lt;p&gt;\ud835\udc05\ud835\udc22\ud835\udc28\ud835\udc27\ud835\udc1a \ud835\udc05\ud835\udc2b\ud835\udc28\ud835\udc26\ud835\udc1e\ud835\udc27\ud835\udc2d\ud835\udc1a\ud835\udc25, professeure de yoga, aura le plaisir de vous accompagner lors de cette retraite. Apr\u00e8s avoir v\u00e9cu pendant 1 an en Asie o\u00f9 elle s&rsquo;est form\u00e9e en Vinyasa et en Hatha, elle a compl\u00e9t\u00e9 sa formation d&rsquo;un programme intensif de Coaching personnel afin de mieux comprendre les besoins de ses \u00e9l\u00e8ves.&lt;br \/&gt; \u00ab \ud835\udc40\ud835\udc4e \ud835\udc5a\ud835\udc56\ud835\udc60\ud835\udc60\ud835\udc56\ud835\udc5c\ud835\udc5b \ud835\udc52\ud835\udc60\ud835\udc61 \ud835\udc51\ud835\udc52 \ud835\udc63\ud835\udc5c\ud835\udc62\ud835\udc60 \ud835\udc61\ud835\udc5f\ud835\udc4e\ud835\udc5b\ud835\udc60\ud835\udc5a\ud835\udc52\ud835\udc61\ud835\udc61\ud835\udc5f\ud835\udc52 \ud835\udc62\ud835\udc5b \ud835\udc60\ud835\udc4e\ud835\udc63\ud835\udc5c\ud835\udc56\ud835\udc5f \ud835\udc5e\ud835\udc62\ud835\udc56 \ud835\udc52\ud835\udc60\ud835\udc61 \ud835\udc4f\ud835\udc52\u0301\ud835\udc5b\ud835\udc52\u0301\ud835\udc53\ud835\udc56\ud835\udc5e\ud835\udc62\ud835\udc52 \ud835\udc4e\ud835\udc62 \ud835\udc50\ud835\udc5c\ud835\udc5f\ud835\udc5d\ud835\udc60 \ud835\udc52\ud835\udc61 \ud835\udc4e\u0300 \ud835\udc59&rsquo;\ud835\udc52\ud835\udc60\ud835\udc5d\ud835\udc5f\ud835\udc56\ud835\udc61. \ud835\udc37\ud835\udc4e\ud835\udc5b\ud835\udc60 \ud835\udc59\ud835\udc4e \ud835\udc4f\ud835\udc56\ud835\udc52\ud835\udc5b\ud835\udc63\ud835\udc52\ud835\udc56\ud835\udc59\ud835\udc59\ud835\udc4e\ud835\udc5b\ud835\udc50\ud835\udc52 \ud835\udc52\ud835\udc61 \ud835\udc59\ud835\udc4e \ud835\udc4f\ud835\udc5c\ud835\udc5b\ud835\udc5b\ud835\udc52 \u210e\ud835\udc62\ud835\udc5a\ud835\udc52\ud835\udc62\ud835\udc5f, \ud835\udc57\ud835\udc52 \ud835\udc5d\ud835\udc4e\ud835\udc5f\ud835\udc61\ud835\udc4e\ud835\udc54\ud835\udc52\ud835\udc5f\ud835\udc4e\ud835\udc56 \ud835\udc4e\ud835\udc63\ud835\udc52\ud835\udc50 \ud835\udc63\ud835\udc5c\ud835\udc62\ud835\udc60 \ud835\udc62\ud835\udc5b\ud835\udc52 \ud835\udc5d\ud835\udc5f\ud835\udc4e\ud835\udc61\ud835\udc56\ud835\udc5e\ud835\udc62\ud835\udc52 \ud835\udc5e\ud835\udc62\ud835\udc56 \ud835\udc63\ud835\udc5c\ud835\udc62\ud835\udc60 \ud835\udc5d\ud835\udc52\ud835\udc5f\ud835\udc5a\ud835\udc52\ud835\udc61\ud835\udc61\ud835\udc5f\ud835\udc4e \ud835\udc51\ud835\udc52 \ud835\udc63\ud835\udc5c\ud835\udc62\ud835\udc60 \ud835\udc5f\ud835\udc52\ud835\udc50\ud835\udc5c\ud835\udc5b\ud835\udc5b\ud835\udc52\ud835\udc50\ud835\udc61\ud835\udc52\ud835\udc5f \ud835\udc4e\u0300 \ud835\udc63\ud835\udc5c\ud835\udc62\ud835\udc60-\ud835\udc5a\ud835\udc52\u0302\ud835\udc5a\ud835\udc52\ud835\udc60 \u00bb.&lt;br \/&gt; &lt;a href=&quot;http:\/\/www.haumyoga.fr\/&quot;&gt;www.haumyoga.fr&lt;\/a&gt;&lt;\/p&gt; &lt;h4&gt;L\u1d00 \u1d20\u026a\u029f\u029f\u1d00&lt;\/h4&gt; &lt;p&gt;Villa proven\u00e7ale, grande piscine, bien situ\u00e9e dans un environnement forestier prot\u00e9g\u00e9, terrasse de 200 m2 avec barbecue, terrain de 8000 m2. Vue panoramique sur les oliveraies, les montagnes et la for\u00eat. La maison est de 200 m2, dispose de 5 chambres sur 2 \u00e9tages.&lt;br \/&gt; La maison est situ\u00e9e dans un environnement en bois prot\u00e9g\u00e9. Elle offre une vue panoramique sur les oliveraies, les montagnes et la for\u00eat depuis la terrasse. A quelques pas du charmant petit village Le Val au c\u0153ur de la Provence, et \u00e0 seulement cinq minutes en voiture de Brignoles.&lt;\/p&gt; &lt;p&gt;Chambres:&lt;br \/&gt; Au rez-de-chauss\u00e9e, il y a 3 chambres (2 chambres avec lits doubles et 1 chambre avec un lit superpos\u00e9). Au 1er \u00e9tage, vous avez 2 chambres avec lits doubles.&lt;\/p&gt; &lt;h4&gt;J\u1d0f\u1d1c\u0280\u0274\u1d07\u0301\u1d07 \u1d1b\u028f\u1d18\u1d07 &#8211; R\u1d07\u1d1b\u0280\u1d00\u026a\u1d1b\u1d07&lt;\/h4&gt; &lt;p&gt;8h-9h30 : Yoga &amp; M\u00e9ditation&lt;br \/&gt; 9h30-10h30 : Petit d\u00e9jeuner et temps libre&lt;br \/&gt; 10h30-12h30 : \u00c9changes autour du Chakra du jour, questions, discussions\u2026&lt;br \/&gt; 12h00-13h00 : Lunch&lt;br \/&gt; 13h30-15h30\/16h : Activit\u00e9 sur le th\u00e8me du Chakra du jour&lt;br \/&gt; 16h-18h : Temps d\u2019int\u00e9gration + Quartier Libre&lt;br \/&gt; 18h-19h : Yoga Session (optionnel)&lt;br \/&gt; 19h30-20h30 : D\u00eener&lt;br \/&gt; 21h : Activit\u00e9 du soir (M\u00e9ditations, Mantras, Bol Tib\u00e9tain, Danse Estatic, Film\u2026)&lt;\/p&gt; &lt;p&gt;T\u1d00\u0280\u026a\u0493 : 790\u20ac&lt;br \/&gt; REDUCTION DE 40\u20ac pour les 2 premiers inscrits ! soit 750\u20ac !!&lt;\/p&gt; &lt;div class=&quot;figure&quot;&gt;&lt;a href=&quot;https:\/\/www.helloasso.com\/associations\/from-joy-to-animals-nature-earth\/evenements\/retraite-yoga-et-reconnexion-a-soi?_gl=1%2an49ry4%2a_ga%2aMjA1NDU5OTk2OS4xNjIyMTE4Mzk3%2a_ga_TKC826G3G2%2aMTYyNTY2Mjg0MC41NS4xLjE2MjU2Njc2ODMuMA..&amp;_ga=2.127837193.526862270.1625660705-2054599969.1622118397&quot;&gt;&lt;img loading=&quot;lazy&quot; decoding=&quot;async&quot; class=&quot;alignnone size-full wp-image-1861&quot; src=&quot;https:\/\/fromjoyasso.org\/wp-content\/uploads\/2021\/06\/Je-minscris-3.png&quot; alt=&quot;&quot; width=&quot;200&quot; height=&quot;100&quot; \/&gt;&lt;\/a&gt;&lt;\/div&gt; &lt;p&gt;&nbsp;&lt;\/p&gt; &lt;div class=&quot;figure&quot;&gt;&lt;img loading=&quot;lazy&quot; decoding=&quot;async&quot; class=&quot;alignnone size-medium wp-image-2138&quot; src=&quot;https:\/\/fromjoyasso.org\/wp-content\/uploads\/2021\/06\/piscine-yoga-retreeat-300x225.jpg&quot; alt=&quot;&quot; width=&quot;300&quot; height=&quot;225&quot; \/&gt; &lt;img loading=&quot;lazy&quot; decoding=&quot;async&quot; class=&quot;alignnone size-medium wp-image-2139&quot; src=&quot;https:\/\/fromjoyasso.org\/wp-content\/uploads\/2021\/06\/RETRAITEYOGA1-300x225.jpeg&quot; alt=&quot;&quot; width=&quot;300&quot; height=&quot;225&quot; \/&gt; &lt;img loading=&quot;lazy&quot; decoding=&quot;async&quot; class=&quot;alignnone size-medium wp-image-2140&quot; src=&quot;https:\/\/fromjoyasso.org\/wp-content\/uploads\/2021\/06\/RETRAITEYOGA2-300x225.jpeg&quot; alt=&quot;&quot; width=&quot;300&quot; height=&quot;225&quot; \/&gt; &lt;img loading=&quot;lazy&quot; decoding=&quot;async&quot; class=&quot;alignnone size-medium wp-image-2141&quot; src=&quot;https:\/\/fromjoyasso.org\/wp-content\/uploads\/2021\/06\/RETRAITEYOGA3-300x225.jpeg&quot; alt=&quot;&quot; width=&quot;300&quot; height=&quot;225&quot; \/&gt; &lt;img loading=&quot;lazy&quot; decoding=&quot;async&quot; class=&quot;alignnone size-medium wp-image-2142&quot; src=&quot;https:\/\/fromjoyasso.org\/wp-content\/uploads\/2021\/06\/RETRAITEYOGA4-300x225.jpeg&quot; alt=&quot;&quot; width=&quot;300&quot; height=&quot;225&quot; \/&gt; &lt;img loading=&quot;lazy&quot; decoding=&quot;async&quot; class=&quot;alignnone size-medium wp-image-2143&quot; src=&quot;https:\/\/fromjoyasso.org\/wp-content\/uploads\/2021\/06\/RETRAITEYOGA5-300x225.jpeg&quot; alt=&quot;&quot; width=&quot;300&quot; height=&quot;225&quot; \/&gt; &lt;img loading=&quot;lazy&quot; decoding=&quot;async&quot; class=&quot;alignnone size-medium wp-image-2144&quot; src=&quot;https:\/\/fromjoyasso.org\/wp-content\/uploads\/2021\/06\/RETRAITEYOGA6-300x225.jpeg&quot; alt=&quot;&quot; width=&quot;300&quot; height=&quot;225&quot; \/&gt; &lt;img loading=&quot;lazy&quot; decoding=&quot;async&quot; class=&quot;alignnone size-medium wp-image-2145&quot; src=&quot;https:\/\/fromjoyasso.org\/wp-content\/uploads\/2021\/06\/terrasse-yoga-retreat-300x225.jpg&quot; alt=&quot;&quot; width=&quot;300&quot; height=&quot;225&quot; \/&gt; &lt;img loading=&quot;lazy&quot; decoding=&quot;async&quot; class=&quot;alignnone size-medium wp-image-2146&quot; src=&quot;https:\/\/fromjoyasso.org\/wp-content\/uploads\/2021\/06\/YOGA-RETRAITE-300x225.jpg&quot; alt=&quot;&quot; width=&quot;300&quot; height=&quot;225&quot; \/&gt; &lt;img loading=&quot;lazy&quot; decoding=&quot;async&quot; class=&quot;alignnone size-medium wp-image-2147&quot; src=&quot;https:\/\/fromjoyasso.org\/wp-content\/uploads\/2021\/06\/YOGA-RETREAT-300x225.jpg&quot; alt=&quot;&quot; width=&quot;300&quot; height=&quot;225&quot; \/&gt;&lt;\/div&gt; \",\r\n            \"image\": \"https:\/\/fromjoyasso.org\/wp-content\/uploads\/2021\/06\/194016362_532749844767055_3057948153513981414_n.jpg\",\r\n            \"name\": \"Retraite Yoga et Reconnexion \u00e0 Soi\",\r\n            \"url\": \"https:\/\/fromjoyasso.org\/en\/events\/retraite-yoga-et-reconnexion-a-soi\/\"\r\n        }\r\n        <\/script>\r\n                    <article class=\"mec-past-event mec-event-article  mec-clear  mec-divider-toggle mec-toggle-202605-502\" itemscope>\r\n                                                        <div class=\"mec-topsec\">\r\n                        <div class=\"col-md-3 mec-event-image-wrap mec-col-table-c\">\r\n                            <div class=\"mec-event-image\"><a   data-event-id=\"451\" href=\"https:\/\/fromjoyasso.org\/en\/events\/retraite-yoga-et-reconnexion-a-soi\/\" target=\"_self\" rel=\"noopener\"><img width=\"300\" height=\"300\" src=\"https:\/\/fromjoyasso.org\/wp-content\/uploads\/2021\/06\/194016362_532749844767055_3057948153513981414_n-300x300.jpg\" class=\"attachment-thumblist size-thumblist wp-post-image\" alt=\"FJANE\" data-mec-postid=\"451\" decoding=\"async\" loading=\"lazy\" \/><\/a><\/div>\r\n                        <\/div>\r\n                        <div class=\"col-md-6 mec-col-table-c mec-event-content-wrap\">\r\n                            <div class=\"mec-event-content\">\r\n                                                                <h3 class=\"mec-event-title\"><a class=\"mec-color-hover\"  data-event-id=\"451\" href=\"https:\/\/fromjoyasso.org\/en\/events\/retraite-yoga-et-reconnexion-a-soi\/\" target=\"_self\" rel=\"noopener\">Retraite Yoga et Reconnexion \u00e0 Soi<\/a><span class=\"event-color\" style=\"background: #dd823b\"><\/span><\/h3>\r\n                                <div class=\"mec-event-description\">Une semaine de retraite coup\u00e9 du monde pour vous reconnecter \u00e0 votre puissance sup\u00e9rieur et reprendre votre plein pouvoir ! \r\nPaix int\u00e9rieur, s\u00e9curit\u00e9, communication bienveillante, intuition ... et plein d'autres th\u00e8mes seront \u00e0 l'honneur pendant cette retraite ! <span>...<\/span><\/div>\r\n                            <\/div>\r\n                        <\/div>\r\n                        <div class=\"col-md-3 mec-col-table-c mec-event-meta-wrap\">\r\n                            <div class=\"mec-event-meta mec-color-before\">\r\n                                <div class=\"mec-date-details\">\r\n                                                                            <span class=\"mec-event-d\"><span class=\"mec-start-date-label\" itemprop=\"startDate\">16 May<\/span><\/span>\r\n                                                                    <\/div>\r\n                                                                <div class=\"mec-time-details\"><span class=\"mec-start-time\">17:00<\/span> - <span class=\"mec-end-time\">18:00<\/span><\/div>                                                                                                <div class=\"mec-venue-details\">\r\n                                    <span>Le Val<\/span><address class=\"mec-event-address\"><span>83<\/span><\/address>\r\n                                <\/div>\r\n                                                                                                                                                                                            <\/div>\r\n                        <\/div>\r\n                    <\/div>\r\n                    <div class=\"mec-event-footer\">\r\n                                                <ul class=\"mec-event-sharing-wrap\">\r\n                            <li class=\"mec-event-share\">\r\n                                <a href=\"#\" class=\"mec-event-share-icon\">\r\n                                    <i class=\"mec-sl-share\" title=\"social share\"><\/i>\r\n                                <\/a>\r\n                            <\/li>\r\n                            <li>\r\n                                <ul class=\"mec-event-sharing\">\r\n                                    <li class=\"mec-event-social-icon\"><a class=\"facebook\" href=\"https:\/\/www.facebook.com\/sharer\/sharer.php?u=https%3A%2F%2Ffromjoyasso.org%2Fen%2Fevents%2Fretraite-yoga-et-reconnexion-a-soi%2F\" onclick=\"javascript:window.open(this.href, '', 'menubar=no,toolbar=no,resizable=yes,scrollbars=yes,height=500,width=600'); return false;\" title=\"Share on Facebook\"><i class=\"mec-fa-facebook\"><\/i><\/a><\/li><li class=\"mec-event-social-icon\"><a class=\"telegram\" href=\"https:\/\/telegram.me\/share\/url?url=https%3A%2F%2Ffromjoyasso.org%2Fen%2Fevents%2Fretraite-yoga-et-reconnexion-a-soi%2F&text=Retraite Yoga et Reconnexion \u00e0 Soi\" title=\"Share on Telegram\">\r\n        <svg aria-hidden=\"true\" focusable=\"false\" data-prefix=\"fab\" data-icon=\"telegram\" class=\"svg-inline--fa fa-telegram fa-w-16\" role=\"img\" xmlns=\"http:\/\/www.w3.org\/2000\/svg\" viewbox=\"0 0 496 512\"><path fill=\"currentColor\" d=\"M248 8C111 8 0 119 0 256s111 248 248 248 248-111 248-248S385 8 248 8zm121.8 169.9l-40.7 191.8c-3 13.6-11.1 16.9-22.4 10.5l-62-45.7-29.9 28.8c-3.3 3.3-6.1 6.1-12.5 6.1l4.4-63.1 114.9-103.8c5-4.4-1.1-6.9-7.7-2.5l-142 89.4-61.2-19.1c-13.3-4.2-13.6-13.3 2.8-19.7l239.1-92.2c11.1-4 20.8 2.7 17.2 19.5z\"><\/path><\/svg>\r\n        <\/a><\/li><li class=\"mec-event-social-icon\"><a class=\"email\" href=\"mailto:?subject=Retraite Yoga et Reconnexion \u00e0 Soi&body=https%3A%2F%2Ffromjoyasso.org%2Fen%2Fevents%2Fretraite-yoga-et-reconnexion-a-soi%2F\" title=\"Email\"><i class=\"mec-fa-envelope\"><\/i><\/a><\/li>                                <\/ul>\r\n                            <\/li>\r\n                        <\/ul>\r\n                                                                                                <a class=\"mec-booking-button\"  data-event-id=\"451\" href=\"https:\/\/fromjoyasso.org\/en\/events\/retraite-yoga-et-reconnexion-a-soi\/\" target=\"_self\" rel=\"noopener\">View Detail<\/a>                    <\/div>\r\n                            <\/article>\r\n                    <script type=\"application\/ld+json\">\r\n        {\r\n            \"@context\": \"http:\/\/schema.org\",\r\n            \"@type\": \"Event\",\r\n            \"eventStatus\": \"https:\/\/schema.org\/EventScheduled\",\r\n            \"startDate\": \"2026-05-16\",\r\n            \"endDate\": \"2023-10-21\",\r\n            \"eventAttendanceMode\": \"https:\/\/schema.org\/OfflineEventAttendanceMode\",\r\n            \"location\":\r\n            {\r\n                \"@type\": \"Place\",\r\n                                \"name\": \"Cascina Parinot (Langhe)\",\r\n                \"image\": \"https:\/\/fromjoyasso.org\/wp-content\/uploads\/2022\/03\/5.png\",\r\n                \"address\": \"Bene Vagienna, Piemonte, Italie\"\r\n                            },\r\n            \"organizer\":\r\n            {\r\n                \"@type\": \"Person\",\r\n                \"name\": \"Joy\",\r\n                \"url\": \"\"\r\n            },\r\n            \"offers\":\r\n            {\r\n                \"url\": \"https:\/\/fromjoyasso.org\/en\/events\/retraite-eveil-reconnexion-en-vue-de-professionnalisation-a-la-communication-animale\/\",\r\n                \"price\": \"1,405.00\u20ac\",\r\n                \"priceCurrency\": \"EUR\",\r\n                \"availability\": \"https:\/\/schema.org\/InStock\",\r\n                \"validFrom\": \"2026-05-16T00:00\"\r\n            },\r\n            \"performer\": \"\",\r\n            \"description\": \"&lt;div class=&quot;figure&quot;&gt;&lt;a href=&quot;https:\/\/www.helloasso.com\/associations\/from-joy-to-animals-nature-earth\/evenements\/professionnalisation-retraite-en-italie&quot;&gt;INSCRIPTION ICI &lt;\/a&gt;&lt;\/p&gt; &lt;p&gt;&lt;strong&gt;&lt;span class=&quot;color_15&quot;&gt;Il faut parfois se couper du monde ext\u00e9rieur pour se retrouver, c\u2019est pour cela que je vous propose &lt;em&gt;une semaine de retraite en immersion compl\u00e8te dans une ancienne ferme du Piemonte, Italie.&lt;\/em&gt;&lt;\/span&gt;&lt;\/strong&gt;&lt;\/p&gt; &lt;p&gt;CETTE RETRAITE S&rsquo;ADRESSE AUSSI BIEN A VOUS &lt;strong&gt;QUI SOUHAITEZ FAIRE DE LA COMMUNICATION ANIMALE VOTRE METIER&lt;\/strong&gt;, COMME A VOUS &lt;strong&gt;QUI SOUHAITEZ MIEUX VOUS CONNAITRE,&lt;\/strong&gt; VOUS RESSOURCER ET NE PLUS PROJETER VOS PROPRES BLESSURES SUR VOTRE ENTOURAGE !&lt;\/p&gt; &lt;p&gt;&lt;strong&gt;A travers un voyage d&rsquo;introspection et de mise en lumi\u00e8re de vos filtres int\u00e9rieurs, je vous propose de d\u00e9velopper votre s\u00e9curit\u00e9 int\u00e9rieure, votre cr\u00e9ativit\u00e9, votre calme \u00e9motionnel, votre ouverture du coeur, votre communication bienveillante, votre intuition et votre connexion au Grand Tout.&lt;\/strong&gt;&lt;br \/&gt; &lt;strong&gt;Au sein d&rsquo;un petit groupe, vous vous sentirez \u00e0 l\u2019aise et serez guid\u00e9s pas \u00e0 pas pour vous connaitre et devenir un canal parfait. A la fin de cette retraite, vous aurez tous les outils afin de devenir Communicateur Animalier Professionnel.&lt;\/strong&gt;&lt;\/p&gt; &lt;p&gt;&lt;strong&gt;&lt;span style=&quot;text-decoration: underline;&quot;&gt;Les pr\u00e9-requis&lt;\/span&gt; : avoir \u00e9t\u00e9 initi\u00e9 \u00e0 la Communication Animale (&lt;a href=&quot;https:\/\/fromjoyasso.org\/evenements\/&quot;&gt;les prochaines dates d&rsquo;Initiation&lt;\/a&gt;)&lt;\/strong&gt;&lt;\/p&gt; &lt;hr \/&gt; &lt;h4&gt;&lt;strong&gt;AU PROGRAMME&lt;\/strong&gt;&lt;\/h4&gt; &lt;p&gt;&lt;strong&gt;\u2714\ufe0fEntretien individuel en d\u00e9but de stage afin de poser une intention pr\u00e9cise&lt;\/strong&gt;&lt;\/p&gt; &lt;p&gt;&lt;strong&gt;\u2714\ufe0fCercles de paroles&lt;\/strong&gt;&lt;\/p&gt; &lt;p&gt;&lt;strong&gt;\u2714\ufe0fS\u00e9ances de m\u00e9ditation et de respiration&lt;\/strong&gt;&lt;\/p&gt; &lt;p&gt;&lt;strong&gt;\u2714\ufe0fAteliers th\u00e9rapeutiques quotidiens autour du chakra du jour &lt;\/strong&gt;&lt;\/p&gt; &lt;p&gt;&lt;strong&gt;\u2714\ufe0fCommunications pouss\u00e9es avec vos animaux&lt;\/strong&gt;&lt;\/p&gt; &lt;p&gt;&lt;strong&gt;\u2714\ufe0fDanse Estatic&lt;\/strong&gt;&lt;\/p&gt; &lt;p&gt;&lt;strong&gt;\u2714\ufe0fTemps libres : bain de for\u00eat et de silence, introspection, temps d&rsquo;\u00e9change, lecture, \u00e9criture, etc.&lt;\/strong&gt;&lt;\/p&gt; &lt;p&gt;&lt;strong&gt;\u2714\ufe0f1 semaine dans une ancienne ferme r\u00e9nov\u00e9e dans le Piemonte, Italie&lt;\/strong&gt;&lt;\/p&gt; &lt;p&gt;&lt;strong&gt;\u2714\ufe0f Entretien individuel de fin de stage afin de valider la bonne int\u00e9gration&lt;\/strong&gt;&lt;\/p&gt; &lt;p&gt;&lt;strong&gt;\u2714\ufe0fD\u00e9licieux repas vegan \ud83d\ude09 &lt;\/strong&gt;&lt;\/p&gt; &lt;p&gt;&nbsp;&lt;\/p&gt; &lt;p&gt;&nbsp;&lt;\/p&gt; &lt;hr \/&gt; &lt;h4&gt;&lt;strong&gt;L&rsquo;INTERVENANTE :&lt;img loading=&quot;lazy&quot; decoding=&quot;async&quot; class=&quot;size-medium wp-image-2694 alignleft&quot; src=&quot;https:\/\/fromjoyasso.org\/wp-content\/uploads\/2022\/03\/Lilla-et-Joy3-225x300.jpeg&quot; alt=&quot;&quot; width=&quot;225&quot; height=&quot;300&quot; \/&gt;&lt;br \/&gt; &lt;\/strong&gt;&lt;\/h4&gt; &lt;p&gt;Je vous accompagnerai et vous guiderai pendant cette semaine de retraite. D\u00e9couvrez qui je suis &amp; mon univers &lt;a href=&quot;https:\/\/fromjoyasso.org\/joy-fromental\/&quot;&gt;ICI&lt;\/a&gt;&lt;br \/&gt; Vous trouverez \u00e9galement &lt;a href=&quot;http:\/\/fromjoy.fr&quot;&gt;mon site ici&lt;\/a&gt; pour en savoir plus sur mon travail \ud83d\ude09&lt;\/p&gt; &lt;p&gt;&nbsp;&lt;\/p&gt; &lt;p&gt;&nbsp;&lt;\/p&gt; &lt;p&gt;&nbsp;&lt;\/p&gt; &lt;p&gt;&nbsp;&lt;\/p&gt; &lt;hr \/&gt; &lt;h4&gt;&lt;strong&gt;LIEU DE STAGE : ANCIENNE FERME DU PIEMONTE&lt;\/strong&gt;&lt;\/h4&gt; &lt;p&gt;&lt;strong&gt;&lt;img loading=&quot;lazy&quot; decoding=&quot;async&quot; class=&quot;size-medium wp-image-2559 alignright&quot; src=&quot;https:\/\/fromjoyasso.org\/wp-content\/uploads\/2022\/03\/5-300x251.png&quot; alt=&quot;&quot; width=&quot;300&quot; height=&quot;251&quot; \/&gt;A quelques heures de route de la C\u00f4te d&rsquo;Azur,&lt;\/strong&gt; c&rsquo;est dans un d\u00e9cor champ\u00eatre et tr\u00e8s reposant que nous serons log\u00e9s. Une ancienne ferme(cascina) chaleureuse parfaitement r\u00e9nov\u00e9e.&lt;br \/&gt; Une maison et un ext\u00e9rieur spacieux afin que chacun puisse trouver son espace et cr\u00e9er sa bulle d&rsquo;int\u00e9gration. Une vaste terrasse et un jardin enchanteur qui invitent au farniente. &lt;strong&gt;Les animaux donnent vie \u00e0 cette ancienne ferme&lt;\/strong&gt; (\u00e2ne, ch\u00e8vres, chatte et chatons) et nous accompagnerons dans cet apprentissage.&lt;\/p&gt; &lt;p&gt;La propri\u00e9t\u00e9 est tr\u00e8s bien situ\u00e9e pour les visites des jolies villes environnantes (Fossano, Bene Vagienna&#8230;) que vous pourrez d\u00e9couvrir lors de nos temps de pause et\/ou si vous souhaitez prolonger votre s\u00e9jour.&lt;\/p&gt; &lt;p style=&quot;text-align: center;&quot;&gt;&lt;img loading=&quot;lazy&quot; decoding=&quot;async&quot; class=&quot;alignnone size-medium wp-image-2555&quot; src=&quot;https:\/\/fromjoyasso.org\/wp-content\/uploads\/2022\/03\/1-300x251.png&quot; alt=&quot;&quot; width=&quot;300&quot; height=&quot;251&quot; \/&gt; &lt;img loading=&quot;lazy&quot; decoding=&quot;async&quot; class=&quot;alignnone size-medium wp-image-2556&quot; src=&quot;https:\/\/fromjoyasso.org\/wp-content\/uploads\/2022\/03\/2-300x251.png&quot; alt=&quot;&quot; width=&quot;300&quot; height=&quot;251&quot; \/&gt;&lt;\/p&gt; &lt;p&gt;&lt;span style=&quot;text-decoration: underline;&quot;&gt;&lt;strong&gt;L&rsquo;espace nuit :&lt;\/strong&gt; &lt;\/span&gt;vous dormirez dans des chambres partag\u00e9es avec des lits simples. M\u00eame si les chambres seront partag\u00e9es, vous trouverez dans la journ\u00e9e vos espaces afin de passer du temps en solo.&lt;\/p&gt; &lt;p style=&quot;text-align: center;&quot;&gt;   &lt;img loading=&quot;lazy&quot; decoding=&quot;async&quot; class=&quot;alignnone size-medium wp-image-2557&quot; src=&quot;https:\/\/fromjoyasso.org\/wp-content\/uploads\/2022\/03\/3-300x251.png&quot; alt=&quot;&quot; width=&quot;300&quot; height=&quot;251&quot; \/&gt;&lt;\/p&gt; &lt;hr \/&gt; &lt;h4&gt;&lt;strong&gt;LES REPAS : &lt;\/strong&gt;&lt;\/h4&gt; &lt;p&gt;&lt;a href=&quot;https:\/\/www.lillietlevegabon.com\/traiteur-vegan\/&quot;&gt;&lt;img loading=&quot;lazy&quot; decoding=&quot;async&quot; class=&quot;wp-image-2634 alignleft&quot; src=&quot;https:\/\/fromjoyasso.org\/wp-content\/uploads\/2022\/03\/unnamed-30-294x300.jpg&quot; alt=&quot;&quot; width=&quot;177&quot; height=&quot;181&quot; \/&gt;&lt;\/a&gt;Pendant une semaine, nous serons chouchout\u00e9 par notre cheffe Marica de &lt;a href=&quot;https:\/\/www.lillietlevegabon.com\/traiteur-vegan\/&quot;&gt;LILI ET LE VEGABOND&lt;\/a&gt; !&lt;br \/&gt; Tous les plats seront VEGANS, gourmands, \u00e9quilibr\u00e9s et pr\u00e9par\u00e9s avec amour&#8230; Car la nourriture n&rsquo;est pas seulement importante pour nos estomacs, elle l&rsquo;est aussi pour notre sant\u00e9 &amp; notre taux vibratoire. Au mieux on vibre, au mieux on communique \ud83d\ude09&lt;\/p&gt; &lt;p&gt;&lt;a href=&quot;https:\/\/www.lillietlevegabon.com\/traiteur-vegan\/&quot;&gt;&lt;img loading=&quot;lazy&quot; decoding=&quot;async&quot; class=&quot;wp-image-2633 aligncenter&quot; src=&quot;https:\/\/fromjoyasso.org\/wp-content\/uploads\/2022\/03\/unnamed-2-300x129.png&quot; alt=&quot;&quot; width=&quot;181&quot; height=&quot;78&quot; \/&gt;&lt;\/a&gt;&lt;\/div&gt; &lt;hr \/&gt; &lt;div class=&quot;figure&quot;&gt;&lt;img loading=&quot;lazy&quot; decoding=&quot;async&quot; class=&quot;alignnone size-medium wp-image-2701&quot; src=&quot;https:\/\/fromjoyasso.org\/wp-content\/uploads\/2022\/03\/WhatsApp-Image-2022-10-08-at-23.05.57-225x300.jpeg&quot; alt=&quot;&quot; width=&quot;225&quot; height=&quot;300&quot; \/&gt; &lt;img loading=&quot;lazy&quot; decoding=&quot;async&quot; class=&quot;alignnone size-medium wp-image-2696&quot; src=&quot;https:\/\/fromjoyasso.org\/wp-content\/uploads\/2022\/03\/WhatsApp-Image-2022-10-08-at-23.06.36-225x300.jpeg&quot; alt=&quot;&quot; width=&quot;225&quot; height=&quot;300&quot; \/&gt; &lt;img loading=&quot;lazy&quot; decoding=&quot;async&quot; class=&quot;alignnone size-medium wp-image-2697&quot; src=&quot;https:\/\/fromjoyasso.org\/wp-content\/uploads\/2022\/03\/WhatsApp-Image-2022-10-08-at-23.06.37-225x300.jpeg&quot; alt=&quot;&quot; width=&quot;225&quot; height=&quot;300&quot; \/&gt; &lt;img loading=&quot;lazy&quot; decoding=&quot;async&quot; class=&quot;alignnone size-medium wp-image-2698&quot; src=&quot;https:\/\/fromjoyasso.org\/wp-content\/uploads\/2022\/03\/WhatsApp-Image-2022-10-09-at-13.30.54-225x300.jpeg&quot; alt=&quot;&quot; width=&quot;225&quot; height=&quot;300&quot; \/&gt; &lt;img loading=&quot;lazy&quot; decoding=&quot;async&quot; class=&quot;alignnone size-medium wp-image-2699&quot; src=&quot;https:\/\/fromjoyasso.org\/wp-content\/uploads\/2022\/03\/WhatsApp-Image-2022-10-09-at-15.11.36-225x300.jpeg&quot; alt=&quot;&quot; width=&quot;225&quot; height=&quot;300&quot; \/&gt; &lt;img loading=&quot;lazy&quot; decoding=&quot;async&quot; class=&quot;alignnone size-medium wp-image-2695&quot; src=&quot;https:\/\/fromjoyasso.org\/wp-content\/uploads\/2022\/03\/Retraiteproitalie-225x300.jpeg&quot; alt=&quot;&quot; width=&quot;225&quot; height=&quot;300&quot; \/&gt;&lt;img loading=&quot;lazy&quot; decoding=&quot;async&quot; class=&quot;alignnone size-medium wp-image-2700&quot; src=&quot;https:\/\/fromjoyasso.org\/wp-content\/uploads\/2022\/03\/WhatsApp-Image-2022-10-08-at-23.05.58-300x225.jpeg&quot; alt=&quot;&quot; width=&quot;300&quot; height=&quot;225&quot; \/&gt;&lt;\/div&gt; &lt;h4&gt;&lt;\/h4&gt; &lt;h4 style=&quot;text-align: center;&quot;&gt;&lt;strong&gt;Du 14 OCTOBRE \u00e0 partir de 17h au 21 OCTOBRE 10h. &lt;\/strong&gt;&lt;\/h4&gt; &lt;p&gt;&nbsp;&lt;\/p&gt; &lt;h3&gt;&lt;strong&gt;Vous participez ??&lt;\/strong&gt;&lt;\/h3&gt; &lt;div class=&quot;figure&quot;&gt;&lt;a href=&quot;https:\/\/www.helloasso.com\/associations\/from-joy-to-animals-nature-earth\/evenements\/professionnalisation-retraite-en-italie&quot;&gt;&lt;img loading=&quot;lazy&quot; decoding=&quot;async&quot; class=&quot;aligncenter wp-image-1859 size-full&quot; src=&quot;https:\/\/fromjoyasso.org\/wp-content\/uploads\/2021\/07\/Je-minscris-2.png&quot; alt=&quot;&quot; width=&quot;200&quot; height=&quot;100&quot; \/&gt;&lt;\/a&gt;&lt;\/div&gt; \",\r\n            \"image\": \"https:\/\/fromjoyasso.org\/wp-content\/uploads\/2022\/03\/WhatsApp-Image-2022-10-09-at-13.30.54.jpeg\",\r\n            \"name\": \"Retraite \u00ab\u00a0Eveil &#038; Reconnexion\u00a0\u00bb en vue de Professionnalisation \u00e0 la Communication Animale\",\r\n            \"url\": \"https:\/\/fromjoyasso.org\/en\/events\/retraite-eveil-reconnexion-en-vue-de-professionnalisation-a-la-communication-animale\/\"\r\n        }\r\n        <\/script>\r\n                    <article class=\"mec-past-event mec-event-article  mec-clear  mec-divider-toggle mec-toggle-202605-502\" itemscope>\r\n                                                        <div class=\"mec-topsec\">\r\n                        <div class=\"col-md-3 mec-event-image-wrap mec-col-table-c\">\r\n                            <div class=\"mec-event-image\"><a   data-event-id=\"2561\" href=\"https:\/\/fromjoyasso.org\/en\/events\/retraite-eveil-reconnexion-en-vue-de-professionnalisation-a-la-communication-animale\/\" target=\"_self\" rel=\"noopener\"><img width=\"300\" height=\"300\" src=\"https:\/\/fromjoyasso.org\/wp-content\/uploads\/2022\/03\/WhatsApp-Image-2022-10-09-at-13.30.54-300x300.jpeg\" class=\"attachment-thumblist size-thumblist wp-post-image\" alt=\"\" data-mec-postid=\"2561\" decoding=\"async\" loading=\"lazy\" \/><\/a><\/div>\r\n                        <\/div>\r\n                        <div class=\"col-md-6 mec-col-table-c mec-event-content-wrap\">\r\n                            <div class=\"mec-event-content\">\r\n                                                                <h3 class=\"mec-event-title\"><a class=\"mec-color-hover\"  data-event-id=\"2561\" href=\"https:\/\/fromjoyasso.org\/en\/events\/retraite-eveil-reconnexion-en-vue-de-professionnalisation-a-la-communication-animale\/\" target=\"_self\" rel=\"noopener\">Retraite \u00ab\u00a0Eveil &#038; Reconnexion\u00a0\u00bb en vue de Professionnalisation \u00e0 la Communication Animale<\/a><span class=\"event-color\" style=\"background: #\"><\/span><\/h3>\r\n                                <div class=\"mec-event-description\">A travers un voyage d'introspection et de mise en lumi\u00e8re de vos filtres int\u00e9rieurs, je vous propose de d\u00e9velopper votre s\u00e9curit\u00e9 int\u00e9rieure, votre cr\u00e9ativit\u00e9, votre calme \u00e9motionnel, votre ouverture du coeur, votre communication bienveillante, votre\u00a0intuition et votre connexion au Grand Tout.\r\nAu sein d'un petit groupe, vous vous sentirez \u00e0 l\u2019aise et serez guid\u00e9s pas \u00e0 pas pour vous connaitre et devenir un canal parfait. A la fin de cette retraite, vous aurez tous les outils afin de devenir Communicateur Animalier Professionnel. <span>...<\/span><\/div>\r\n                            <\/div>\r\n                        <\/div>\r\n                        <div class=\"col-md-3 mec-col-table-c mec-event-meta-wrap\">\r\n                            <div class=\"mec-event-meta mec-color-before\">\r\n                                <div class=\"mec-date-details\">\r\n                                                                            <span class=\"mec-event-d\"><span class=\"mec-start-date-label\" itemprop=\"startDate\">16 May<\/span><\/span>\r\n                                                                    <\/div>\r\n                                                                <div class=\"mec-time-details\"><span class=\"mec-start-time\">17:00<\/span> - <span class=\"mec-end-time\">10:00<\/span><\/div>                                                                                                <div class=\"mec-venue-details\">\r\n                                    <span>Cascina Parinot (Langhe)<\/span><address class=\"mec-event-address\"><span>Bene Vagienna, Piemonte, Italie<\/span><\/address>\r\n                                <\/div>\r\n                                                                                                                                                                                            <\/div>\r\n                        <\/div>\r\n                    <\/div>\r\n                    <div class=\"mec-event-footer\">\r\n                                                <ul class=\"mec-event-sharing-wrap\">\r\n                            <li class=\"mec-event-share\">\r\n                                <a href=\"#\" class=\"mec-event-share-icon\">\r\n                                    <i class=\"mec-sl-share\" title=\"social share\"><\/i>\r\n                                <\/a>\r\n                            <\/li>\r\n                            <li>\r\n                                <ul class=\"mec-event-sharing\">\r\n                                    <li class=\"mec-event-social-icon\"><a class=\"facebook\" href=\"https:\/\/www.facebook.com\/sharer\/sharer.php?u=https%3A%2F%2Ffromjoyasso.org%2Fen%2Fevents%2Fretraite-eveil-reconnexion-en-vue-de-professionnalisation-a-la-communication-animale%2F\" onclick=\"javascript:window.open(this.href, '', 'menubar=no,toolbar=no,resizable=yes,scrollbars=yes,height=500,width=600'); return false;\" title=\"Share on Facebook\"><i class=\"mec-fa-facebook\"><\/i><\/a><\/li><li class=\"mec-event-social-icon\"><a class=\"telegram\" href=\"https:\/\/telegram.me\/share\/url?url=https%3A%2F%2Ffromjoyasso.org%2Fen%2Fevents%2Fretraite-eveil-reconnexion-en-vue-de-professionnalisation-a-la-communication-animale%2F&text=Retraite \u00ab\u00a0Eveil & Reconnexion\u00a0\u00bb en vue de Professionnalisation \u00e0 la Communication Animale\" title=\"Share on Telegram\">\r\n        <svg aria-hidden=\"true\" focusable=\"false\" data-prefix=\"fab\" data-icon=\"telegram\" class=\"svg-inline--fa fa-telegram fa-w-16\" role=\"img\" xmlns=\"http:\/\/www.w3.org\/2000\/svg\" viewbox=\"0 0 496 512\"><path fill=\"currentColor\" d=\"M248 8C111 8 0 119 0 256s111 248 248 248 248-111 248-248S385 8 248 8zm121.8 169.9l-40.7 191.8c-3 13.6-11.1 16.9-22.4 10.5l-62-45.7-29.9 28.8c-3.3 3.3-6.1 6.1-12.5 6.1l4.4-63.1 114.9-103.8c5-4.4-1.1-6.9-7.7-2.5l-142 89.4-61.2-19.1c-13.3-4.2-13.6-13.3 2.8-19.7l239.1-92.2c11.1-4 20.8 2.7 17.2 19.5z\"><\/path><\/svg>\r\n        <\/a><\/li><li class=\"mec-event-social-icon\"><a class=\"email\" href=\"mailto:?subject=Retraite \u00ab\u00a0Eveil %26 Reconnexion\u00a0\u00bb en vue de Professionnalisation \u00e0 la Communication Animale&body=https%3A%2F%2Ffromjoyasso.org%2Fen%2Fevents%2Fretraite-eveil-reconnexion-en-vue-de-professionnalisation-a-la-communication-animale%2F\" title=\"Email\"><i class=\"mec-fa-envelope\"><\/i><\/a><\/li>                                <\/ul>\r\n                            <\/li>\r\n                        <\/ul>\r\n                                                                                                <a class=\"mec-booking-button\"  data-event-id=\"2561\" href=\"https:\/\/fromjoyasso.org\/en\/events\/retraite-eveil-reconnexion-en-vue-de-professionnalisation-a-la-communication-animale\/\" target=\"_self\" rel=\"noopener\">View Detail<\/a>                    <\/div>\r\n                            <\/article>\r\n            \t\t\r\n            \r\n                    <script type=\"application\/ld+json\">\r\n        {\r\n            \"@context\": \"http:\/\/schema.org\",\r\n            \"@type\": \"Event\",\r\n            \"eventStatus\": \"https:\/\/schema.org\/EventScheduled\",\r\n            \"startDate\": \"2026-05-30\",\r\n            \"endDate\": \"2021-09-19\",\r\n            \"eventAttendanceMode\": \"https:\/\/schema.org\/OfflineEventAttendanceMode\",\r\n            \"location\":\r\n            {\r\n                \"@type\": \"Place\",\r\n                                \"name\": \"Le Val\",\r\n                \"image\": \"https:\/\/fromjoyasso.org\/wp-content\/uploads\/2021\/06\/193876210_2826830257567653_4069271134455718448_n.jpg\",\r\n                \"address\": \"83\"\r\n                            },\r\n            \"organizer\":\r\n            {\r\n                \"@type\": \"Person\",\r\n                \"name\": \"Fiona\",\r\n                \"url\": \"https:\/\/haumyoga.fr\"\r\n            },\r\n            \"offers\":\r\n            {\r\n                \"url\": \"https:\/\/fromjoyasso.org\/en\/events\/retraite-yoga-et-reconnexion-a-soi\/\",\r\n                \"price\": \"790.00\u20ac\",\r\n                \"priceCurrency\": \"EUR\",\r\n                \"availability\": \"https:\/\/schema.org\/InStock\",\r\n                \"validFrom\": \"2026-05-30T00:00\"\r\n            },\r\n            \"performer\": \"\",\r\n            \"description\": \"&lt;p&gt;Dans cette p\u00e9riode de renouveau et de transition \u00e9nerg\u00e9tique, nous ressentons le besoin de \ud835\udc2b\ud835\udc1e\ud835\udc2c\ud835\udc2d\ud835\udc1e\ud835\udc2b \ud835\udc1c\ud835\udc28\ud835\udc27\ud835\udc27\ud835\udc1e\ud835\udc1c\ud835\udc2d\ud835\udc1e\u0301 \ud835\udc1a\u0300 \ud835\udc27\ud835\udc28\ud835\udc2e\ud835\udc2c-\ud835\udc26\ud835\udc1e\u0302\ud835\udc26\ud835\udc1e\ud835\udc2c \ud835\udc29\ud835\udc28\ud835\udc2e\ud835\udc2b \ud835\udc1e\u0301\ud835\udc2f\ud835\udc28\ud835\udc25\ud835\udc2e\ud835\udc1e\ud835\udc2b.&lt;br \/&gt; Avons-nous tous les outils pour bien le faire?&lt;\/p&gt; &lt;p&gt;Il faut parfois se couper du monde ext\u00e9rieur pour se retrouver, c\u2019est pour cela que nous vous proposons \ud835\udfd3 \ud835\udc23\ud835\udc28\ud835\udc2e\ud835\udc2b\ud835\udc2c \ud835\udc1d\ud835\udc1e \ud835\udc2b\ud835\udc1e\ud835\udc2d\ud835\udc2b\ud835\udc1a\ud835\udc22\ud835\udc2d\ud835\udc1e \ud835\udc1e\ud835\udc27 \ud835\udc22\ud835\udc26\ud835\udc26\ud835\udc1e\ud835\udc2b\ud835\udc2c\ud835\udc22\ud835\udc28\ud835\udc27 \ud835\udc1c\ud835\udc28\ud835\udc26\ud835\udc29\ud835\udc25\ud835\udc1e\ud835\udc2d\ud835\udc1e \ud835\udc1d\ud835\udc1a\ud835\udc27\ud835\udc2c \ud835\udc2e\ud835\udc27\ud835\udc1e \ud835\udc2f\ud835\udc22\ud835\udc25\ud835\udc25\ud835\udc1a \ud835\udc1a\ud835\udc2e \ud835\udc1c\ud835\udc28\ud835\udc1e\ud835\udc2e\ud835\udc2b \ud835\udc1d\u2019\ud835\udc2e\ud835\udc27\ud835\udc1e \ud835\udc1f\ud835\udc28\ud835\udc2b\ud835\udc1e\u0302\ud835\udc2d \ud835\udc0f\ud835\udc2b\ud835\udc28\ud835\udc2f\ud835\udc1e\ud835\udc27\ud835\udc1c\u0327\ud835\udc1a\ud835\udc25\ud835\udc1e. Faites une pause pour vous \u00e9couter, pour vous r\u00e9aligner et retrouver votre paix int\u00e9rieure.&lt;br \/&gt; A travers les Chakras\/centres \u00e9nerg\u00e9tiques, nous vous proposons un chemin fait de plusieurs \u00e9tapes au cours duquel vous d\u00e9velopperez votre s\u00e9curit\u00e9 int\u00e9rieure, votre cr\u00e9ativit\u00e9, votre calme \u00e9motionnel, votre ouverture du coeur, votre communication bienveillante, l\u2019intuition et votre connexion au tout.&lt;br \/&gt; Que vous soyez familiers avec l\u2019\u00e9nerg\u00e9tique ou non, vous vous sentirez \u00e0 l\u2019aise et \ud835\udc2f\ud835\udc28\ud835\udc2e\ud835\udc2c \ud835\udc2c\ud835\udc1e\ud835\udc2b\ud835\udc1e\ud835\udc33 \ud835\udc20\ud835\udc2e\ud835\udc22\ud835\udc1d\ud835\udc1e\ud835\udc2c \ud835\udc29\ud835\udc1a\ud835\udc2c \ud835\udc1a\u0300 \ud835\udc29\ud835\udc1a\ud835\udc2c, aucun pr\u00e9-requis n\u2019est n\u00e9cessaire.&lt;\/p&gt; &lt;h4&gt;&lt;strong&gt;A\u1d1c \u1d18\u0280\u1d0f\u0262\u0280\u1d00\u1d0d\u1d0d\u1d07 :&lt;\/strong&gt;&lt;\/h4&gt; &lt;p&gt;\u2714\ufe0f Entretien individuel afin de poser une intention&lt;\/p&gt; &lt;p&gt;\u2714\ufe0f2 seances de yoga par jour tous niveaux (Hatha, Vinyasa, Yin)&lt;\/p&gt; &lt;p&gt;\u2714\ufe0fApprentissage des Kriyas (nettoyages ayurvediques)&lt;\/p&gt; &lt;p&gt;\u2714\ufe0fCercles de paroles&lt;\/p&gt; &lt;p&gt;\u2714\ufe0fS\u00e9ances de meditation et de respiration (Prayanama)&lt;\/p&gt; &lt;p&gt;\u2714\ufe0fAteliers th\u00e9rapeutiques quotidiens autour du chakra du jour (focus sur un ou deux chakras par jour)&lt;\/p&gt; &lt;p&gt;\u2714\ufe0fSoir\u00e9es \u00e0 theme : musique, chant, Danse Estatic, film et partages&lt;\/p&gt; &lt;p&gt;\u2714\ufe0fCuisine bio, \u00e9thique et locale&lt;\/p&gt; &lt;p&gt;\u2714\ufe0fTemps libres : bain de foret et de silence, introspection, \u00e9changes avec les intervenantes, lecture, \u00e9criture, piscine, p\u00e9tanque\u2026.&lt;\/p&gt; &lt;p&gt;\u2714\ufe0f5 nuits dans une villa en pension compl\u00e8te&lt;\/p&gt; &lt;h4&gt;L\u1d07s \u026a\u0274\u1d1b\u1d07\u0280\u1d20\u1d07\u0274\u1d00\u0274\u1d1b\u1d07s :&lt;\/h4&gt; &lt;p&gt;\ud835\udc09\ud835\udc28\ud835\udc32 \ud835\udc05\ud835\udc2b\ud835\udc28\ud835\udc26\ud835\udc1e\ud835\udc27\ud835\udc2d\ud835\udc1a\ud835\udc25, th\u00e9rapeute \u00e9nerg\u00e9tique et communicatrice animale vous guidera pendant cette retraite. Apr\u00e8s de nombreux voyages autour du globe, o\u00f9 elle a re\u00e7u beaucoup d&rsquo;enseignements des animaux sauvages et humains, Joy s&rsquo;est install\u00e9e sur la c\u00f4te d&rsquo;azur.&lt;br \/&gt; \u00ab \ud835\udc3f\ud835\udc4e \ud835\udc5b\ud835\udc4e\ud835\udc61\ud835\udc62\ud835\udc5f\ud835\udc52 \ud835\udc52\ud835\udc61 \ud835\udc59\ud835\udc52\ud835\udc60 \ud835\udc4e\ud835\udc5b\ud835\udc56\ud835\udc5a\ud835\udc4e\ud835\udc62\ud835\udc65 \ud835\udc60\ud835\udc5c\ud835\udc5b\ud835\udc61 \ud835\udc5b\ud835\udc5c\ud835\udc60 \ud835\udc5d\ud835\udc59\ud835\udc62\ud835\udc60 \ud835\udc54\ud835\udc5f\ud835\udc4e\ud835\udc5b\ud835\udc51\ud835\udc60 \ud835\udc54\ud835\udc62\ud835\udc56\ud835\udc51\ud835\udc52\ud835\udc60, \ud835\udc5a\ud835\udc5c\ud835\udc5b \ud835\udc5e\ud835\udc62\ud835\udc5c\ud835\udc61\ud835\udc56\ud835\udc51\ud835\udc56\ud835\udc52\ud835\udc5b \ud835\udc52\ud835\udc60\ud835\udc61 \ud835\udc51\ud835\udc52 \ud835\udc63\ud835\udc5c\ud835\udc62\ud835\udc60 \ud835\udc61\ud835\udc5f\ud835\udc4e\ud835\udc51\ud835\udc62\ud835\udc56\ud835\udc5f\ud835\udc52 \ud835\udc59\ud835\udc52\ud835\udc62\ud835\udc5f\ud835\udc60 \ud835\udc5a\ud835\udc52\ud835\udc60\ud835\udc60\ud835\udc4e\ud835\udc54\ud835\udc52\ud835\udc60. \ud835\udc43\ud835\udc52\ud835\udc5b\ud835\udc51\ud835\udc4e\ud835\udc5b\ud835\udc61 \ud835\udc50\ud835\udc52\ud835\udc61\ud835\udc61\ud835\udc52 \ud835\udc60\ud835\udc52\ud835\udc5a\ud835\udc4e\ud835\udc56\ud835\udc5b\ud835\udc52 \ud835\udc51\ud835\udc52 \ud835\udc5f\ud835\udc52\ud835\udc50\ud835\udc5c\ud835\udc5b\ud835\udc5b\ud835\udc52\ud835\udc65\ud835\udc56\ud835\udc5c\ud835\udc5b \ud835\udc57\ud835\udc52 \ud835\udc5a\ud835\udc52 \ud835\udc53\ud835\udc52\ud835\udc5f\ud835\udc4e\ud835\udc56 \ud835\udc62\ud835\udc5b\ud835\udc52 \ud835\udc57\ud835\udc5c\ud835\udc56\ud835\udc52 \ud835\udc51\ud835\udc52 \ud835\udc63\ud835\udc5c\ud835\udc62\ud835\udc60 \ud835\udc4e\ud835\udc50\ud835\udc50\ud835\udc5c\ud835\udc5a\ud835\udc5d\ud835\udc4e\ud835\udc54\ud835\udc5b\ud835\udc52\ud835\udc5f \ud835\udc5d\ud835\udc5c\ud835\udc62\ud835\udc5f \ud835\udc5e\ud835\udc62\ud835\udc52 \ud835\udc63\ud835\udc5c\ud835\udc62\ud835\udc60 \ud835\udc5d\ud835\udc62\ud835\udc56\ud835\udc60\ud835\udc60\ud835\udc56\ud835\udc52\ud835\udc67 \ud835\udc63\ud835\udc5c\ud835\udc62\ud835\udc60-\ud835\udc5a\ud835\udc52\u0302\ud835\udc5a\ud835\udc52 \ud835\udc59\ud835\udc52\ud835\udc60 \ud835\udc51\ud835\udc52\u0301\ud835\udc50\ud835\udc5f\ud835\udc66\ud835\udc5d\ud835\udc61\ud835\udc52\ud835\udc5f. \u00bb&lt;br \/&gt; &lt;a href=&quot;http:\/\/www.fromjoy.fr\/&quot;&gt;www.fromjoy.fr&lt;\/a&gt;&lt;\/p&gt; &lt;p&gt;\ud835\udc05\ud835\udc22\ud835\udc28\ud835\udc27\ud835\udc1a \ud835\udc05\ud835\udc2b\ud835\udc28\ud835\udc26\ud835\udc1e\ud835\udc27\ud835\udc2d\ud835\udc1a\ud835\udc25, professeure de yoga, aura le plaisir de vous accompagner lors de cette retraite. Apr\u00e8s avoir v\u00e9cu pendant 1 an en Asie o\u00f9 elle s&rsquo;est form\u00e9e en Vinyasa et en Hatha, elle a compl\u00e9t\u00e9 sa formation d&rsquo;un programme intensif de Coaching personnel afin de mieux comprendre les besoins de ses \u00e9l\u00e8ves.&lt;br \/&gt; \u00ab \ud835\udc40\ud835\udc4e \ud835\udc5a\ud835\udc56\ud835\udc60\ud835\udc60\ud835\udc56\ud835\udc5c\ud835\udc5b \ud835\udc52\ud835\udc60\ud835\udc61 \ud835\udc51\ud835\udc52 \ud835\udc63\ud835\udc5c\ud835\udc62\ud835\udc60 \ud835\udc61\ud835\udc5f\ud835\udc4e\ud835\udc5b\ud835\udc60\ud835\udc5a\ud835\udc52\ud835\udc61\ud835\udc61\ud835\udc5f\ud835\udc52 \ud835\udc62\ud835\udc5b \ud835\udc60\ud835\udc4e\ud835\udc63\ud835\udc5c\ud835\udc56\ud835\udc5f \ud835\udc5e\ud835\udc62\ud835\udc56 \ud835\udc52\ud835\udc60\ud835\udc61 \ud835\udc4f\ud835\udc52\u0301\ud835\udc5b\ud835\udc52\u0301\ud835\udc53\ud835\udc56\ud835\udc5e\ud835\udc62\ud835\udc52 \ud835\udc4e\ud835\udc62 \ud835\udc50\ud835\udc5c\ud835\udc5f\ud835\udc5d\ud835\udc60 \ud835\udc52\ud835\udc61 \ud835\udc4e\u0300 \ud835\udc59&rsquo;\ud835\udc52\ud835\udc60\ud835\udc5d\ud835\udc5f\ud835\udc56\ud835\udc61. \ud835\udc37\ud835\udc4e\ud835\udc5b\ud835\udc60 \ud835\udc59\ud835\udc4e \ud835\udc4f\ud835\udc56\ud835\udc52\ud835\udc5b\ud835\udc63\ud835\udc52\ud835\udc56\ud835\udc59\ud835\udc59\ud835\udc4e\ud835\udc5b\ud835\udc50\ud835\udc52 \ud835\udc52\ud835\udc61 \ud835\udc59\ud835\udc4e \ud835\udc4f\ud835\udc5c\ud835\udc5b\ud835\udc5b\ud835\udc52 \u210e\ud835\udc62\ud835\udc5a\ud835\udc52\ud835\udc62\ud835\udc5f, \ud835\udc57\ud835\udc52 \ud835\udc5d\ud835\udc4e\ud835\udc5f\ud835\udc61\ud835\udc4e\ud835\udc54\ud835\udc52\ud835\udc5f\ud835\udc4e\ud835\udc56 \ud835\udc4e\ud835\udc63\ud835\udc52\ud835\udc50 \ud835\udc63\ud835\udc5c\ud835\udc62\ud835\udc60 \ud835\udc62\ud835\udc5b\ud835\udc52 \ud835\udc5d\ud835\udc5f\ud835\udc4e\ud835\udc61\ud835\udc56\ud835\udc5e\ud835\udc62\ud835\udc52 \ud835\udc5e\ud835\udc62\ud835\udc56 \ud835\udc63\ud835\udc5c\ud835\udc62\ud835\udc60 \ud835\udc5d\ud835\udc52\ud835\udc5f\ud835\udc5a\ud835\udc52\ud835\udc61\ud835\udc61\ud835\udc5f\ud835\udc4e \ud835\udc51\ud835\udc52 \ud835\udc63\ud835\udc5c\ud835\udc62\ud835\udc60 \ud835\udc5f\ud835\udc52\ud835\udc50\ud835\udc5c\ud835\udc5b\ud835\udc5b\ud835\udc52\ud835\udc50\ud835\udc61\ud835\udc52\ud835\udc5f \ud835\udc4e\u0300 \ud835\udc63\ud835\udc5c\ud835\udc62\ud835\udc60-\ud835\udc5a\ud835\udc52\u0302\ud835\udc5a\ud835\udc52\ud835\udc60 \u00bb.&lt;br \/&gt; &lt;a href=&quot;http:\/\/www.haumyoga.fr\/&quot;&gt;www.haumyoga.fr&lt;\/a&gt;&lt;\/p&gt; &lt;h4&gt;L\u1d00 \u1d20\u026a\u029f\u029f\u1d00&lt;\/h4&gt; &lt;p&gt;Villa proven\u00e7ale, grande piscine, bien situ\u00e9e dans un environnement forestier prot\u00e9g\u00e9, terrasse de 200 m2 avec barbecue, terrain de 8000 m2. Vue panoramique sur les oliveraies, les montagnes et la for\u00eat. La maison est de 200 m2, dispose de 5 chambres sur 2 \u00e9tages.&lt;br \/&gt; La maison est situ\u00e9e dans un environnement en bois prot\u00e9g\u00e9. Elle offre une vue panoramique sur les oliveraies, les montagnes et la for\u00eat depuis la terrasse. A quelques pas du charmant petit village Le Val au c\u0153ur de la Provence, et \u00e0 seulement cinq minutes en voiture de Brignoles.&lt;\/p&gt; &lt;p&gt;Chambres:&lt;br \/&gt; Au rez-de-chauss\u00e9e, il y a 3 chambres (2 chambres avec lits doubles et 1 chambre avec un lit superpos\u00e9). Au 1er \u00e9tage, vous avez 2 chambres avec lits doubles.&lt;\/p&gt; &lt;h4&gt;J\u1d0f\u1d1c\u0280\u0274\u1d07\u0301\u1d07 \u1d1b\u028f\u1d18\u1d07 &#8211; R\u1d07\u1d1b\u0280\u1d00\u026a\u1d1b\u1d07&lt;\/h4&gt; &lt;p&gt;8h-9h30 : Yoga &amp; M\u00e9ditation&lt;br \/&gt; 9h30-10h30 : Petit d\u00e9jeuner et temps libre&lt;br \/&gt; 10h30-12h30 : \u00c9changes autour du Chakra du jour, questions, discussions\u2026&lt;br \/&gt; 12h00-13h00 : Lunch&lt;br \/&gt; 13h30-15h30\/16h : Activit\u00e9 sur le th\u00e8me du Chakra du jour&lt;br \/&gt; 16h-18h : Temps d\u2019int\u00e9gration + Quartier Libre&lt;br \/&gt; 18h-19h : Yoga Session (optionnel)&lt;br \/&gt; 19h30-20h30 : D\u00eener&lt;br \/&gt; 21h : Activit\u00e9 du soir (M\u00e9ditations, Mantras, Bol Tib\u00e9tain, Danse Estatic, Film\u2026)&lt;\/p&gt; &lt;p&gt;T\u1d00\u0280\u026a\u0493 : 790\u20ac&lt;br \/&gt; REDUCTION DE 40\u20ac pour les 2 premiers inscrits ! soit 750\u20ac !!&lt;\/p&gt; &lt;div class=&quot;figure&quot;&gt;&lt;a href=&quot;https:\/\/www.helloasso.com\/associations\/from-joy-to-animals-nature-earth\/evenements\/retraite-yoga-et-reconnexion-a-soi?_gl=1%2an49ry4%2a_ga%2aMjA1NDU5OTk2OS4xNjIyMTE4Mzk3%2a_ga_TKC826G3G2%2aMTYyNTY2Mjg0MC41NS4xLjE2MjU2Njc2ODMuMA..&amp;_ga=2.127837193.526862270.1625660705-2054599969.1622118397&quot;&gt;&lt;img loading=&quot;lazy&quot; decoding=&quot;async&quot; class=&quot;alignnone size-full wp-image-1861&quot; src=&quot;https:\/\/fromjoyasso.org\/wp-content\/uploads\/2021\/06\/Je-minscris-3.png&quot; alt=&quot;&quot; width=&quot;200&quot; height=&quot;100&quot; \/&gt;&lt;\/a&gt;&lt;\/div&gt; &lt;p&gt;&nbsp;&lt;\/p&gt; &lt;div class=&quot;figure&quot;&gt;&lt;img loading=&quot;lazy&quot; decoding=&quot;async&quot; class=&quot;alignnone size-medium wp-image-2138&quot; src=&quot;https:\/\/fromjoyasso.org\/wp-content\/uploads\/2021\/06\/piscine-yoga-retreeat-300x225.jpg&quot; alt=&quot;&quot; width=&quot;300&quot; height=&quot;225&quot; \/&gt; &lt;img loading=&quot;lazy&quot; decoding=&quot;async&quot; class=&quot;alignnone size-medium wp-image-2139&quot; src=&quot;https:\/\/fromjoyasso.org\/wp-content\/uploads\/2021\/06\/RETRAITEYOGA1-300x225.jpeg&quot; alt=&quot;&quot; width=&quot;300&quot; height=&quot;225&quot; \/&gt; &lt;img loading=&quot;lazy&quot; decoding=&quot;async&quot; class=&quot;alignnone size-medium wp-image-2140&quot; src=&quot;https:\/\/fromjoyasso.org\/wp-content\/uploads\/2021\/06\/RETRAITEYOGA2-300x225.jpeg&quot; alt=&quot;&quot; width=&quot;300&quot; height=&quot;225&quot; \/&gt; &lt;img loading=&quot;lazy&quot; decoding=&quot;async&quot; class=&quot;alignnone size-medium wp-image-2141&quot; src=&quot;https:\/\/fromjoyasso.org\/wp-content\/uploads\/2021\/06\/RETRAITEYOGA3-300x225.jpeg&quot; alt=&quot;&quot; width=&quot;300&quot; height=&quot;225&quot; \/&gt; &lt;img loading=&quot;lazy&quot; decoding=&quot;async&quot; class=&quot;alignnone size-medium wp-image-2142&quot; src=&quot;https:\/\/fromjoyasso.org\/wp-content\/uploads\/2021\/06\/RETRAITEYOGA4-300x225.jpeg&quot; alt=&quot;&quot; width=&quot;300&quot; height=&quot;225&quot; \/&gt; &lt;img loading=&quot;lazy&quot; decoding=&quot;async&quot; class=&quot;alignnone size-medium wp-image-2143&quot; src=&quot;https:\/\/fromjoyasso.org\/wp-content\/uploads\/2021\/06\/RETRAITEYOGA5-300x225.jpeg&quot; alt=&quot;&quot; width=&quot;300&quot; height=&quot;225&quot; \/&gt; &lt;img loading=&quot;lazy&quot; decoding=&quot;async&quot; class=&quot;alignnone size-medium wp-image-2144&quot; src=&quot;https:\/\/fromjoyasso.org\/wp-content\/uploads\/2021\/06\/RETRAITEYOGA6-300x225.jpeg&quot; alt=&quot;&quot; width=&quot;300&quot; height=&quot;225&quot; \/&gt; &lt;img loading=&quot;lazy&quot; decoding=&quot;async&quot; class=&quot;alignnone size-medium wp-image-2145&quot; src=&quot;https:\/\/fromjoyasso.org\/wp-content\/uploads\/2021\/06\/terrasse-yoga-retreat-300x225.jpg&quot; alt=&quot;&quot; width=&quot;300&quot; height=&quot;225&quot; \/&gt; &lt;img loading=&quot;lazy&quot; decoding=&quot;async&quot; class=&quot;alignnone size-medium wp-image-2146&quot; src=&quot;https:\/\/fromjoyasso.org\/wp-content\/uploads\/2021\/06\/YOGA-RETRAITE-300x225.jpg&quot; alt=&quot;&quot; width=&quot;300&quot; height=&quot;225&quot; \/&gt; &lt;img loading=&quot;lazy&quot; decoding=&quot;async&quot; class=&quot;alignnone size-medium wp-image-2147&quot; src=&quot;https:\/\/fromjoyasso.org\/wp-content\/uploads\/2021\/06\/YOGA-RETREAT-300x225.jpg&quot; alt=&quot;&quot; width=&quot;300&quot; height=&quot;225&quot; \/&gt;&lt;\/div&gt; \",\r\n            \"image\": \"https:\/\/fromjoyasso.org\/wp-content\/uploads\/2021\/06\/194016362_532749844767055_3057948153513981414_n.jpg\",\r\n            \"name\": \"Retraite Yoga et Reconnexion \u00e0 Soi\",\r\n            \"url\": \"https:\/\/fromjoyasso.org\/en\/events\/retraite-yoga-et-reconnexion-a-soi\/\"\r\n        }\r\n        <\/script>\r\n                    <article class=\"mec-past-event mec-event-article  mec-clear  mec-divider-toggle mec-toggle-202605-502\" itemscope>\r\n                                                        <div class=\"mec-topsec\">\r\n                        <div class=\"col-md-3 mec-event-image-wrap mec-col-table-c\">\r\n                            <div class=\"mec-event-image\"><a   data-event-id=\"451\" href=\"https:\/\/fromjoyasso.org\/en\/events\/retraite-yoga-et-reconnexion-a-soi\/\" target=\"_self\" rel=\"noopener\"><img width=\"300\" height=\"300\" src=\"https:\/\/fromjoyasso.org\/wp-content\/uploads\/2021\/06\/194016362_532749844767055_3057948153513981414_n-300x300.jpg\" class=\"attachment-thumblist size-thumblist wp-post-image\" alt=\"FJANE\" data-mec-postid=\"451\" decoding=\"async\" loading=\"lazy\" \/><\/a><\/div>\r\n                        <\/div>\r\n                        <div class=\"col-md-6 mec-col-table-c mec-event-content-wrap\">\r\n                            <div class=\"mec-event-content\">\r\n                                                                <h3 class=\"mec-event-title\"><a class=\"mec-color-hover\"  data-event-id=\"451\" href=\"https:\/\/fromjoyasso.org\/en\/events\/retraite-yoga-et-reconnexion-a-soi\/\" target=\"_self\" rel=\"noopener\">Retraite Yoga et Reconnexion \u00e0 Soi<\/a><span class=\"event-color\" style=\"background: #dd823b\"><\/span><\/h3>\r\n                                <div class=\"mec-event-description\">Une semaine de retraite coup\u00e9 du monde pour vous reconnecter \u00e0 votre puissance sup\u00e9rieur et reprendre votre plein pouvoir ! \r\nPaix int\u00e9rieur, s\u00e9curit\u00e9, communication bienveillante, intuition ... et plein d'autres th\u00e8mes seront \u00e0 l'honneur pendant cette retraite ! <span>...<\/span><\/div>\r\n                            <\/div>\r\n                        <\/div>\r\n                        <div class=\"col-md-3 mec-col-table-c mec-event-meta-wrap\">\r\n                            <div class=\"mec-event-meta mec-color-before\">\r\n                                <div class=\"mec-date-details\">\r\n                                                                            <span class=\"mec-event-d\"><span class=\"mec-start-date-label\" itemprop=\"startDate\">30 May<\/span><\/span>\r\n                                                                    <\/div>\r\n                                                                <div class=\"mec-time-details\"><span class=\"mec-start-time\">17:00<\/span> - <span class=\"mec-end-time\">18:00<\/span><\/div>                                                                                                <div class=\"mec-venue-details\">\r\n                                    <span>Le Val<\/span><address class=\"mec-event-address\"><span>83<\/span><\/address>\r\n                                <\/div>\r\n                                                                                                                                                                                            <\/div>\r\n                        <\/div>\r\n                    <\/div>\r\n                    <div class=\"mec-event-footer\">\r\n                                                <ul class=\"mec-event-sharing-wrap\">\r\n                            <li class=\"mec-event-share\">\r\n                                <a href=\"#\" class=\"mec-event-share-icon\">\r\n                                    <i class=\"mec-sl-share\" title=\"social share\"><\/i>\r\n                                <\/a>\r\n                            <\/li>\r\n                            <li>\r\n                                <ul class=\"mec-event-sharing\">\r\n                                    <li class=\"mec-event-social-icon\"><a class=\"facebook\" href=\"https:\/\/www.facebook.com\/sharer\/sharer.php?u=https%3A%2F%2Ffromjoyasso.org%2Fen%2Fevents%2Fretraite-yoga-et-reconnexion-a-soi%2F\" onclick=\"javascript:window.open(this.href, '', 'menubar=no,toolbar=no,resizable=yes,scrollbars=yes,height=500,width=600'); return false;\" title=\"Share on Facebook\"><i class=\"mec-fa-facebook\"><\/i><\/a><\/li><li class=\"mec-event-social-icon\"><a class=\"telegram\" href=\"https:\/\/telegram.me\/share\/url?url=https%3A%2F%2Ffromjoyasso.org%2Fen%2Fevents%2Fretraite-yoga-et-reconnexion-a-soi%2F&text=Retraite Yoga et Reconnexion \u00e0 Soi\" title=\"Share on Telegram\">\r\n        <svg aria-hidden=\"true\" focusable=\"false\" data-prefix=\"fab\" data-icon=\"telegram\" class=\"svg-inline--fa fa-telegram fa-w-16\" role=\"img\" xmlns=\"http:\/\/www.w3.org\/2000\/svg\" viewbox=\"0 0 496 512\"><path fill=\"currentColor\" d=\"M248 8C111 8 0 119 0 256s111 248 248 248 248-111 248-248S385 8 248 8zm121.8 169.9l-40.7 191.8c-3 13.6-11.1 16.9-22.4 10.5l-62-45.7-29.9 28.8c-3.3 3.3-6.1 6.1-12.5 6.1l4.4-63.1 114.9-103.8c5-4.4-1.1-6.9-7.7-2.5l-142 89.4-61.2-19.1c-13.3-4.2-13.6-13.3 2.8-19.7l239.1-92.2c11.1-4 20.8 2.7 17.2 19.5z\"><\/path><\/svg>\r\n        <\/a><\/li><li class=\"mec-event-social-icon\"><a class=\"email\" href=\"mailto:?subject=Retraite Yoga et Reconnexion \u00e0 Soi&body=https%3A%2F%2Ffromjoyasso.org%2Fen%2Fevents%2Fretraite-yoga-et-reconnexion-a-soi%2F\" title=\"Email\"><i class=\"mec-fa-envelope\"><\/i><\/a><\/li>                                <\/ul>\r\n                            <\/li>\r\n                        <\/ul>\r\n                                                                                                <a class=\"mec-booking-button\"  data-event-id=\"451\" href=\"https:\/\/fromjoyasso.org\/en\/events\/retraite-yoga-et-reconnexion-a-soi\/\" target=\"_self\" rel=\"noopener\">View Detail<\/a>                    <\/div>\r\n                            <\/article>\r\n            \t\t\t<\/div>\r\n<\/div>\r\n\r\n    <\/div>\r\n    <div class=\"mec-skin-list-no-events-container mec-util-hidden\" id=\"mec_skin_no_events_502\">\r\n        No event found!    <\/div>\r\n        \r\n        <div class=\"mec-load-more-wrap\"><div class=\"mec-load-more-button\">Load More<\/div><\/div>\r\n        \r\n<\/div>\n\t\t\t\t<\/div>\n\t\t\t<\/div>Annulation et Remboursement : Les acomptes vers\u00e9s ne sont pas remboursables.\u00a0Ils peuvent \u00eatre repouss\u00e9 sur un prochain \u00e9v\u00e8nement si l&rsquo;annulation [&hellip;]<\/p>","protected":false},"author":1,"featured_media":0,"parent":0,"menu_order":0,"comment_status":"closed","ping_status":"closed","template":"","meta":{"_et_pb_use_builder":"on","_et_pb_old_content":"","_et_gb_content_width":"","footnotes":""},"class_list":["post-456","page","type-page","status-publish","hentry"],"jetpack_sharing_enabled":true,"_links":{"self":[{"href":"https:\/\/fromjoyasso.org\/en\/wp-json\/wp\/v2\/pages\/456","targetHints":{"allow":["GET"]}}],"collection":[{"href":"https:\/\/fromjoyasso.org\/en\/wp-json\/wp\/v2\/pages"}],"about":[{"href":"https:\/\/fromjoyasso.org\/en\/wp-json\/wp\/v2\/types\/page"}],"author":[{"embeddable":true,"href":"https:\/\/fromjoyasso.org\/en\/wp-json\/wp\/v2\/users\/1"}],"replies":[{"embeddable":true,"href":"https:\/\/fromjoyasso.org\/en\/wp-json\/wp\/v2\/comments?post=456"}],"version-history":[{"count":0,"href":"https:\/\/fromjoyasso.org\/en\/wp-json\/wp\/v2\/pages\/456\/revisions"}],"wp:attachment":[{"href":"https:\/\/fromjoyasso.org\/en\/wp-json\/wp\/v2\/media?parent=456"}],"curies":[{"name":"wp","href":"https:\/\/api.w.org\/{rel}","templated":true}]}}