{"id":773,"date":"2021-06-23T14:50:27","date_gmt":"2021-06-23T14:50:27","guid":{"rendered":"https:\/\/fromjoyasso.org\/?page_id=773"},"modified":"2021-07-13T10:41:05","modified_gmt":"2021-07-13T10:41:05","slug":"nos-partenaires","status":"publish","type":"page","link":"https:\/\/fromjoyasso.org\/en\/nos-partenaires\/","title":{"rendered":"NOS PARTENAIRES"},"content":{"rendered":"<p>[et_pb_section fb_built=\u00a0\u00bb1&Prime; _builder_version=\u00a0\u00bb4.9.4&Prime; _module_preset=\u00a0\u00bbdefault\u00a0\u00bb background_image=\u00a0\u00bbhttps:\/\/fromjoyasso.org\/wp-content\/uploads\/2021\/06\/AFRIKA-131-scaled.jpg\u00a0\u00bb parallax=\u00a0\u00bbon\u00a0\u00bb parallax_method=\u00a0\u00bboff\u00a0\u00bb][et_pb_row _builder_version=\u00a0\u00bb4.9.4&Prime; _module_preset=\u00a0\u00bbdefault\u00a0\u00bb][et_pb_column type=\u00a0\u00bb4_4&Prime; _builder_version=\u00a0\u00bb4.9.4&Prime; _module_preset=\u00a0\u00bbdefault\u00a0\u00bb][et_pb_text _builder_version=\u00a0\u00bb4.9.4&Prime; _module_preset=\u00a0\u00bbdefault\u00a0\u00bb text_font=\u00a0\u00bb|800|||||||\u00a0\u00bb text_text_color=\u00a0\u00bb#FFFFFF\u00a0\u00bb text_font_size=\u00a0\u00bb50px\u00a0\u00bb text_orientation=\u00a0\u00bbright\u00a0\u00bb text_text_shadow_style=\u00a0\u00bbpreset1&Prime;]<\/p>\n<p style=\"text-align: left;\">NOS PARTENAIRES<\/p>\n<p>[\/et_pb_text][et_pb_divider show_divider=\u00a0\u00bboff\u00a0\u00bb _builder_version=\u00a0\u00bb4.9.4&Prime; _module_preset=\u00a0\u00bbdefault\u00a0\u00bb custom_margin=\u00a0\u00bb50px||50px||false|false\u00a0\u00bb][\/et_pb_divider][et_pb_divider show_divider=\u00a0\u00bboff\u00a0\u00bb _builder_version=\u00a0\u00bb4.9.4&Prime; _module_preset=\u00a0\u00bbdefault\u00a0\u00bb custom_margin=\u00a0\u00bb50px||50px||false|false\u00a0\u00bb][\/et_pb_divider][et_pb_divider show_divider=\u00a0\u00bboff\u00a0\u00bb _builder_version=\u00a0\u00bb4.9.4&Prime; _module_preset=\u00a0\u00bbdefault\u00a0\u00bb custom_margin=\u00a0\u00bb50px||50px||false|false\u00a0\u00bb][\/et_pb_divider][et_pb_divider show_divider=\u00a0\u00bboff\u00a0\u00bb _builder_version=\u00a0\u00bb4.9.4&Prime; _module_preset=\u00a0\u00bbdefault\u00a0\u00bb custom_margin=\u00a0\u00bb50px||50px||false|false\u00a0\u00bb][\/et_pb_divider][\/et_pb_column][\/et_pb_row][\/et_pb_section][et_pb_section fb_built=\u00a0\u00bb1&Prime; _builder_version=\u00a0\u00bb4.9.7&Prime; _module_preset=\u00a0\u00bbdefault\u00a0\u00bb background_color=\u00a0\u00bb#1766A8&Prime;][et_pb_row column_structure=\u00a0\u00bb1_3,2_3&Prime; _builder_version=\u00a0\u00bb4.9.7&Prime; _module_preset=\u00a0\u00bbdefault\u00a0\u00bb][et_pb_column type=\u00a0\u00bb1_3&Prime; _builder_version=\u00a0\u00bb4.9.7&Prime; _module_preset=\u00a0\u00bbdefault\u00a0\u00bb][et_pb_image src=\u00a0\u00bbhttps:\/\/fromjoyasso.org\/wp-content\/uploads\/2021\/06\/CentreKami-logo-purple.jpg.jpg\u00a0\u00bb alt=\u00a0\u00bbCentre Kami\u00a0\u00bb title_text=\u00a0\u00bbCentreKami logo-purple.jpg\u00a0\u00bb _builder_version=\u00a0\u00bb4.9.7&Prime; _module_preset=\u00a0\u00bbdefault\u00a0\u00bb][\/et_pb_image][\/et_pb_column][et_pb_column type=\u00a0\u00bb2_3&Prime; _builder_version=\u00a0\u00bb4.9.7&Prime; _module_preset=\u00a0\u00bbdefault\u00a0\u00bb][et_pb_text _builder_version=\u00a0\u00bb4.9.7&Prime; _module_preset=\u00a0\u00bbdefault\u00a0\u00bb animation_style=\u00a0\u00bbslide\u00a0\u00bb text_text_shadow_style=\u00a0\u00bbpreset1&Prime; text_text_shadow_color=\u00a0\u00bb#4B1707&Prime;]<\/p>\n<h1><span style=\"color: #ffffff;\">Le Centre Kami<\/span><\/h1>\n<p>[\/et_pb_text][et_pb_text _builder_version=\u00a0\u00bb4.9.7&Prime; _module_preset=\u00a0\u00bbdefault\u00a0\u00bb]<\/p>\n<p class=\"font_7\"><span class=\"color_15\" style=\"color: #ffffff;\">Le Centre Kami est une association de th\u00e9rapeutes au service des animaux. Corine, la pr\u00e9sidente, vous propose des formations autour de la th\u00e9rapie et comportement animal.\u00a0<\/span><\/p>\n<p class=\"font_7\"><span style=\"color: #ffffff;\"><span class=\"color_15\">Notre Mission : \u00ab\u00a0<em>Agir pour le bien-\u00eatre Animal<\/em>\u00ab\u00a0, notre moto : \u00ab\u00a0<em>Le Respect de l&rsquo;esprit animal<\/em>\u00ab\u00a0.<\/span><span class=\"color_15\"><\/span><\/span><\/p>\n<p class=\"font_7\"><span style=\"color: #ffffff;\"><span class=\"color_15\">\u00ab\u00a0<em>Nous aidons les animaux humains et non-humains pour un retour \u00e0 la s\u00e9r\u00e9nit\u00e9,\u00a0 l&rsquo;\u00e9quilibre et l&rsquo;harmonie.<\/em>\u00ab\u00a0<\/span><\/span><\/p>\n<p>[\/et_pb_text][\/et_pb_column][\/et_pb_row][et_pb_row _builder_version=\u00a0\u00bb4.9.7&Prime; _module_preset=\u00a0\u00bbdefault\u00a0\u00bb][et_pb_column type=\u00a0\u00bb4_4&Prime; _builder_version=\u00a0\u00bb4.9.7&Prime; _module_preset=\u00a0\u00bbdefault\u00a0\u00bb][et_pb_text _builder_version=\u00a0\u00bb4.9.7&Prime; _module_preset=\u00a0\u00bbdefault\u00a0\u00bb]<\/p>\n<p class=\"font_8\"><span style=\"color: #ffffff;\"><span class=\"color_15\">Grace \u00e0 notre partenariat, l<\/span><span class=\"color_15\">orsque vous devenez\u00a0Membre, vous\u00a0pouvez aussi b\u00e9n\u00e9ficier des avantages du\u00a0<a dataquery=\"bGluay1qeWNzaDhrMw==\" style=\"color: #ffffff;\">Centre Kami<\/a>\u00a0:\u200b<\/span><\/span><\/p>\n<p class=\"font_9\"><span style=\"color: #ffffff;\">Le droit de vote lors des assembl\u00e9es g\u00e9n\u00e9rale\u00a0\/\u00a0L\u2019implication dans les projets et booster l\u2019engagement aupr\u00e8s des animaux \/\u00a0Des r\u00e9ductions sur les services et prestations propos\u00e9s par le Centre Kami (cf. le tarif membre)\u00a0\/\u00a0Un tarif pr\u00e9f\u00e9rentiel sur les croquettes Kami Nutri-Sant\u00e9 (cf. le tarif membre)<\/span><\/p>\n<p>[\/et_pb_text][et_pb_button button_url=\u00a0\u00bbhttp:\/\/www.centrekami.com\u00a0\u00bb button_text=\u00a0\u00bbCentre Kami\u00a0\u00bb button_alignment=\u00a0\u00bbcenter\u00a0\u00bb _builder_version=\u00a0\u00bb4.9.7&Prime; _module_preset=\u00a0\u00bbdefault\u00a0\u00bb custom_button=\u00a0\u00bbon\u00a0\u00bb button_text_size=\u00a0\u00bb16px\u00a0\u00bb button_text_color=\u00a0\u00bb#1766A8&Prime; button_bg_color=\u00a0\u00bb#FFFFFF\u00a0\u00bb background_layout=\u00a0\u00bbdark\u00a0\u00bb][\/et_pb_button][\/et_pb_column][\/et_pb_row][\/et_pb_section][et_pb_section fb_built=\u00a0\u00bb1&Prime; _builder_version=\u00a0\u00bb4.9.7&Prime; _module_preset=\u00a0\u00bbdefault\u00a0\u00bb][et_pb_row column_structure=\u00a0\u00bb3_5,2_5&Prime; _builder_version=\u00a0\u00bb4.9.7&Prime; _module_preset=\u00a0\u00bbdefault\u00a0\u00bb][et_pb_column type=\u00a0\u00bb3_5&Prime; _builder_version=\u00a0\u00bb4.9.7&Prime; _module_preset=\u00a0\u00bbdefault\u00a0\u00bb][et_pb_text _builder_version=\u00a0\u00bb4.9.7&Prime; _module_preset=\u00a0\u00bbdefault\u00a0\u00bb animation_style=\u00a0\u00bbslide\u00a0\u00bb text_text_shadow_style=\u00a0\u00bbpreset2&Prime; text_text_shadow_color=\u00a0\u00bb#FFFFFF\u00a0\u00bb]<\/p>\n<h1><span class=\"color_15\"><span>Cind&rsquo;ethique<\/span><\/span><\/h1>\n<p>[\/et_pb_text][et_pb_text _builder_version=\u00a0\u00bb4.9.7&Prime; _module_preset=\u00a0\u00bbdefault\u00a0\u00bb custom_padding=\u00a0\u00bb0px|||||\u00a0\u00bb hover_enabled=\u00a0\u00bb0&Prime; sticky_enabled=\u00a0\u00bb0&Prime;]<\/p>\n<p class=\"font_8\"><span class=\"color_15\"><span>Cind&rsquo;ethique <\/span>a\u00a0\u00e9t\u00e9\u00a0cr\u00e9\u00e9\u00a0car, soucieuse du bien \u00eatre de votre peau, ET\u00a0<span>de celle des animaux <\/span>Cindy a choisi\u00a0d&rsquo;utiliser <span>des produits cruelty free,\u00a0vegan<\/span> et pour la plupart bio.<\/span><\/p>\n<p class=\"font_8\"><span class=\"color_15\">Les marques et formules de ses vernis semi-permanents et acrygel par exemple sont anti-allerg\u00e8nes, sans produits toxique et z\u00e9ro packaging \ud83d\ude09<\/span><\/p>\n<p class=\"font_8\"><span class=\"wixGuard\">\u200b<\/span><\/p>\n<p class=\"font_8\"><span class=\"color_15\">Cindy vous propose des soins du visage, massages californien, su\u00e9dois, thai \u00e9nerg\u00e9tique, drainant, r\u00e9flexologie plantaire, \u00e9pilations \u00e0 la cire et au fil, manucure, beaut\u00e9 des pieds, pose de vernis et semi permanents, pose compl\u00e8te en acrygel au chablon, maquillages, teinture des sourcils et cils.<\/span><\/p>\n<p class=\"font_8\"><span class=\"color_15\"><span>En devenant Membre de F.J.A.N.E. profitez des avantages : 5% de r\u00e9duction pour les Membres Poussin et 10% pour les Membres Cygnes chez Cind&rsquo;Ethique.<\/span><\/span><\/p>\n<p>[\/et_pb_text][et_pb_button button_url=\u00a0\u00bbhttps:\/\/www.facebook.com\/cindethique\u00a0\u00bb button_text=\u00a0\u00bbCind&rsquo;\u00e9thique\u00a0\u00bb button_alignment=\u00a0\u00bbcenter\u00a0\u00bb _builder_version=\u00a0\u00bb4.9.7&Prime; _module_preset=\u00a0\u00bbdefault\u00a0\u00bb custom_button=\u00a0\u00bbon\u00a0\u00bb button_text_size=\u00a0\u00bb17px\u00a0\u00bb button_text_color=\u00a0\u00bb#FFFFFF\u00a0\u00bb background_layout=\u00a0\u00bbdark\u00a0\u00bb][\/et_pb_button][\/et_pb_column][et_pb_column type=\u00a0\u00bb2_5&Prime; _builder_version=\u00a0\u00bb4.9.7&Prime; _module_preset=\u00a0\u00bbdefault\u00a0\u00bb][et_pb_text _builder_version=\u00a0\u00bb4.9.7&Prime; _module_preset=\u00a0\u00bbdefault\u00a0\u00bb]<\/p>\n<p><span class=\"color_15\">\u00a0\u00bb <em>J&rsquo;ai mis mon savoir faire au service de votre bien \u00eatre en respectant la vie des animaux car moi m\u00eame je suis vegan et engag\u00e9e pour leur paix <\/em>\u00a0\u00bb Cindy<\/span><\/p>\n<p>[\/et_pb_text][et_pb_image src=\u00a0\u00bbhttps:\/\/fromjoyasso.org\/wp-content\/uploads\/2021\/06\/Cindethique.jpg\u00a0\u00bb title_text=\u00a0\u00bbCind&rsquo;ethique\u00a0\u00bb _builder_version=\u00a0\u00bb4.9.7&Prime; _module_preset=\u00a0\u00bbdefault\u00a0\u00bb][\/et_pb_image][\/et_pb_column][\/et_pb_row][\/et_pb_section][et_pb_section fb_built=\u00a0\u00bb1&Prime; _builder_version=\u00a0\u00bb4.9.7&Prime; _module_preset=\u00a0\u00bbdefault\u00a0\u00bb background_color=\u00a0\u00bb#1766A8&Prime;][et_pb_row column_structure=\u00a0\u00bb1_2,1_2&Prime; _builder_version=\u00a0\u00bb4.9.7&Prime; _module_preset=\u00a0\u00bbdefault\u00a0\u00bb][et_pb_column type=\u00a0\u00bb1_2&Prime; _builder_version=\u00a0\u00bb4.9.7&Prime; _module_preset=\u00a0\u00bbdefault\u00a0\u00bb][et_pb_image src=\u00a0\u00bbhttps:\/\/fromjoyasso.org\/wp-content\/uploads\/2021\/06\/jessica.osteopathie-animale.jpg\u00a0\u00bb title_text=\u00a0\u00bbjessica.ost\u00e9opathie animale\u00a0\u00bb _builder_version=\u00a0\u00bb4.9.7&Prime; _module_preset=\u00a0\u00bbdefault\u00a0\u00bb][\/et_pb_image][\/et_pb_column][et_pb_column type=\u00a0\u00bb1_2&Prime; _builder_version=\u00a0\u00bb4.9.7&Prime; _module_preset=\u00a0\u00bbdefault\u00a0\u00bb][et_pb_text _builder_version=\u00a0\u00bb4.9.7&Prime; _module_preset=\u00a0\u00bbdefault\u00a0\u00bb animation_style=\u00a0\u00bbslide\u00a0\u00bb text_text_shadow_style=\u00a0\u00bbpreset1&Prime; text_text_shadow_color=\u00a0\u00bb#4B1707&Prime;]<\/p>\n<h1><span style=\"color: #ffffff;\">Jessica Lopes Dos Santos<\/span><\/h1>\n<p>[\/et_pb_text][et_pb_text _builder_version=\u00a0\u00bb4.9.7&Prime; _module_preset=\u00a0\u00bbdefault\u00a0\u00bb]<\/p>\n<p><span style=\"color: #ffffff;\">\u00ab\u00a0<em>J\u2019ai eu la chance de pouvoir allier\u00a0ma passion pour les animaux et mon m\u00e9tier d\u2019ost\u00e9opathe, pour le Bien \u00eatre de vos compagnons<\/em>\u00a0\u00bb Jessica<\/span><\/p>\n<p>[\/et_pb_text][et_pb_text _builder_version=\u00a0\u00bb4.9.7&Prime; _module_preset=\u00a0\u00bbdefault\u00a0\u00bb]<\/p>\n<p class=\"font_8\"><span class=\"color_15\" style=\"color: #ffffff;\">From Joy to Animals, Nature, Earth &amp; Joy Fromental\u00a0s&rsquo;associent \u00e0 <a href=\"http:\/\/www.osteo-portfrejus.fr\">Jessica Dos Santos<\/a> pour accompagner au mieux vos animaux.\u00a0<br \/>Jessica utilise une M\u00e9thode douce sans cracking.<\/span><\/p>\n<p class=\"font_8\"><span class=\"wixGuard\" style=\"color: #ffffff;\">\u200b<\/span><\/p>\n<p class=\"font_8\"><span class=\"color_15\" style=\"color: #ffffff;\">D\u00e9placement \u00e0 domicile sur le secteur 83 et 06 pour les consultations en ost\u00e9opathie animale.<br \/>Tel :\u00a00676545843<\/span><\/p>\n<p>[\/et_pb_text][et_pb_image src=\u00a0\u00bbhttps:\/\/fromjoyasso.org\/wp-content\/uploads\/2021\/06\/Jessica-dos-santos.jpg\u00a0\u00bb title_text=\u00a0\u00bbJessica dos santos\u00a0\u00bb align=\u00a0\u00bbcenter\u00a0\u00bb _builder_version=\u00a0\u00bb4.9.7&Prime; _module_preset=\u00a0\u00bbdefault\u00a0\u00bb custom_margin=\u00a0\u00bb|60px||60px|false|false\u00a0\u00bb][\/et_pb_image][et_pb_button button_url=\u00a0\u00bbhttp:\/\/www.osteo-portfrejus.fr\u00a0\u00bb button_text=\u00a0\u00bbJessica Osth\u00e9o Port Fr\u00e9jus\u00a0\u00bb button_alignment=\u00a0\u00bbcenter\u00a0\u00bb _builder_version=\u00a0\u00bb4.9.7&Prime; _module_preset=\u00a0\u00bbdefault\u00a0\u00bb custom_button=\u00a0\u00bbon\u00a0\u00bb button_text_size=\u00a0\u00bb16px\u00a0\u00bb button_text_color=\u00a0\u00bb#1766A8&Prime; button_bg_color=\u00a0\u00bb#FFFFFF\u00a0\u00bb background_layout=\u00a0\u00bbdark\u00a0\u00bb][\/et_pb_button][\/et_pb_column][\/et_pb_row][\/et_pb_section][et_pb_section fb_built=\u00a0\u00bb1&Prime; _builder_version=\u00a0\u00bb4.9.7&Prime; _module_preset=\u00a0\u00bbdefault\u00a0\u00bb][et_pb_row column_structure=\u00a0\u00bb3_5,2_5&Prime; _builder_version=\u00a0\u00bb4.9.7&Prime; _module_preset=\u00a0\u00bbdefault\u00a0\u00bb][et_pb_column type=\u00a0\u00bb3_5&Prime; _builder_version=\u00a0\u00bb4.9.7&Prime; _module_preset=\u00a0\u00bbdefault\u00a0\u00bb][et_pb_text _builder_version=\u00a0\u00bb4.9.7&Prime; _module_preset=\u00a0\u00bbdefault\u00a0\u00bb animation_style=\u00a0\u00bbslide\u00a0\u00bb]<\/p>\n<h1>The Animal Fund<\/h1>\n<p>[\/et_pb_text][et_pb_text _builder_version=\u00a0\u00bb4.9.7&Prime; _module_preset=\u00a0\u00bbdefault\u00a0\u00bb text_text_shadow_style=\u00a0\u00bbpreset2&Prime; text_text_shadow_color=\u00a0\u00bb#FFFFFF\u00a0\u00bb]<\/p>\n<p><span>Savez-vous que plus de 50% de notre oxyg\u00e8ne vient des Oc\u00e9ans ? et indirectement des Baleines ? <br \/>Rendez-vous sur le site de TAF pour en savoir plus&#8230; \u00a0<\/span><\/p>\n<p><span>TAF \u2013 The Animal Fund est une association \u00e0 but non-lucratif qui a pour but de \u00a0prot\u00e9ger l\u2019environnement marin. L&rsquo;association est pr\u00e9sente \u00e0 Monaco, en France, au Royaume Uni et au Danemark. <strong>L\u2019objectif de TAF est la protection de l \u2018ocean et le sauvetage des dauphins et des baleines de la pollution, de la sur-p\u00eache et de la maltraitance.<\/strong><\/span><\/p>\n<p>Nos deux associations agissent dans le m\u00eame but : prot\u00e9ger les animaux et \u00e9veiller les humains \u00e0 le faire aussi \ud83d\ude09 !<\/p>\n<p>Nous n&rsquo;avons qu&rsquo;une seule plan\u00e8te !<\/p>\n<p>[\/et_pb_text][et_pb_button button_url=\u00a0\u00bbhttps:\/\/theanimalfund.net\/fr\/accueil\/\u00a0\u00bb button_text=\u00a0\u00bbTAF\u00a0\u00bb button_alignment=\u00a0\u00bbcenter\u00a0\u00bb _builder_version=\u00a0\u00bb4.9.7&Prime; _module_preset=\u00a0\u00bbdefault\u00a0\u00bb custom_button=\u00a0\u00bbon\u00a0\u00bb button_text_size=\u00a0\u00bb16px\u00a0\u00bb background_layout=\u00a0\u00bbdark\u00a0\u00bb][\/et_pb_button][\/et_pb_column][et_pb_column type=\u00a0\u00bb2_5&Prime; _builder_version=\u00a0\u00bb4.9.7&Prime; _module_preset=\u00a0\u00bbdefault\u00a0\u00bb][et_pb_image src=\u00a0\u00bbhttps:\/\/fromjoyasso.org\/wp-content\/uploads\/2021\/06\/taf-logo-and-text-transparent-medium.png\u00a0\u00bb title_text=\u00a0\u00bbtaf-logo-and-text&#8212;transparent&#8212;medium\u00a0\u00bb align=\u00a0\u00bbcenter\u00a0\u00bb _builder_version=\u00a0\u00bb4.9.7&Prime; _module_preset=\u00a0\u00bbdefault\u00a0\u00bb custom_margin=\u00a0\u00bb100px||||false|false\u00a0\u00bb][\/et_pb_image][\/et_pb_column][\/et_pb_row][\/et_pb_section]<\/p>","protected":false},"excerpt":{"rendered":"<p>NOS PARTENAIRESLe Centre KamiLe Centre Kami est une association de th\u00e9rapeutes au service des animaux. Corine, la pr\u00e9sidente, vous propose des formations autour de la th\u00e9rapie et comportement animal.\u00a0 Notre Mission : \u00ab\u00a0Agir pour le bien-\u00eatre Animal\u00a0\u00bb, notre moto : \u00ab\u00a0Le Respect de l&rsquo;esprit animal\u00a0\u00bb. \u00ab\u00a0Nous aidons les animaux humains et non-humains pour un retour [&hellip;]<\/p>","protected":false},"author":1,"featured_media":0,"parent":0,"menu_order":0,"comment_status":"closed","ping_status":"closed","template":"","meta":{"_et_pb_use_builder":"on","_et_pb_old_content":"","_et_gb_content_width":"","footnotes":""},"class_list":["post-773","page","type-page","status-publish","hentry"],"jetpack_sharing_enabled":true,"_links":{"self":[{"href":"https:\/\/fromjoyasso.org\/en\/wp-json\/wp\/v2\/pages\/773","targetHints":{"allow":["GET"]}}],"collection":[{"href":"https:\/\/fromjoyasso.org\/en\/wp-json\/wp\/v2\/pages"}],"about":[{"href":"https:\/\/fromjoyasso.org\/en\/wp-json\/wp\/v2\/types\/page"}],"author":[{"embeddable":true,"href":"https:\/\/fromjoyasso.org\/en\/wp-json\/wp\/v2\/users\/1"}],"replies":[{"embeddable":true,"href":"https:\/\/fromjoyasso.org\/en\/wp-json\/wp\/v2\/comments?post=773"}],"version-history":[{"count":0,"href":"https:\/\/fromjoyasso.org\/en\/wp-json\/wp\/v2\/pages\/773\/revisions"}],"wp:attachment":[{"href":"https:\/\/fromjoyasso.org\/en\/wp-json\/wp\/v2\/media?parent=773"}],"curies":[{"name":"wp","href":"https:\/\/api.w.org\/{rel}","templated":true}]}}